{"id":266,"date":"2018-02-23T09:09:55","date_gmt":"2018-02-23T09:09:55","guid":{"rendered":"https:\/\/endurer.qodeinteractive.com\/?page_id=266"},"modified":"2026-08-18T10:37:07","modified_gmt":"2026-08-18T10:37:07","slug":"event-home","status":"publish","type":"page","link":"https:\/\/traildoqueijo.pt\/pt\/","title":{"rendered":"Evento Home"},"content":{"rendered":"<section class=\"wpb-content-wrapper\"><div data-vc-full-width=\"true\" data-vc-full-width-init=\"false\" data-vc-stretch-content=\"true\" class=\"vc_row wpb_row vc_row-fluid vc_row-no-padding vc_row-o-content-middle vc_row-flex mkdf-content-aligment-center\" style=\"background-color:#ffdd00\"><div class=\"wpb_column vc_column_container vc_col-sm-12\"><div class=\"vc_column-inner\"><div class=\"wpb_wrapper\">\n\t<div class=\"wpb_raw_code wpb_content_element wpb_raw_html\" >\n\t\t<div class=\"wpb_wrapper\">\n\t\t\t<div class=\"tqf-video-container\" style=\"position:relative; width:100%; height:100vh; overflow:hidden;\">\n    <video autoplay loop muted playsinline\n        style=\"position:absolute; top:50%; left:50%; width:100%; height:auto; transform:translate(-50%, -50%);\">\n        <source src=\"https:\/\/traildoqueijo.pt\/wp-content\/uploads\/2026\/07\/trail-do-queijo-da-faja.mp4\" type=\"video\/mp4\">\n    <\/video>\n<\/div>\n\t\t<\/div>\n\t<\/div>\n<\/div><\/div><\/div><\/div><div class=\"vc_row-full-width vc_clearfix\"><\/div><div class=\"mkdf-row-grid-section-wrapper mkdf-content-aligment-center\"  ><div class=\"mkdf-row-grid-section\"><div class=\"vc_row wpb_row vc_row-fluid mkdf-wpcf7-output vc_custom_1785506944584\" ><div class=\"wpb_column vc_column_container vc_col-sm-6 vc_col-lg-offset-3 vc_col-lg-6 vc_col-md-offset-1 vc_col-md-10 vc_col-sm-offset-0 vc_col-xs-12\"><div class=\"vc_column-inner\"><div class=\"wpb_wrapper\"><a itemprop=\"url\" href=\"https:\/\/acorrer.pt\/eventos\/4165\/info\" target=\"_blank\" style=\"color: #000000;background-color: #ffdd00\" class=\"mkdf-btn mkdf-btn-large mkdf-btn-solid mkdf-btn-icon mkdf-btn-separate-border\"  >\n\t\t\t<span class=\"mkdf-btn-sep-border\" style=\"border-color: #ffdd00\"><\/span>\n\t    <span class=\"mkdf-btn-text\">Inscreve-te J\u00e1<\/span>\n\t<i class=\"mkdf-icon-ion-icon ion-alert \" ><\/i><\/a><\/div><\/div><\/div><\/div><\/div><\/div><section class=\"vc_section\"><div class=\"vc_row wpb_row vc_row-fluid\" ><div class=\"wpb_column vc_column_container vc_col-sm-12\"><div class=\"vc_column-inner\"><div class=\"wpb_wrapper\"><div class=\"vc_empty_space\"   style=\"height: 32px\"><span class=\"vc_empty_space_inner\"><\/span><\/div><\/div><\/div><\/div><\/div><div class=\"vc_row wpb_row vc_row-fluid\" ><div class=\"wpb_column vc_column_container vc_col-sm-1\/5\"><div class=\"vc_column-inner\"><div class=\"wpb_wrapper\">\n\t<div  class=\"wpb_single_image wpb_content_element vc_align_center  wpb_animate_when_almost_visible wpb_bounceInDown bounceInDown\">\n\t\t\n\t\t<figure class=\"wpb_wrapper vc_figure\">\n\t\t\t<a href=\"https:\/\/traildoqueijo.pt\/tqf1k-by-purpled\/\" target=\"_self\" class=\"vc_single_image-wrapper vc_box_shadow_3d  vc_box_border_grey\"><img loading=\"lazy\" decoding=\"async\" width=\"300\" height=\"200\" src=\"https:\/\/traildoqueijo.pt\/wp-content\/uploads\/2026\/08\/TQF1k-icone-300x200.png\" class=\"vc_single_image-img attachment-medium\" alt=\"\" title=\"TQF1k icone\" srcset=\"https:\/\/traildoqueijo.pt\/wp-content\/uploads\/2026\/08\/TQF1k-icone-300x200.png 300w, https:\/\/traildoqueijo.pt\/wp-content\/uploads\/2026\/08\/TQF1k-icone-1024x683.png 1024w, https:\/\/traildoqueijo.pt\/wp-content\/uploads\/2026\/08\/TQF1k-icone-768x512.png 768w, https:\/\/traildoqueijo.pt\/wp-content\/uploads\/2026\/08\/TQF1k-icone-600x400.png 600w, https:\/\/traildoqueijo.pt\/wp-content\/uploads\/2026\/08\/TQF1k-icone.png 1536w\" sizes=\"auto, (max-width: 300px) 100vw, 300px\" \/><\/a>\n\t\t<\/figure>\n\t<\/div>\n<\/div><\/div><\/div><div class=\"wpb_column vc_column_container vc_col-sm-1\/5\"><div class=\"vc_column-inner\"><div class=\"wpb_wrapper\">\n\t<div  class=\"wpb_single_image wpb_content_element vc_align_center  wpb_animate_when_almost_visible wpb_bounceInDown bounceInDown\">\n\t\t\n\t\t<figure class=\"wpb_wrapper vc_figure\">\n\t\t\t<a href=\"https:\/\/traildoqueijo.pt\/tqf6c-by-cgd\/\" target=\"_self\" class=\"vc_single_image-wrapper vc_box_shadow_3d  vc_box_border_grey\"><img loading=\"lazy\" decoding=\"async\" width=\"300\" height=\"200\" src=\"https:\/\/traildoqueijo.pt\/wp-content\/uploads\/2026\/08\/TQF6c-icone-300x200.png\" class=\"vc_single_image-img attachment-medium\" alt=\"\" title=\"TQF6c icone\" srcset=\"https:\/\/traildoqueijo.pt\/wp-content\/uploads\/2026\/08\/TQF6c-icone-300x200.png 300w, https:\/\/traildoqueijo.pt\/wp-content\/uploads\/2026\/08\/TQF6c-icone-1024x683.png 1024w, https:\/\/traildoqueijo.pt\/wp-content\/uploads\/2026\/08\/TQF6c-icone-768x512.png 768w, https:\/\/traildoqueijo.pt\/wp-content\/uploads\/2026\/08\/TQF6c-icone-600x400.png 600w, https:\/\/traildoqueijo.pt\/wp-content\/uploads\/2026\/08\/TQF6c-icone.png 1536w\" sizes=\"auto, (max-width: 300px) 100vw, 300px\" \/><\/a>\n\t\t<\/figure>\n\t<\/div>\n<\/div><\/div><\/div><div class=\"wpb_column vc_column_container vc_col-sm-1\/5\"><div class=\"vc_column-inner\"><div class=\"wpb_wrapper\">\n\t<div  class=\"wpb_single_image wpb_content_element vc_align_center  wpb_animate_when_almost_visible wpb_bounceInDown bounceInDown\">\n\t\t\n\t\t<figure class=\"wpb_wrapper vc_figure\">\n\t\t\t<a href=\"https:\/\/traildoqueijo.pt\/tqf11-by-aldeia-da-cuada\/\" target=\"_self\" class=\"vc_single_image-wrapper vc_box_shadow_3d  vc_box_border_grey\"><img loading=\"lazy\" decoding=\"async\" width=\"300\" height=\"200\" src=\"https:\/\/traildoqueijo.pt\/wp-content\/uploads\/2026\/08\/TQF11-icone-300x200.png\" class=\"vc_single_image-img attachment-medium\" alt=\"\" title=\"TQF11 icone\" srcset=\"https:\/\/traildoqueijo.pt\/wp-content\/uploads\/2026\/08\/TQF11-icone-300x200.png 300w, https:\/\/traildoqueijo.pt\/wp-content\/uploads\/2026\/08\/TQF11-icone-1024x683.png 1024w, https:\/\/traildoqueijo.pt\/wp-content\/uploads\/2026\/08\/TQF11-icone-768x512.png 768w, https:\/\/traildoqueijo.pt\/wp-content\/uploads\/2026\/08\/TQF11-icone-600x400.png 600w, https:\/\/traildoqueijo.pt\/wp-content\/uploads\/2026\/08\/TQF11-icone.png 1536w\" sizes=\"auto, (max-width: 300px) 100vw, 300px\" \/><\/a>\n\t\t<\/figure>\n\t<\/div>\n<\/div><\/div><\/div><div class=\"wpb_column vc_column_container vc_col-sm-1\/5\"><div class=\"vc_column-inner\"><div class=\"wpb_wrapper\">\n\t<div  class=\"wpb_single_image wpb_content_element vc_align_center  wpb_animate_when_almost_visible wpb_bounceInDown bounceInDown\">\n\t\t\n\t\t<figure class=\"wpb_wrapper vc_figure\">\n\t\t\t<a href=\"https:\/\/traildoqueijo.pt\/tqf21-by-agritratores\/\" target=\"_self\" class=\"vc_single_image-wrapper vc_box_shadow_3d  vc_box_border_grey\"><img loading=\"lazy\" decoding=\"async\" width=\"300\" height=\"200\" src=\"https:\/\/traildoqueijo.pt\/wp-content\/uploads\/2026\/08\/TQF21-icone-300x200.png\" class=\"vc_single_image-img attachment-medium\" alt=\"\" title=\"TQF21 icone\" srcset=\"https:\/\/traildoqueijo.pt\/wp-content\/uploads\/2026\/08\/TQF21-icone-300x200.png 300w, https:\/\/traildoqueijo.pt\/wp-content\/uploads\/2026\/08\/TQF21-icone-1024x683.png 1024w, https:\/\/traildoqueijo.pt\/wp-content\/uploads\/2026\/08\/TQF21-icone-768x512.png 768w, https:\/\/traildoqueijo.pt\/wp-content\/uploads\/2026\/08\/TQF21-icone-600x400.png 600w, https:\/\/traildoqueijo.pt\/wp-content\/uploads\/2026\/08\/TQF21-icone.png 1536w\" sizes=\"auto, (max-width: 300px) 100vw, 300px\" \/><\/a>\n\t\t<\/figure>\n\t<\/div>\n<\/div><\/div><\/div><div class=\"wpb_column vc_column_container vc_col-sm-1\/5\"><div class=\"vc_column-inner\"><div class=\"wpb_wrapper\">\n\t<div  class=\"wpb_single_image wpb_content_element vc_align_center  wpb_animate_when_almost_visible wpb_bounceInDown bounceInDown\">\n\t\t\n\t\t<figure class=\"wpb_wrapper vc_figure\">\n\t\t\t<a href=\"https:\/\/traildoqueijo.pt\/tqf42-by\/\" target=\"_self\" class=\"vc_single_image-wrapper vc_box_shadow_3d  vc_box_border_grey\"><img loading=\"lazy\" decoding=\"async\" width=\"300\" height=\"200\" src=\"https:\/\/traildoqueijo.pt\/wp-content\/uploads\/2026\/08\/TQF42-icone-300x200.png\" class=\"vc_single_image-img attachment-medium\" alt=\"\" title=\"TQF42 icone\" srcset=\"https:\/\/traildoqueijo.pt\/wp-content\/uploads\/2026\/08\/TQF42-icone-300x200.png 300w, https:\/\/traildoqueijo.pt\/wp-content\/uploads\/2026\/08\/TQF42-icone-1024x683.png 1024w, https:\/\/traildoqueijo.pt\/wp-content\/uploads\/2026\/08\/TQF42-icone-768x512.png 768w, https:\/\/traildoqueijo.pt\/wp-content\/uploads\/2026\/08\/TQF42-icone-600x400.png 600w, https:\/\/traildoqueijo.pt\/wp-content\/uploads\/2026\/08\/TQF42-icone.png 1536w\" sizes=\"auto, (max-width: 300px) 100vw, 300px\" \/><\/a>\n\t\t<\/figure>\n\t<\/div>\n<\/div><\/div><\/div><\/div><div class=\"vc_row wpb_row vc_row-fluid\" ><div class=\"wpb_column vc_column_container vc_col-sm-12\"><div class=\"vc_column-inner\"><div class=\"wpb_wrapper\"><div class=\"vc_empty_space\"   style=\"height: 50px\"><span class=\"vc_empty_space_inner\"><\/span><\/div><\/div><\/div><\/div><\/div><\/section><div data-vc-full-width=\"true\" data-vc-full-width-init=\"false\" class=\"vc_row wpb_row vc_row-fluid wpb_animate_when_almost_visible wpb_lightSpeedIn lightSpeedIn vc_row-o-equal-height vc_row-o-content-middle vc_row-flex mkdf-content-aligment-center\" style=\"background-color:#ffdd00\"><div class=\"wpb_animate_when_almost_visible wpb_lightSpeedIn lightSpeedIn wpb_column vc_column_container vc_col-sm-12\"><div class=\"vc_column-inner\"><div class=\"wpb_wrapper\"><div class=\"vc_empty_space\"   style=\"height: 50px\"><span class=\"vc_empty_space_inner\"><\/span><\/div>\n\t<div  class=\"wpb_single_image wpb_content_element vc_align_center  wpb_animate_when_almost_visible wpb_lightSpeedIn lightSpeedIn\">\n\t\t\n\t\t<figure class=\"wpb_wrapper vc_figure\">\n\t\t\t<div class=\"vc_single_image-wrapper   vc_box_border_grey\"><img loading=\"lazy\" decoding=\"async\" width=\"1024\" height=\"353\" src=\"https:\/\/traildoqueijo.pt\/wp-content\/uploads\/2026\/08\/lettring_slogan_2-1024x353.png\" class=\"vc_single_image-img attachment-large\" alt=\"\" title=\"lettring_slogan_2\" srcset=\"https:\/\/traildoqueijo.pt\/wp-content\/uploads\/2026\/08\/lettring_slogan_2-1024x353.png 1024w, https:\/\/traildoqueijo.pt\/wp-content\/uploads\/2026\/08\/lettring_slogan_2-300x103.png 300w, https:\/\/traildoqueijo.pt\/wp-content\/uploads\/2026\/08\/lettring_slogan_2-768x265.png 768w, https:\/\/traildoqueijo.pt\/wp-content\/uploads\/2026\/08\/lettring_slogan_2-1536x530.png 1536w, https:\/\/traildoqueijo.pt\/wp-content\/uploads\/2026\/08\/lettring_slogan_2-600x207.png 600w, https:\/\/traildoqueijo.pt\/wp-content\/uploads\/2026\/08\/lettring_slogan_2.png 1792w\" sizes=\"auto, (max-width: 1024px) 100vw, 1024px\" \/><\/div>\n\t\t<\/figure>\n\t<\/div>\n<\/div><\/div><\/div><\/div><div class=\"vc_row-full-width vc_clearfix\"><\/div><div class=\"mkdf-row-grid-section-wrapper \"  ><div class=\"mkdf-row-grid-section\"><div class=\"vc_row wpb_row vc_row-fluid vc_custom_1520863301610\" ><div class=\"wpb_column vc_column_container vc_col-sm-8 vc_col-lg-offset-0 vc_col-lg-4 vc_col-md-offset-0 vc_col-md-7 vc_col-sm-offset-0 vc_col-xs-12\"><div class=\"vc_column-inner\"><div class=\"wpb_wrapper\"><div class=\"mkdf-iwt clearfix  mkdf-iwt-icon-left mkdf-iwt-icon-medium mkdf-iwt-has-hover-icon\">\n\t<div class=\"mkdf-iwt-icon\">\n\t\t\t\t\t<a itemprop=\"url\" href=\"https:\/\/traildoqueijo.pt\/programa\/\" target=\"_self\">\n\t\t\t\t\t\t\t\t\t<span class=\"mkdf-iwt-custom-icon\">\n\t\t\t\t\t<img loading=\"lazy\" decoding=\"async\" width=\"75\" height=\"75\" src=\"https:\/\/traildoqueijo.pt\/wp-content\/uploads\/2026\/08\/ico-secretariado_home.png\" class=\"attachment-full size-full\" alt=\"\" \/>\t\t\t\t\t\t\t\t\t\t\t<span class=\"mkdf-iwt-hover-icon\">\n\t\t\t\t\t\t\t<img loading=\"lazy\" decoding=\"async\" width=\"75\" height=\"75\" src=\"https:\/\/traildoqueijo.pt\/wp-content\/uploads\/2026\/08\/ico-secretariado_home.png\" class=\"attachment-full size-full\" alt=\"\" \/>\t\t\t\t\t\t<\/span>\n\t\t\t\t\t\t\t\t\t<\/span>\n\t\t\t\t\t\t\t\t<\/a>\n\t\t\t<\/div>\n\t<div class=\"mkdf-iwt-content\" >\n\t\t\t\t\t<h5 class=\"mkdf-iwt-title\" style=\"margin-top: 12px\">\n\t\t\t\t\t\t\t\t\t<a itemprop=\"url\" href=\"https:\/\/traildoqueijo.pt\/programa\/\" target=\"_self\">\n\t\t\t\t\t\t\t\t<span class=\"mkdf-iwt-title-text\">Secretariado &amp; Hor\u00e1rios<\/span>\n\t\t\t\t\t\t\t\t\t<\/a>\n\t\t\t\t\t\t\t<\/h5>\n\t\t\t\t\t\t\t<p class=\"mkdf-iwt-text\" style=\"margin-top: 6px\">O secretariado funciona nos dias anteriores e no pr\u00f3prio dia da prova, em diferentes locais da ilha. Aqui encontras os hor\u00e1rios oficiais para levantamento de dorsais, bengaleiro e briefing.<\/p>\n\t\t\t<\/div>\n<\/div><div class=\"vc_empty_space\"   style=\"height: 77px\"><span class=\"vc_empty_space_inner\"><\/span><\/div><\/div><\/div><\/div><div class=\"wpb_column vc_column_container vc_col-sm-8 vc_col-lg-offset-0 vc_col-lg-4 vc_col-md-offset-0 vc_col-md-7 vc_col-sm-offset-0 vc_col-xs-12\"><div class=\"vc_column-inner\"><div class=\"wpb_wrapper\"><div class=\"mkdf-iwt clearfix  mkdf-iwt-icon-left mkdf-iwt-icon-medium mkdf-iwt-has-hover-icon\">\n\t<div class=\"mkdf-iwt-icon\">\n\t\t\t\t\t<a itemprop=\"url\" href=\"https:\/\/traildoqueijo.pt\/quem-somos\/\" target=\"_self\">\n\t\t\t\t\t\t\t\t\t<span class=\"mkdf-iwt-custom-icon\">\n\t\t\t\t\t<img loading=\"lazy\" decoding=\"async\" width=\"92\" height=\"61\" src=\"https:\/\/traildoqueijo.pt\/wp-content\/uploads\/2026\/08\/ico-calendar_home.png\" class=\"attachment-full size-full\" alt=\"\" \/>\t\t\t\t\t\t\t\t\t\t\t<span class=\"mkdf-iwt-hover-icon\">\n\t\t\t\t\t\t\t<img loading=\"lazy\" decoding=\"async\" width=\"92\" height=\"61\" src=\"https:\/\/traildoqueijo.pt\/wp-content\/uploads\/2026\/08\/ico-calendar_home.png\" class=\"attachment-full size-full\" alt=\"\" \/>\t\t\t\t\t\t<\/span>\n\t\t\t\t\t\t\t\t\t<\/span>\n\t\t\t\t\t\t\t\t<\/a>\n\t\t\t<\/div>\n\t<div class=\"mkdf-iwt-content\" >\n\t\t\t\t\t<h5 class=\"mkdf-iwt-title\" style=\"margin-top: 12px\">\n\t\t\t\t\t\t\t\t\t<a itemprop=\"url\" href=\"https:\/\/traildoqueijo.pt\/quem-somos\/\" target=\"_self\">\n\t\t\t\t\t\t\t\t<span class=\"mkdf-iwt-title-text\">A Nossa Hist\u00f3ria<\/span>\n\t\t\t\t\t\t\t\t\t<\/a>\n\t\t\t\t\t\t\t<\/h5>\n\t\t\t\t\t\t\t<p class=\"mkdf-iwt-text\" style=\"margin-top: 6px\">O Trail do Queijo da Faj\u00e3zinha nasceu da paix\u00e3o pela corrida e pela autenticidade da ilha das Flores. Cresceu ano ap\u00f3s ano, reunindo atletas de todo o pa\u00eds e afirmando\u2011se como o trail mais ocidental da Europa.<\/p>\n\t\t\t<\/div>\n<\/div><div class=\"vc_empty_space\"   style=\"height: 77px\"><span class=\"vc_empty_space_inner\"><\/span><\/div><\/div><\/div><\/div><div class=\"wpb_column vc_column_container vc_col-sm-8 vc_col-lg-offset-0 vc_col-lg-4 vc_col-md-offset-0 vc_col-md-7 vc_col-sm-offset-0 vc_col-xs-12\"><div class=\"vc_column-inner\"><div class=\"wpb_wrapper\"><div class=\"mkdf-iwt clearfix  mkdf-iwt-icon-left mkdf-iwt-icon-medium mkdf-iwt-has-hover-icon\">\n\t<div class=\"mkdf-iwt-icon\">\n\t\t\t\t\t<a itemprop=\"url\" href=\"https:\/\/traildoqueijo.pt\/as-provas\/\" target=\"_self\">\n\t\t\t\t\t\t\t\t\t<span class=\"mkdf-iwt-custom-icon\">\n\t\t\t\t\t<img loading=\"lazy\" decoding=\"async\" width=\"92\" height=\"61\" src=\"https:\/\/traildoqueijo.pt\/wp-content\/uploads\/2026\/08\/ico-arch_home.png\" class=\"attachment-full size-full\" alt=\"\" \/>\t\t\t\t\t\t\t\t\t\t\t<span class=\"mkdf-iwt-hover-icon\">\n\t\t\t\t\t\t\t<img loading=\"lazy\" decoding=\"async\" width=\"92\" height=\"61\" src=\"https:\/\/traildoqueijo.pt\/wp-content\/uploads\/2026\/08\/ico-arch_home.png\" class=\"attachment-full size-full\" alt=\"\" \/>\t\t\t\t\t\t<\/span>\n\t\t\t\t\t\t\t\t\t<\/span>\n\t\t\t\t\t\t\t\t<\/a>\n\t\t\t<\/div>\n\t<div class=\"mkdf-iwt-content\" >\n\t\t\t\t\t<h5 class=\"mkdf-iwt-title\" style=\"margin-top: 12px\">\n\t\t\t\t\t\t\t\t\t<a itemprop=\"url\" href=\"https:\/\/traildoqueijo.pt\/as-provas\/\" target=\"_self\">\n\t\t\t\t\t\t\t\t<span class=\"mkdf-iwt-title-text\">As Provas<\/span>\n\t\t\t\t\t\t\t\t\t<\/a>\n\t\t\t\t\t\t\t<\/h5>\n\t\t\t\t\t\t\t<p class=\"mkdf-iwt-text\" style=\"margin-top: 6px\">Do desafiante TQF42 \u00e0s dist\u00e2ncias mais acess\u00edveis, cada percurso oferece uma experi\u00eancia \u00fanica. Altimetrias, mapas, hor\u00e1rios e pontos de partida \u2014 tudo o que precisas para escolher o teu desafio.<\/p>\n\t\t\t<\/div>\n<\/div><div class=\"vc_empty_space\"   style=\"height: 77px\"><span class=\"vc_empty_space_inner\"><\/span><\/div><\/div><\/div><\/div><\/div><\/div><\/div><div class=\"mkdf-row-grid-section-wrapper \"  ><div class=\"mkdf-row-grid-section\"><div class=\"vc_row wpb_row vc_row-fluid vc_custom_1520863310765\" ><div class=\"wpb_column vc_column_container vc_col-sm-8 vc_col-lg-offset-0 vc_col-lg-4 vc_col-md-offset-0 vc_col-md-7 vc_col-sm-offset-0 vc_col-xs-12\"><div class=\"vc_column-inner\"><div class=\"wpb_wrapper\"><div class=\"mkdf-iwt clearfix  mkdf-iwt-icon-left mkdf-iwt-icon-medium mkdf-iwt-has-hover-icon\">\n\t<div class=\"mkdf-iwt-icon\">\n\t\t\t\t\t<a itemprop=\"url\" href=\"https:\/\/traildoqueijo.pt\/as-provas\/\" target=\"_self\">\n\t\t\t\t\t\t\t\t\t<span class=\"mkdf-iwt-custom-icon\">\n\t\t\t\t\t<img loading=\"lazy\" decoding=\"async\" width=\"75\" height=\"75\" src=\"https:\/\/traildoqueijo.pt\/wp-content\/uploads\/2026\/08\/ico-location_home.png\" class=\"attachment-full size-full\" alt=\"\" \/>\t\t\t\t\t\t\t\t\t\t\t<span class=\"mkdf-iwt-hover-icon\">\n\t\t\t\t\t\t\t<img loading=\"lazy\" decoding=\"async\" width=\"75\" height=\"75\" src=\"https:\/\/traildoqueijo.pt\/wp-content\/uploads\/2026\/08\/ico-location_home.png\" class=\"attachment-full size-full\" alt=\"\" \/>\t\t\t\t\t\t<\/span>\n\t\t\t\t\t\t\t\t\t<\/span>\n\t\t\t\t\t\t\t\t<\/a>\n\t\t\t<\/div>\n\t<div class=\"mkdf-iwt-content\" >\n\t\t\t\t\t<h5 class=\"mkdf-iwt-title\" style=\"margin-top: 12px\">\n\t\t\t\t\t\t\t\t\t<a itemprop=\"url\" href=\"https:\/\/traildoqueijo.pt\/as-provas\/\" target=\"_self\">\n\t\t\t\t\t\t\t\t<span class=\"mkdf-iwt-title-text\">Os trilhos<\/span>\n\t\t\t\t\t\t\t\t\t<\/a>\n\t\t\t\t\t\t\t<\/h5>\n\t\t\t\t\t\t\t<p class=\"mkdf-iwt-text\" style=\"margin-top: 6px\">Trilhos t\u00e9cnicos, levadas, cascatas e vistas de cortar a respira\u00e7\u00e3o. A Faj\u00e3zinha oferece um dos cen\u00e1rios mais impressionantes do arquip\u00e9lago, combinando dureza e beleza em partes iguais.<\/p>\n\t\t\t<\/div>\n<\/div><div class=\"vc_empty_space\"   style=\"height: 77px\"><span class=\"vc_empty_space_inner\"><\/span><\/div><\/div><\/div><\/div><div class=\"wpb_column vc_column_container vc_col-sm-8 vc_col-lg-offset-0 vc_col-lg-4 vc_col-md-offset-0 vc_col-md-7 vc_col-sm-offset-0 vc_col-xs-12\"><div class=\"vc_column-inner\"><div class=\"wpb_wrapper\"><div class=\"mkdf-iwt clearfix  mkdf-iwt-icon-left mkdf-iwt-icon-medium mkdf-iwt-has-hover-icon\">\n\t<div class=\"mkdf-iwt-icon\">\n\t\t\t\t\t<a itemprop=\"url\" href=\"https:\/\/traildoqueijo.pt\/downloads\/\" target=\"_self\">\n\t\t\t\t\t\t\t\t\t<span class=\"mkdf-iwt-custom-icon\">\n\t\t\t\t\t<img loading=\"lazy\" decoding=\"async\" width=\"122\" height=\"81\" src=\"https:\/\/traildoqueijo.pt\/wp-content\/uploads\/2026\/08\/altimetrias_home.png\" class=\"attachment-full size-full\" alt=\"\" \/>\t\t\t\t\t\t\t\t\t\t\t<span class=\"mkdf-iwt-hover-icon\">\n\t\t\t\t\t\t\t<img loading=\"lazy\" decoding=\"async\" width=\"122\" height=\"81\" src=\"https:\/\/traildoqueijo.pt\/wp-content\/uploads\/2026\/08\/altimetrias_home.png\" class=\"attachment-full size-full\" alt=\"\" \/>\t\t\t\t\t\t<\/span>\n\t\t\t\t\t\t\t\t\t<\/span>\n\t\t\t\t\t\t\t\t<\/a>\n\t\t\t<\/div>\n\t<div class=\"mkdf-iwt-content\" >\n\t\t\t\t\t<h5 class=\"mkdf-iwt-title\" style=\"margin-top: 12px\">\n\t\t\t\t\t\t\t\t\t<a itemprop=\"url\" href=\"https:\/\/traildoqueijo.pt\/downloads\/\" target=\"_self\">\n\t\t\t\t\t\t\t\t<span class=\"mkdf-iwt-title-text\">Altimetrias &amp; Mapas<\/span>\n\t\t\t\t\t\t\t\t\t<\/a>\n\t\t\t\t\t\t\t<\/h5>\n\t\t\t\t\t\t\t<p class=\"mkdf-iwt-text\" style=\"margin-top: 6px\">Consulta os mapas oficiais, perfis de eleva\u00e7\u00e3o e ficheiros GPX de cada prova. Prepara a tua estrat\u00e9gia e conhece cada subida, descida e zona t\u00e9cnica antes do grande dia.<\/p>\n\t\t\t<\/div>\n<\/div><div class=\"vc_empty_space\"   style=\"height: 77px\"><span class=\"vc_empty_space_inner\"><\/span><\/div><\/div><\/div><\/div><div class=\"wpb_column vc_column_container vc_col-sm-8 vc_col-lg-offset-0 vc_col-lg-4 vc_col-md-offset-0 vc_col-md-7 vc_col-sm-offset-0 vc_col-xs-12\"><div class=\"vc_column-inner\"><div class=\"wpb_wrapper\"><div class=\"mkdf-iwt clearfix  mkdf-iwt-icon-left mkdf-iwt-icon-medium mkdf-iwt-has-hover-icon\">\n\t<div class=\"mkdf-iwt-icon\">\n\t\t\t\t\t<a itemprop=\"url\" href=\"https:\/\/traildoqueijo.pt\/vou-participar\/\" target=\"_self\">\n\t\t\t\t\t\t\t\t\t<span class=\"mkdf-iwt-custom-icon\">\n\t\t\t\t\t<img loading=\"lazy\" decoding=\"async\" width=\"75\" height=\"75\" src=\"https:\/\/traildoqueijo.pt\/wp-content\/uploads\/2026\/08\/ico-trofeus_home.png\" class=\"attachment-full size-full\" alt=\"\" \/>\t\t\t\t\t\t\t\t\t\t\t<span class=\"mkdf-iwt-hover-icon\">\n\t\t\t\t\t\t\t<img loading=\"lazy\" decoding=\"async\" width=\"75\" height=\"75\" src=\"https:\/\/traildoqueijo.pt\/wp-content\/uploads\/2026\/08\/ico-trofeus_home.png\" class=\"attachment-full size-full\" alt=\"\" \/>\t\t\t\t\t\t<\/span>\n\t\t\t\t\t\t\t\t\t<\/span>\n\t\t\t\t\t\t\t\t<\/a>\n\t\t\t<\/div>\n\t<div class=\"mkdf-iwt-content\" >\n\t\t\t\t\t<h5 class=\"mkdf-iwt-title\" style=\"margin-top: 12px\">\n\t\t\t\t\t\t\t\t\t<a itemprop=\"url\" href=\"https:\/\/traildoqueijo.pt\/vou-participar\/\" target=\"_self\">\n\t\t\t\t\t\t\t\t<span class=\"mkdf-iwt-title-text\">Vou Participar<\/span>\n\t\t\t\t\t\t\t\t\t<\/a>\n\t\t\t\t\t\t\t<\/h5>\n\t\t\t\t\t\t\t<p class=\"mkdf-iwt-text\" style=\"margin-top: 6px\">Informa\u00e7\u00f5es \u00fateis para quem vem de fora: como chegar, onde dormir, onde comer e o que visitar na ilha das Flores. Tudo para que a tua experi\u00eancia seja completa \u2014 dentro e fora do trilho.<\/p>\n\t\t\t<\/div>\n<\/div><div class=\"vc_empty_space\"   style=\"height: 77px\"><span class=\"vc_empty_space_inner\"><\/span><\/div><\/div><\/div><\/div><\/div><\/div><\/div><div class=\"mkdf-row-grid-section-wrapper mkdf-parallax-row-holder\" data-parallax-bg-image=https:\/\/traildoqueijo.pt\/wp-content\/uploads\/2026\/08\/fundo_trilhos_que_nos_levam.png data-parallax-bg-speed=1 ><div class=\"mkdf-row-grid-section\"><div class=\"vc_row wpb_row vc_row-fluid vc_custom_1786979020595\" ><div class=\"wpb_column vc_column_container vc_col-sm-12\"><div class=\"vc_column-inner\"><div class=\"wpb_wrapper\"><div class=\"mkdf-elements-holder   mkdf-two-columns  mkdf-responsive-mode-1024 \" ><div class=\"mkdf-eh-item     \"  data-item-class=\"mkdf-eh-custom-8473\">\n\t<div class=\"mkdf-eh-item-inner\">\n\t\t<div class=\"mkdf-eh-item-content mkdf-eh-custom-8473\" >\n\t\t\t<div class=\"wpb_gallery wpb_content_element vc_clearfix\" ><div class=\"wpb_wrapper\"><div class=\"wpb_gallery_slides wpb_flexslider flexslider_fade flexslider\" data-interval=\"3\" data-flex_fx=\"fade\"><ul class=\"slides\"><li><a class=\"\" href=\"https:\/\/traildoqueijo.pt\/wp-content\/uploads\/2026\/08\/percurso-TQF11-1.png\" data-lightbox=\"lightbox[rel-266-295063017]\"><img loading=\"lazy\" decoding=\"async\" width=\"150\" height=\"150\" src=\"https:\/\/traildoqueijo.pt\/wp-content\/uploads\/2026\/08\/percurso-TQF11-1-150x150.png\" class=\"attachment-thumbnail\" alt=\"\" title=\"percurso TQF11\" srcset=\"https:\/\/traildoqueijo.pt\/wp-content\/uploads\/2026\/08\/percurso-TQF11-1-150x150.png 150w, https:\/\/traildoqueijo.pt\/wp-content\/uploads\/2026\/08\/percurso-TQF11-1-300x300.png 300w, https:\/\/traildoqueijo.pt\/wp-content\/uploads\/2026\/08\/percurso-TQF11-1-550x550.png 550w, https:\/\/traildoqueijo.pt\/wp-content\/uploads\/2026\/08\/percurso-TQF11-1-600x599.png 600w, https:\/\/traildoqueijo.pt\/wp-content\/uploads\/2026\/08\/percurso-TQF11-1-100x100.png 100w, https:\/\/traildoqueijo.pt\/wp-content\/uploads\/2026\/08\/percurso-TQF11-1.png 765w\" sizes=\"auto, (max-width: 150px) 100vw, 150px\" \/><\/a><\/li><li><a class=\"\" href=\"https:\/\/traildoqueijo.pt\/wp-content\/uploads\/2026\/08\/percurso-TQF21-2.png\" data-lightbox=\"lightbox[rel-266-295063017]\"><img loading=\"lazy\" decoding=\"async\" width=\"150\" height=\"150\" src=\"https:\/\/traildoqueijo.pt\/wp-content\/uploads\/2026\/08\/percurso-TQF21-2-150x150.png\" class=\"attachment-thumbnail\" alt=\"\" title=\"percurso TQF21\" srcset=\"https:\/\/traildoqueijo.pt\/wp-content\/uploads\/2026\/08\/percurso-TQF21-2-150x150.png 150w, https:\/\/traildoqueijo.pt\/wp-content\/uploads\/2026\/08\/percurso-TQF21-2-550x550.png 550w, https:\/\/traildoqueijo.pt\/wp-content\/uploads\/2026\/08\/percurso-TQF21-2-300x300.png 300w, https:\/\/traildoqueijo.pt\/wp-content\/uploads\/2026\/08\/percurso-TQF21-2-100x100.png 100w\" sizes=\"auto, (max-width: 150px) 100vw, 150px\" \/><\/a><\/li><li><a class=\"\" href=\"https:\/\/traildoqueijo.pt\/wp-content\/uploads\/2026\/08\/percurso-TQF42-1.png\" data-lightbox=\"lightbox[rel-266-295063017]\"><img loading=\"lazy\" decoding=\"async\" width=\"150\" height=\"150\" src=\"https:\/\/traildoqueijo.pt\/wp-content\/uploads\/2026\/08\/percurso-TQF42-1-150x150.png\" class=\"attachment-thumbnail\" alt=\"\" title=\"percurso TQF42\" srcset=\"https:\/\/traildoqueijo.pt\/wp-content\/uploads\/2026\/08\/percurso-TQF42-1-150x150.png 150w, https:\/\/traildoqueijo.pt\/wp-content\/uploads\/2026\/08\/percurso-TQF42-1-300x300.png 300w, https:\/\/traildoqueijo.pt\/wp-content\/uploads\/2026\/08\/percurso-TQF42-1-550x550.png 550w, https:\/\/traildoqueijo.pt\/wp-content\/uploads\/2026\/08\/percurso-TQF42-1-600x595.png 600w, https:\/\/traildoqueijo.pt\/wp-content\/uploads\/2026\/08\/percurso-TQF42-1-100x100.png 100w, https:\/\/traildoqueijo.pt\/wp-content\/uploads\/2026\/08\/percurso-TQF42-1.png 769w\" sizes=\"auto, (max-width: 150px) 100vw, 150px\" \/><\/a><\/li><li><a class=\"\" href=\"https:\/\/traildoqueijo.pt\/wp-content\/uploads\/2026\/08\/percurso-TQF06c-1.png\" data-lightbox=\"lightbox[rel-266-295063017]\"><img loading=\"lazy\" decoding=\"async\" width=\"150\" height=\"150\" src=\"https:\/\/traildoqueijo.pt\/wp-content\/uploads\/2026\/08\/percurso-TQF06c-1-150x150.png\" class=\"attachment-thumbnail\" alt=\"\" title=\"percurso TQF06c\" srcset=\"https:\/\/traildoqueijo.pt\/wp-content\/uploads\/2026\/08\/percurso-TQF06c-1-150x150.png 150w, https:\/\/traildoqueijo.pt\/wp-content\/uploads\/2026\/08\/percurso-TQF06c-1-550x550.png 550w, https:\/\/traildoqueijo.pt\/wp-content\/uploads\/2026\/08\/percurso-TQF06c-1-300x300.png 300w, https:\/\/traildoqueijo.pt\/wp-content\/uploads\/2026\/08\/percurso-TQF06c-1-100x100.png 100w\" sizes=\"auto, (max-width: 150px) 100vw, 150px\" \/><\/a><\/li><\/ul><\/div><\/div><\/div>\t\t<\/div>\n\t<\/div>\n<\/div><div class=\"mkdf-eh-item   mkdf-horizontal-alignment-right  \"  data-item-class=\"mkdf-eh-custom-9774\" data-1280-1600=\"0px 0px 10px 167px\" data-1024-1280=\"0px 0px 10px 160px\" data-768-1024=\"80px 135px 1px 250px\" data-680-768=\"81px 0 0px 190px\" data-680=\"81px 18px 0px 13px\">\n\t<div class=\"mkdf-eh-item-inner\">\n\t\t<div class=\"mkdf-eh-item-content mkdf-eh-custom-9774\" style=\"padding: 0px 66px 10px 200px\">\n\t\t\t<div class=\"mkdf-section-title-holder   \" >\n\t<div class=\"mkdf-st-inner\" >\n\t\t\t\t\t<h2 class=\"mkdf-st-title\" style=\"color: #ffffff\">\n\t\t\t\tTRILHOS QUE NOS LEVAM MAIS LONGE\t\t\t<\/h2>\n\t\t\t\t<div class=\"mkdf-separator-holder clearfix   \" >\n\t\t<div class=\"mkdf-separator\" style=\"width: 80px\"><\/div>\n\t<\/div>\n\t<\/div>\n\t\t\t<p class=\"mkdf-st-text\" style=\"color: #ffffff;margin-top: 14px\">\n\t\t\tA ilha das Flores oferece um dos cen\u00e1rios mais impressionantes do arquip\u00e9lago: fal\u00e9sias vertiginosas, cascatas imponentes e caminhos centen\u00e1rias que serpenteiam entre a montanha e o mar.<br \/>\nCada percurso do Trail do Queijo da Faj\u00e3zinha foi desenhado para mostrar a diversidade da ilha e desafiar ao m\u00e1ximo os atletas \u2014 duro, t\u00e9cnico, selvagem e absolutamente inesquec\u00edvel. Do desafio extremo do TQF42 \u00e0s dist\u00e2ncias mais acess\u00edveis, todos os trilhos contam uma hist\u00f3ria. Aqui, cada passo \u00e9 uma descoberta e cada curva revela um novo peda\u00e7o de para\u00edso.\t\t<\/p>\n\t<\/div>\n<div class=\"vc_empty_space\"   style=\"height: 28px\"><span class=\"vc_empty_space_inner\"><\/span><\/div>\t\t<\/div>\n\t<\/div>\n<\/div><\/div><\/div><\/div><\/div><\/div><\/div><\/div><div class=\"mkdf-row-grid-section-wrapper \"  ><div class=\"mkdf-row-grid-section\"><div class=\"vc_row wpb_row vc_row-fluid vc_custom_1521027060680\" ><div class=\"wpb_column vc_column_container vc_col-sm-12\"><div class=\"vc_column-inner\"><div class=\"wpb_wrapper\"><div class=\"mkdf-elements-holder   mkdf-five-columns  mkdf-responsive-mode-768 \" ><div class=\"mkdf-eh-item   mkdf-horizontal-alignment-center  \"  data-item-class=\"mkdf-eh-custom-9344\">\n\t<div class=\"mkdf-eh-item-inner\">\n\t\t<div class=\"mkdf-eh-item-content mkdf-eh-custom-9344\" style=\"padding: 0\">\n\t\t\t<div class=\"mkdf-counter-holder \">\n\t<div class=\"mkdf-counter-inner\">\n\t\t\t\t\t<span class=\"mkdf-counter mkdf-zero-counter\" >+350<\/span>\n\t\t\t\t\t\t\t<span class=\"mkdf-counter-title\" >\n\t\t\t\tParticipantes\t\t\t<\/span>\n\t\t\t\t\t\t\t<p class=\"mkdf-counter-text\" >O Trail do Queijo da Faj\u00e3zinha re\u00fane atletas de todo o pa\u00eds e estrangeiro, com inscri\u00e7\u00f5es que esgotam rapidamente.<\/p>\n\t\t\t<\/div>\n<\/div><div class=\"vc_empty_space\"   style=\"height: 65px\"><span class=\"vc_empty_space_inner\"><\/span><\/div>\t\t<\/div>\n\t<\/div>\n<\/div><div class=\"mkdf-eh-item   mkdf-horizontal-alignment-center  \"  data-item-class=\"mkdf-eh-custom-9459\">\n\t<div class=\"mkdf-eh-item-inner\">\n\t\t<div class=\"mkdf-eh-item-content mkdf-eh-custom-9459\" style=\"padding: 0\">\n\t\t\t<div class=\"mkdf-counter-holder \">\n\t<div class=\"mkdf-counter-inner\">\n\t\t\t\t\t<span class=\"mkdf-counter mkdf-zero-counter\" >5<\/span>\n\t\t\t\t\t\t\t<h5 class=\"mkdf-counter-title\" >\n\t\t\t\tProvas\t\t\t<\/h5>\n\t\t\t\t\t\t\t<p class=\"mkdf-counter-text\" >TQF42, TQF21, TQF11, TQF06 Caminhada e TQF Kids \u2014 um desafio para todos os n\u00edveis.<\/p>\n\t\t\t<\/div>\n<\/div><div class=\"vc_empty_space\"   style=\"height: 65px\"><span class=\"vc_empty_space_inner\"><\/span><\/div>\t\t<\/div>\n\t<\/div>\n<\/div><div class=\"mkdf-eh-item   mkdf-horizontal-alignment-center  \"  data-item-class=\"mkdf-eh-custom-4505\">\n\t<div class=\"mkdf-eh-item-inner\">\n\t\t<div class=\"mkdf-eh-item-content mkdf-eh-custom-4505\" >\n\t\t\t<div class=\"mkdf-counter-holder \">\n\t<div class=\"mkdf-counter-inner\">\n\t\t\t\t\t<span class=\"mkdf-counter mkdf-zero-counter\" >2900<\/span>\n\t\t\t\t\t\t\t<h5 class=\"mkdf-counter-title\" >\n\t\t\t\tDESN\u00cdVEL TOTAL\t\t\t<\/h5>\n\t\t\t\t\t\t\t<p class=\"mkdf-counter-text\" >Somando todas as provas, o evento percorre trilhos t\u00e9cnicos, caminhos antigos, baldios, encostas e locais \u00fanicos na ilha das Flores.<\/p>\n\t\t\t<\/div>\n<\/div><div class=\"vc_empty_space\"   style=\"height: 65px\"><span class=\"vc_empty_space_inner\"><\/span><\/div>\t\t<\/div>\n\t<\/div>\n<\/div><div class=\"mkdf-eh-item   mkdf-horizontal-alignment-center  \"  data-item-class=\"mkdf-eh-custom-8367\">\n\t<div class=\"mkdf-eh-item-inner\">\n\t\t<div class=\"mkdf-eh-item-content mkdf-eh-custom-8367\" style=\"padding: 0\">\n\t\t\t<div class=\"mkdf-counter-holder \">\n\t<div class=\"mkdf-counter-inner\">\n\t\t\t\t\t<span class=\"mkdf-counter mkdf-zero-counter\" >5<\/span>\n\t\t\t\t\t\t\t<h5 class=\"mkdf-counter-title\" >\n\t\t\t\tEDI\u00c7\u00d5ES\t\t\t<\/h5>\n\t\t\t\t\t\t\t<p class=\"mkdf-counter-text\" >O TQF afirma\u2011se como o trail mais ocidental da Europa, crescendo em participantes e notoriedade.<\/p>\n\t\t\t<\/div>\n<\/div><div class=\"vc_empty_space\"   style=\"height: 65px\"><span class=\"vc_empty_space_inner\"><\/span><\/div>\t\t<\/div>\n\t<\/div>\n<\/div><div class=\"mkdf-eh-item   mkdf-horizontal-alignment-center  \"  data-item-class=\"mkdf-eh-custom-7196\">\n\t<div class=\"mkdf-eh-item-inner\">\n\t\t<div class=\"mkdf-eh-item-content mkdf-eh-custom-7196\" style=\"padding: 0\">\n\t\t\t<div class=\"mkdf-counter-holder \">\n\t<div class=\"mkdf-counter-inner\">\n\t\t\t\t\t<span class=\"mkdf-counter mkdf-zero-counter\" >67<\/span>\n\t\t\t\t\t\t\t<h5 class=\"mkdf-counter-title\" >\n\t\t\t\tVOLUNT\u00c1RIOS\t\t\t<\/h5>\n\t\t\t\t\t\t\t<p class=\"mkdf-counter-text\" >Uma equipa dedicada que garante seguran\u00e7a, apoio e o esp\u00edrito acolhedor que define o evento.<\/p>\n\t\t\t<\/div>\n<\/div><div class=\"vc_empty_space\"   style=\"height: 65px\"><span class=\"vc_empty_space_inner\"><\/span><\/div>\t\t<\/div>\n\t<\/div>\n<\/div><\/div><\/div><\/div><\/div><\/div><\/div><\/div><div class=\"mkdf-row-grid-section-wrapper mkdf-parallax-row-holder mkdf-content-aligment-center\" data-parallax-bg-image=https:\/\/traildoqueijo.pt\/wp-content\/uploads\/2026\/05\/img_fundo_testemunhos.jpg data-parallax-bg-speed=1 ><div class=\"mkdf-row-grid-section\"><div class=\"vc_row wpb_row vc_row-fluid vc_custom_1779813256998 vc_row-o-content-middle vc_row-flex\" ><div class=\"wpb_column vc_column_container vc_col-sm-12 vc_col-lg-offset-3 vc_col-lg-6 vc_col-md-offset-1 vc_col-md-10 vc_col-sm-offset-0 vc_col-xs-12\"><div class=\"vc_column-inner\"><div class=\"wpb_wrapper\"><div class=\"mkdf-testimonials-holder mkdf-testimonials-standard mkdf-testimonials-light clearfix\"><div class=\"mkdf-testimonials mkdf-owl-slider\" data-number-of-items=\"1\" data-enable-loop=\"yes\" data-enable-autoplay=\"yes\" data-slider-speed=\"5000\" data-slider-speed-animation=\"600\" data-enable-navigation=\"no\" data-enable-pagination=\"yes\"><div class=\"mkdf-testimonial-content\" id=\"mkdf-testimonials-171\">\n\t<div class=\"mkdf-testimonial-text-holder\">\n        <span class=\"mkdf-testimonials-quotes\"><\/span>\n        <div class=\"mkdf-testimonials-title-holder\">\n            <div class=\"mkdf-testimonials-title-holder-inner\" style=\"background-image: url('https:\/\/endurer.qodeinteractive.com\/wp-content\/uploads\/2018\/02\/titlebackground-image-3.png')\">\n                            <h2 itemprop=\"name\" class=\"mkdf-testimonial-title entry-title\">TESTEMUNHOS.<\/h2>\n                        <div class=\"mkdf-separator-holder clearfix mkdf-separator-center\">\n                <div class=\"mkdf-separator\"><\/div>\n            <\/div>\n            <\/div>\n        <\/div>\n\t\t\t\t\t<p class=\"mkdf-testimonial-text\">\u201cO TQF \u00e9 um evento e tanto\u2026 fiquei surpreendida com tanta gente envolvida a dar o devido apoio numa prova de trail, tanto durante toda a prova como durante o conv\u00edvio e entrega de pr\u00e9mios. O percurso considerei desafiante, extremamente vari\u00e1vel em termos de piso e paisagens lind\u00edssimas. A ilha das Flores \u00e9 surpreendente. O conv\u00edvio e rece\u00e7\u00e3o dos atletas na meta foi 5 estrelas. O almo\u00e7o foi um banquete digno de atletas de elite que permite uma recupera\u00e7\u00e3o plena, ficando logo apta a correr mais 25km no dia seguinte e foi mesmo o que fiz.  Parab\u00e9ns a toda a organiza\u00e7\u00e3o e muito sucesso com a edi\u00e7\u00e3o 2026.\u201d <\/p>\n\t\t\t\t\t\t\t<span class=\"mkdf-testimonial-author\">\n\t\t\t\t<span class=\"mkdf-testimonials-author-name\">Ana Pereira, B47, vencedora do TQF21 em 2025<\/span>\n\t\t\t\t\t\t\t<\/span>\n\t\t\t<\/div>\n<\/div><div class=\"mkdf-testimonial-content\" id=\"mkdf-testimonials-170\">\n\t<div class=\"mkdf-testimonial-text-holder\">\n        <span class=\"mkdf-testimonials-quotes\"><\/span>\n        <div class=\"mkdf-testimonials-title-holder\">\n            <div class=\"mkdf-testimonials-title-holder-inner\" style=\"background-image: url('https:\/\/endurer.qodeinteractive.com\/wp-content\/uploads\/2018\/02\/titlebackground-image-3.png')\">\n                            <h2 itemprop=\"name\" class=\"mkdf-testimonial-title entry-title\">TESTEMUNHOS.<\/h2>\n                        <div class=\"mkdf-separator-holder clearfix mkdf-separator-center\">\n                <div class=\"mkdf-separator\"><\/div>\n            <\/div>\n            <\/div>\n        <\/div>\n\t\t\t\t\t<p class=\"mkdf-testimonial-text\">\u201cUma prova que re\u00fane a natureza, o rural e a popula\u00e7\u00e3o numa sinergia contagiante, fiquei encantado\u201d <\/p>\n\t\t\t\t\t\t\t<span class=\"mkdf-testimonial-author\">\n\t\t\t\t<span class=\"mkdf-testimonials-author-name\">Marco Rodrigues, B47, vencedor do TQF21 em 2025<\/span>\n\t\t\t\t\t\t\t<\/span>\n\t\t\t<\/div>\n<\/div><div class=\"mkdf-testimonial-content\" id=\"mkdf-testimonials-169\">\n\t<div class=\"mkdf-testimonial-text-holder\">\n        <span class=\"mkdf-testimonials-quotes\"><\/span>\n        <div class=\"mkdf-testimonials-title-holder\">\n            <div class=\"mkdf-testimonials-title-holder-inner\" style=\"background-image: url('https:\/\/endurer.qodeinteractive.com\/wp-content\/uploads\/2018\/02\/titlebackground-image-3.png')\">\n                            <h2 itemprop=\"name\" class=\"mkdf-testimonial-title entry-title\">TESTEMUNHOS.<\/h2>\n                        <div class=\"mkdf-separator-holder clearfix mkdf-separator-center\">\n                <div class=\"mkdf-separator\"><\/div>\n            <\/div>\n            <\/div>\n        <\/div>\n\t\t\t\t\t<p class=\"mkdf-testimonial-text\">\u201cMuito mais do que uma prova, o Trail do Queijo da Fajazinha \u00e9 uma viagem imersiva dos nossos sentidos, onde o olhar se deslumbra, enquanto a alma se renova e enriquece com o poder da natureza.\u201d <\/p>\n\t\t\t\t\t\t\t<span class=\"mkdf-testimonial-author\">\n\t\t\t\t<span class=\"mkdf-testimonials-author-name\">Rui Teixeira, Active Club, participou no TQF21 em 2024<\/span>\n\t\t\t\t\t\t\t<\/span>\n\t\t\t<\/div>\n<\/div><\/div><\/div><\/div><\/div><\/div><\/div><\/div><\/div><div class=\"vc_row wpb_row vc_row-fluid vc_custom_1520933483621 vc_row-o-content-middle vc_row-flex mkdf-content-aligment-center\" ><div class=\"wpb_column vc_column_container vc_col-sm-12\"><div class=\"vc_column-inner\"><div class=\"wpb_wrapper\"><div class=\"mkdf-clients-carousel-holder mkdf-cc-hover-roll-over\">\n\t<div class=\"mkdf-cc-inner mkdf-owl-slider\" data-number-of-items=\"6\" data-enable-loop=\"yes\" data-enable-autoplay=\"yes\" data-slider-speed=\"3000\" data-slider-speed-animation=\"300\" data-enable-navigation=\"yes\" data-enable-pagination=\"no\" data-number-of-rows=\"1\">\n\t\t<div class=\"mkdf-cc-item\">\n\t\t\t<a itemprop=\"url\" class=\"mkdf-cc-link mkdf-block-drag-link\" href=\"https:\/\/autatlantis.com\/\" target=\"_self\">\n\t\t\t\t\t\t<img decoding=\"async\" itemprop=\"image\" class=\"mkdf-cc-image\" src=\"https:\/\/traildoqueijo.pt\/wp-content\/uploads\/2026\/08\/AUTATLANTIS-01.jpg\" alt=\"\" \/>\n\t\t\t\t\t\t\t<img decoding=\"async\" itemprop=\"image\" class=\"mkdf-cc-hover-image\" src=\"https:\/\/traildoqueijo.pt\/wp-content\/uploads\/2026\/08\/AUTATLANTIS-01.jpg\" alt=\"\" \/>\n\t\t\t\t\t<\/a>\n\t<\/div><div class=\"mkdf-cc-item\">\n\t\t\t<a itemprop=\"url\" class=\"mkdf-cc-link mkdf-block-drag-link\" href=\"https:\/\/www.garcias.pt\/\" target=\"_self\">\n\t\t\t\t\t\t<img decoding=\"async\" itemprop=\"image\" class=\"mkdf-cc-image\" src=\"https:\/\/traildoqueijo.pt\/wp-content\/uploads\/2026\/08\/Garcias.jpg\" alt=\"\" \/>\n\t\t\t\t\t\t\t<img decoding=\"async\" itemprop=\"image\" class=\"mkdf-cc-hover-image\" src=\"https:\/\/traildoqueijo.pt\/wp-content\/uploads\/2026\/08\/Garcias.jpg\" alt=\"\" \/>\n\t\t\t\t\t<\/a>\n\t<\/div><div class=\"mkdf-cc-item\">\n\t\t\t<a itemprop=\"url\" class=\"mkdf-cc-link mkdf-block-drag-link\" href=\"https:\/\/ananasdosacores.pt\/\" target=\"_self\">\n\t\t\t\t\t\t<img decoding=\"async\" itemprop=\"image\" class=\"mkdf-cc-image\" src=\"https:\/\/traildoqueijo.pt\/wp-content\/uploads\/2026\/08\/logo_FLORES-BOAT_TOURS-Recuperado.png\" alt=\"\" \/>\n\t\t\t\t\t\t\t<img decoding=\"async\" itemprop=\"image\" class=\"mkdf-cc-hover-image\" src=\"https:\/\/traildoqueijo.pt\/wp-content\/uploads\/2026\/08\/logo_FLORES-BOAT_TOURS-Recuperado.png\" alt=\"\" \/>\n\t\t\t\t\t<\/a>\n\t<\/div><div class=\"mkdf-cc-item\">\n\t\t\t<a itemprop=\"url\" class=\"mkdf-cc-link mkdf-block-drag-link\" href=\"https:\/\/goldnutrition.pt\/\" target=\"_self\">\n\t\t\t\t\t\t<img decoding=\"async\" itemprop=\"image\" class=\"mkdf-cc-image\" src=\"https:\/\/traildoqueijo.pt\/wp-content\/uploads\/2026\/08\/LogoGN_Variations_GN_LOGO_YELLOW.png\" alt=\"\" \/>\n\t\t\t\t\t\t\t<img decoding=\"async\" itemprop=\"image\" class=\"mkdf-cc-hover-image\" src=\"https:\/\/traildoqueijo.pt\/wp-content\/uploads\/2026\/08\/LogoGN_Variations_GN_LOGO_YELLOW.png\" alt=\"\" \/>\n\t\t\t\t\t<\/a>\n\t<\/div><div class=\"mkdf-cc-item\">\n\t\t\t<a itemprop=\"url\" class=\"mkdf-cc-link mkdf-block-drag-link\" href=\"https:\/\/saaga.pt\/\" target=\"_self\">\n\t\t\t\t\t\t<img decoding=\"async\" itemprop=\"image\" class=\"mkdf-cc-image\" src=\"https:\/\/traildoqueijo.pt\/wp-content\/uploads\/2026\/08\/SAAGA.jpg\" alt=\"\" \/>\n\t\t\t\t\t\t\t<img decoding=\"async\" itemprop=\"image\" class=\"mkdf-cc-hover-image\" src=\"https:\/\/traildoqueijo.pt\/wp-content\/uploads\/2026\/08\/SAAGA.jpg\" alt=\"\" \/>\n\t\t\t\t\t<\/a>\n\t<\/div><div class=\"mkdf-cc-item\">\n\t\t\t<a itemprop=\"url\" class=\"mkdf-cc-link mkdf-block-drag-link\" href=\"https:\/\/sabseg.com\/pt\/\" target=\"_self\">\n\t\t\t\t\t\t<img decoding=\"async\" itemprop=\"image\" class=\"mkdf-cc-image\" src=\"https:\/\/traildoqueijo.pt\/wp-content\/uploads\/2026\/08\/Sabsed-seguros.jpg\" alt=\"\" \/>\n\t\t\t\t\t\t\t<img decoding=\"async\" itemprop=\"image\" class=\"mkdf-cc-hover-image\" src=\"https:\/\/traildoqueijo.pt\/wp-content\/uploads\/2026\/08\/Sabsed-seguros.jpg\" alt=\"\" \/>\n\t\t\t\t\t<\/a>\n\t<\/div><div class=\"mkdf-cc-item\">\n\t\t\t<a itemprop=\"url\" class=\"mkdf-cc-link mkdf-block-drag-link\" href=\"http:\/\/sata.pt\" target=\"_self\">\n\t\t\t\t\t\t<img decoding=\"async\" itemprop=\"image\" class=\"mkdf-cc-image\" src=\"https:\/\/traildoqueijo.pt\/wp-content\/uploads\/2026\/08\/sata-1.jpg\" alt=\"\" \/>\n\t\t\t\t\t\t\t<img decoding=\"async\" itemprop=\"image\" class=\"mkdf-cc-hover-image\" src=\"https:\/\/traildoqueijo.pt\/wp-content\/uploads\/2026\/08\/sata-1.jpg\" alt=\"\" \/>\n\t\t\t\t\t<\/a>\n\t<\/div><div class=\"mkdf-cc-item\">\n\t\t\t<a itemprop=\"url\" class=\"mkdf-cc-link mkdf-block-drag-link\" href=\"https:\/\/sazorea.com\/\" target=\"_self\">\n\t\t\t\t\t\t<img decoding=\"async\" itemprop=\"image\" class=\"mkdf-cc-image\" src=\"https:\/\/traildoqueijo.pt\/wp-content\/uploads\/2026\/08\/Sazorea-2.jpg\" alt=\"\" \/>\n\t\t\t\t\t\t\t<img decoding=\"async\" itemprop=\"image\" class=\"mkdf-cc-hover-image\" src=\"https:\/\/traildoqueijo.pt\/wp-content\/uploads\/2026\/08\/Sazorea-2.jpg\" alt=\"\" \/>\n\t\t\t\t\t<\/a>\n\t<\/div><div class=\"mkdf-cc-item\">\n\t\t\t<a itemprop=\"url\" class=\"mkdf-cc-link mkdf-block-drag-link\" href=\"https:\/\/www.viavitoriaviagens.com\/\" target=\"_self\">\n\t\t\t\t\t\t<img decoding=\"async\" itemprop=\"image\" class=\"mkdf-cc-image\" src=\"https:\/\/traildoqueijo.pt\/wp-content\/uploads\/2026\/08\/viavitoria.png\" alt=\"\" \/>\n\t\t\t\t\t\t\t<img decoding=\"async\" itemprop=\"image\" class=\"mkdf-cc-hover-image\" src=\"https:\/\/traildoqueijo.pt\/wp-content\/uploads\/2026\/08\/viavitoria.png\" alt=\"\" \/>\n\t\t\t\t\t<\/a>\n\t<\/div><div class=\"mkdf-cc-item\">\n\t\t\t<a itemprop=\"url\" class=\"mkdf-cc-link mkdf-block-drag-link\" href=\"https:\/\/www.ccvlourenco.pt\/\" target=\"_self\">\n\t\t\t\t\t\t<img decoding=\"async\" itemprop=\"image\" class=\"mkdf-cc-image\" src=\"https:\/\/traildoqueijo.pt\/wp-content\/uploads\/2026\/08\/lourenco-centro-cuidados-visuais_page-0001.jpg\" alt=\"\" \/>\n\t\t\t\t\t\t\t<img decoding=\"async\" itemprop=\"image\" class=\"mkdf-cc-hover-image\" src=\"https:\/\/traildoqueijo.pt\/wp-content\/uploads\/2026\/08\/lourenco-centro-cuidados-visuais_page-0001.jpg\" alt=\"\" \/>\n\t\t\t\t\t<\/a>\n\t<\/div>\t<\/div>\n<\/div><\/div><\/div><\/div><\/div><div class=\"vc_row wpb_row vc_row-fluid\" ><div class=\"wpb_column vc_column_container vc_col-sm-12\"><div class=\"vc_column-inner\"><div class=\"wpb_wrapper\"><div class=\"mkdf-image-gallery  mkdf-ig-masonry-type mkdf-no-space  mkdf-image-behavior-lightbox mkdf-image-hover-zoom-shader\">\n\t<div class=\"mkdf-ig-inner mkdf-outer-space mkdf-ig-masonry mkdf-ig-three-columns\">\n\t\t<div class=\"mkdf-ig-grid-sizer\"><\/div>\n\t\t<div class=\"mkdf-ig-grid-gutter\"><\/div>\n\t\t\t\t\t\t\t\t<div class=\"mkdf-ig-image mkdf-item-space \">\n\t\t\t\t<div class=\"mkdf-ig-image-inner\">\n\t\t\t\t\t\t\t\t\t\t\t<a itemprop=\"image\" class=\"mkdf-ig-lightbox\" href=\"https:\/\/traildoqueijo.pt\/wp-content\/uploads\/2026\/06\/trail_home_1.jpg\" data-rel=\"prettyPhoto[image_gallery_pretty_photo-740]\" title=\"trail_home_1\">\n\t\t\t\t\t\t\t<span class=\"mkdf-ig-lightbox-icon icon_plus\"><\/span>\n\t\t\t\t\t\t\t\t\t\t\t<img loading=\"lazy\" decoding=\"async\" width=\"1100\" height=\"786\" src=\"https:\/\/traildoqueijo.pt\/wp-content\/uploads\/2026\/06\/trail_home_1.jpg\" class=\"attachment-full size-full\" alt=\"\" srcset=\"https:\/\/traildoqueijo.pt\/wp-content\/uploads\/2026\/06\/trail_home_1.jpg 1100w, https:\/\/traildoqueijo.pt\/wp-content\/uploads\/2026\/06\/trail_home_1-600x429.jpg 600w, https:\/\/traildoqueijo.pt\/wp-content\/uploads\/2026\/06\/trail_home_1-300x214.jpg 300w, https:\/\/traildoqueijo.pt\/wp-content\/uploads\/2026\/06\/trail_home_1-1024x732.jpg 1024w, https:\/\/traildoqueijo.pt\/wp-content\/uploads\/2026\/06\/trail_home_1-768x549.jpg 768w\" sizes=\"auto, (max-width: 1100px) 100vw, 1100px\" \/>\t\t\t\t\t\t\t\t\t\t\t<\/a>\n\t\t\t\t\t\t\t\t\t<\/div>\n\t\t\t<\/div>\n\t\t\t\t\t\t\t\t<div class=\"mkdf-ig-image mkdf-item-space \">\n\t\t\t\t<div class=\"mkdf-ig-image-inner\">\n\t\t\t\t\t\t\t\t\t\t\t<a itemprop=\"image\" class=\"mkdf-ig-lightbox\" href=\"https:\/\/traildoqueijo.pt\/wp-content\/uploads\/2026\/06\/trail_home_5.jpeg\" data-rel=\"prettyPhoto[image_gallery_pretty_photo-740]\" title=\"trail_home_5\">\n\t\t\t\t\t\t\t<span class=\"mkdf-ig-lightbox-icon icon_plus\"><\/span>\n\t\t\t\t\t\t\t\t\t\t\t<img loading=\"lazy\" decoding=\"async\" width=\"768\" height=\"1100\" src=\"https:\/\/traildoqueijo.pt\/wp-content\/uploads\/2026\/06\/trail_home_5.jpeg\" class=\"attachment-full size-full\" alt=\"\" srcset=\"https:\/\/traildoqueijo.pt\/wp-content\/uploads\/2026\/06\/trail_home_5.jpeg 768w, https:\/\/traildoqueijo.pt\/wp-content\/uploads\/2026\/06\/trail_home_5-600x859.jpeg 600w, https:\/\/traildoqueijo.pt\/wp-content\/uploads\/2026\/06\/trail_home_5-209x300.jpeg 209w, https:\/\/traildoqueijo.pt\/wp-content\/uploads\/2026\/06\/trail_home_5-715x1024.jpeg 715w\" sizes=\"auto, (max-width: 768px) 100vw, 768px\" \/>\t\t\t\t\t\t\t\t\t\t\t<\/a>\n\t\t\t\t\t\t\t\t\t<\/div>\n\t\t\t<\/div>\n\t\t\t\t\t\t\t\t<div class=\"mkdf-ig-image mkdf-item-space \">\n\t\t\t\t<div class=\"mkdf-ig-image-inner\">\n\t\t\t\t\t\t\t\t\t\t\t<a itemprop=\"image\" class=\"mkdf-ig-lightbox\" href=\"https:\/\/traildoqueijo.pt\/wp-content\/uploads\/2026\/06\/trail_home_4.jpg\" data-rel=\"prettyPhoto[image_gallery_pretty_photo-740]\" title=\"trail_home_4\">\n\t\t\t\t\t\t\t<span class=\"mkdf-ig-lightbox-icon icon_plus\"><\/span>\n\t\t\t\t\t\t\t\t\t\t\t<img loading=\"lazy\" decoding=\"async\" width=\"1100\" height=\"786\" src=\"https:\/\/traildoqueijo.pt\/wp-content\/uploads\/2026\/06\/trail_home_4.jpg\" class=\"attachment-full size-full\" alt=\"\" srcset=\"https:\/\/traildoqueijo.pt\/wp-content\/uploads\/2026\/06\/trail_home_4.jpg 1100w, https:\/\/traildoqueijo.pt\/wp-content\/uploads\/2026\/06\/trail_home_4-600x429.jpg 600w, https:\/\/traildoqueijo.pt\/wp-content\/uploads\/2026\/06\/trail_home_4-300x214.jpg 300w, https:\/\/traildoqueijo.pt\/wp-content\/uploads\/2026\/06\/trail_home_4-1024x732.jpg 1024w, https:\/\/traildoqueijo.pt\/wp-content\/uploads\/2026\/06\/trail_home_4-768x549.jpg 768w\" sizes=\"auto, (max-width: 1100px) 100vw, 1100px\" \/>\t\t\t\t\t\t\t\t\t\t\t<\/a>\n\t\t\t\t\t\t\t\t\t<\/div>\n\t\t\t<\/div>\n\t\t\t\t\t\t\t\t<div class=\"mkdf-ig-image mkdf-item-space \">\n\t\t\t\t<div class=\"mkdf-ig-image-inner\">\n\t\t\t\t\t\t\t\t\t\t\t<a itemprop=\"image\" class=\"mkdf-ig-lightbox\" href=\"https:\/\/traildoqueijo.pt\/wp-content\/uploads\/2026\/06\/trail_home_3.jpg\" data-rel=\"prettyPhoto[image_gallery_pretty_photo-740]\" title=\"trail_home_3\">\n\t\t\t\t\t\t\t<span class=\"mkdf-ig-lightbox-icon icon_plus\"><\/span>\n\t\t\t\t\t\t\t\t\t\t\t<img loading=\"lazy\" decoding=\"async\" width=\"1100\" height=\"786\" src=\"https:\/\/traildoqueijo.pt\/wp-content\/uploads\/2026\/06\/trail_home_3.jpg\" class=\"attachment-full size-full\" alt=\"\" srcset=\"https:\/\/traildoqueijo.pt\/wp-content\/uploads\/2026\/06\/trail_home_3.jpg 1100w, https:\/\/traildoqueijo.pt\/wp-content\/uploads\/2026\/06\/trail_home_3-600x429.jpg 600w, https:\/\/traildoqueijo.pt\/wp-content\/uploads\/2026\/06\/trail_home_3-300x214.jpg 300w, https:\/\/traildoqueijo.pt\/wp-content\/uploads\/2026\/06\/trail_home_3-1024x732.jpg 1024w, https:\/\/traildoqueijo.pt\/wp-content\/uploads\/2026\/06\/trail_home_3-768x549.jpg 768w\" sizes=\"auto, (max-width: 1100px) 100vw, 1100px\" \/>\t\t\t\t\t\t\t\t\t\t\t<\/a>\n\t\t\t\t\t\t\t\t\t<\/div>\n\t\t\t<\/div>\n\t\t\t\t\t\t\t\t<div class=\"mkdf-ig-image mkdf-item-space \">\n\t\t\t\t<div class=\"mkdf-ig-image-inner\">\n\t\t\t\t\t\t\t\t\t\t\t<a itemprop=\"image\" class=\"mkdf-ig-lightbox\" href=\"https:\/\/traildoqueijo.pt\/wp-content\/uploads\/2026\/06\/trail_home_2.jpg\" data-rel=\"prettyPhoto[image_gallery_pretty_photo-740]\" title=\"trail_home_2\">\n\t\t\t\t\t\t\t<span class=\"mkdf-ig-lightbox-icon icon_plus\"><\/span>\n\t\t\t\t\t\t\t\t\t\t\t<img loading=\"lazy\" decoding=\"async\" width=\"1100\" height=\"786\" src=\"https:\/\/traildoqueijo.pt\/wp-content\/uploads\/2026\/06\/trail_home_2.jpg\" class=\"attachment-full size-full\" alt=\"\" srcset=\"https:\/\/traildoqueijo.pt\/wp-content\/uploads\/2026\/06\/trail_home_2.jpg 1100w, https:\/\/traildoqueijo.pt\/wp-content\/uploads\/2026\/06\/trail_home_2-600x429.jpg 600w, https:\/\/traildoqueijo.pt\/wp-content\/uploads\/2026\/06\/trail_home_2-300x214.jpg 300w, https:\/\/traildoqueijo.pt\/wp-content\/uploads\/2026\/06\/trail_home_2-1024x732.jpg 1024w, https:\/\/traildoqueijo.pt\/wp-content\/uploads\/2026\/06\/trail_home_2-768x549.jpg 768w\" sizes=\"auto, (max-width: 1100px) 100vw, 1100px\" \/>\t\t\t\t\t\t\t\t\t\t\t<\/a>\n\t\t\t\t\t\t\t\t\t<\/div>\n\t\t\t<\/div>\n\t\t\t<\/div>\n<\/div>\n<\/div><\/div><\/div><\/div><div class=\"mkdf-row-grid-section-wrapper mkdf-content-aligment-center\"  style=\"background-color:#fa471c\"><div class=\"mkdf-row-grid-section\"><div class=\"vc_row wpb_row vc_row-fluid mkdf-wpcf7-output vc_custom_1520501723746\" ><div class=\"wpb_column vc_column_container vc_col-sm-12 vc_col-lg-offset-3 vc_col-lg-6 vc_col-md-offset-1 vc_col-md-10 vc_col-sm-offset-0 vc_col-xs-12\"><div class=\"vc_column-inner\"><div class=\"wpb_wrapper\"><div class=\"mkdf-section-title-holder   \" >\n\t<div class=\"mkdf-st-inner\" >\n\t\t\t\t\t<h2 class=\"mkdf-st-title\" >\n\t\t\t\tFaz j\u00e1 a tua inscri\u00e7\u00e3o!\t\t\t<\/h2>\n\t\t\t\t\t<\/div>\n\t<\/div>\n<div class=\"vc_empty_space\"   style=\"height: 25px\"><span class=\"vc_empty_space_inner\"><\/span><\/div><a itemprop=\"url\" href=\"https:\/\/acorrer.pt\/eventos\/4165\/info\" target=\"_blank\"  class=\"mkdf-btn mkdf-btn-medium mkdf-btn-solid mkdf-btn-icon mkdf-btn-separate-border\"  >\n\t\t\t<span class=\"mkdf-btn-sep-border\" ><\/span>\n\t    <span class=\"mkdf-btn-text\">Clica aqui!<\/span>\n\t<i class=\"mkdf-icon-ion-icon ion-alert \" ><\/i><\/a><\/div><\/div><\/div><\/div><\/div><\/div><section class=\"vc_section\"><\/section><div class=\"vc_row wpb_row vc_row-fluid\" ><div class=\"wpb_column vc_column_container vc_col-sm-12\"><div class=\"vc_column-inner\"><div class=\"wpb_wrapper\"><\/div><\/div><\/div><\/div>\n<\/section>","protected":false},"excerpt":{"rendered":"","protected":false},"author":1,"featured_media":0,"parent":0,"menu_order":0,"comment_status":"closed","ping_status":"closed","template":"full-width.php","meta":{"footnotes":""},"folder":[],"class_list":["post-266","page","type-page","status-publish","hentry"],"_links":{"self":[{"href":"https:\/\/traildoqueijo.pt\/pt\/wp-json\/wp\/v2\/pages\/266","targetHints":{"allow":["GET"]}}],"collection":[{"href":"https:\/\/traildoqueijo.pt\/pt\/wp-json\/wp\/v2\/pages"}],"about":[{"href":"https:\/\/traildoqueijo.pt\/pt\/wp-json\/wp\/v2\/types\/page"}],"author":[{"embeddable":true,"href":"https:\/\/traildoqueijo.pt\/pt\/wp-json\/wp\/v2\/users\/1"}],"replies":[{"embeddable":true,"href":"https:\/\/traildoqueijo.pt\/pt\/wp-json\/wp\/v2\/comments?post=266"}],"version-history":[{"count":186,"href":"https:\/\/traildoqueijo.pt\/pt\/wp-json\/wp\/v2\/pages\/266\/revisions"}],"predecessor-version":[{"id":5733,"href":"https:\/\/traildoqueijo.pt\/pt\/wp-json\/wp\/v2\/pages\/266\/revisions\/5733"}],"wp:attachment":[{"href":"https:\/\/traildoqueijo.pt\/pt\/wp-json\/wp\/v2\/media?parent=266"}],"wp:term":[{"taxonomy":"folder","embeddable":true,"href":"https:\/\/traildoqueijo.pt\/pt\/wp-json\/wp\/v2\/folder?post=266"}],"curies":[{"name":"wp","href":"https:\/\/api.w.org\/{rel}","templated":true}]}}