{"id":3838,"date":"2026-06-18T12:09:10","date_gmt":"2026-06-18T12:09:10","guid":{"rendered":"https:\/\/traildoqueijo.pt\/?page_id=3838"},"modified":"2026-08-28T17:35:47","modified_gmt":"2026-08-28T17:35:47","slug":"programa","status":"publish","type":"page","link":"https:\/\/traildoqueijo.pt\/pt\/programa\/","title":{"rendered":"Programa"},"content":{"rendered":"<section class=\"wpb-content-wrapper\"><div class=\"mkdf-row-grid-section-wrapper\"  style=\"background-color:#f2f1f1\"><div class=\"mkdf-row-grid-section\"><div class=\"vc_row wpb_row vc_row-fluid vc_custom_1520325605842\" ><div class=\"wpb_column vc_column_container vc_col-sm-12\"><div class=\"vc_column-inner\"><div class=\"wpb_wrapper\"><div class=\"mkdf-elements-holder   mkdf-three-columns  mkdf-responsive-mode-1024\" ><div class=\"mkdf-eh-item\"  data-item-class=\"mkdf-eh-custom-7347\" data-1280-1600=\"0px 40px 0px 0px\" data-1024-1280=\"0px 40px 0px 0px\" data-768-1024=\"0px 375px 0px 0px\" data-680-768=\"0px 224px 0px 0px\" data-680=\"0px\">\n\t<div class=\"mkdf-eh-item-inner\">\n\t\t<div class=\"mkdf-eh-item-content mkdf-eh-custom-7347\" style=\"padding: 0px 70px 0px 0px\">\n\t\t\t<div class=\"mkdf-section-title-holder\" >\n\t<div class=\"mkdf-st-inner\" >\n\t\t\t\t\t<h2 class=\"mkdf-st-title\" >\n\t\t\t\tPrograma\t\t\t<\/h2>\n\t\t\t\t<div class=\"mkdf-separator-holder clearfix\" >\n\t\t<div class=\"mkdf-separator\" style=\"width: 80px\"><\/div>\n\t<\/div>\n\t<\/div>\n\t\t\t<p class=\"mkdf-st-text\" style=\"margin-top: -6px\">\n\t\t\tNesta 5\u00aa edi\u00e7\u00e3o o Trail do Queijo da Faj\u00e3zinha traz uma nova prova, que liga os dois concelhos da ilha. Entre as dist\u00e2ncias para corrida de 42km, 21km, 11km, a caminhada (6km) e o trail kids (1km), h\u00e1 provas para todos os gostos. O dia culminar\u00e1 com um almo\u00e7o conv\u00edvio e after party com a DJ Slady. Para os mais pequenos que ainda n\u00e3o correm, dispomos do Ponto de Brincadeira, uma \u00e1rea segura onde a Pinch\u2019arte dinamiza diversas atividades e jogos.<br \/>\nOutra novidade \u00e9 a cria\u00e7\u00e3o de escal\u00f5es dentro de cada prova. Consulta o regulamento e o guia do atleta para saberes mais.\t\t<\/p>\n\t<\/div>\n<div class=\"vc_empty_space\"   style=\"height: 77px\"><span class=\"vc_empty_space_inner\"><\/span><\/div>\t\t<\/div>\n\t<\/div>\n<\/div><\/div><\/div><\/div><\/div><\/div><\/div><\/div><div class=\"mkdf-row-grid-section-wrapper\"  ><div class=\"mkdf-row-grid-section\"><div class=\"vc_row wpb_row vc_row-fluid vc_custom_1521027270016\" ><div class=\"wpb_column vc_column_container vc_col-sm-12 vc_col-lg-offset-0 vc_col-lg-12\"><div class=\"vc_column-inner\"><div class=\"wpb_wrapper\"><div class=\"mkdf-section-title-holder\" style=\" text-align: center\">\n\t<div class=\"mkdf-st-inner\" >\n\t\t\t\t\t<h2 class=\"mkdf-st-title\" >\n\t\t\t\tRumo ao Trail\t\t\t<\/h2>\n\t\t\t\t<div class=\"mkdf-separator-holder clearfix\" >\n\t\t<div class=\"mkdf-separator\" style=\"width: 80px\"><\/div>\n\t<\/div>\n\t<\/div>\n\t<\/div>\n\n\t<div class=\"wpb_text_column wpb_content_element\" >\n\t\t<div class=\"wpb_wrapper\">\n\t\t\t<section class=\"tqf-programa\">\n<h2 class=\"tqf-title\">RUMO AO TRAIL<\/h2>\n<div class=\"tqf-grid\">\n<div class=\"tqf-card\">\n<p><img decoding=\"async\" src=\"\/wp-content\/uploads\/2026\/08\/ico-calendar.png\" alt=\"\" \/><\/p>\n<div><strong>26 de fevereiro<\/strong><br \/>\nAbertura das Inscri\u00e7\u00f5es<\/div>\n<\/div>\n<div class=\"tqf-card\">\n<p><img decoding=\"async\" src=\"\/wp-content\/uploads\/2026\/08\/ico-calendar.png\" alt=\"\" \/><\/p>\n<div><strong>17 de setembro<\/strong><br \/>\nEncerramento das Inscri\u00e7\u00f5es<\/div>\n<\/div>\n<div class=\"tqf-card\">\n<p><img decoding=\"async\" src=\"\/wp-content\/uploads\/2026\/08\/ico-secretariado.png\" alt=\"\" \/><\/p>\n<div><strong>7 de outubro<\/strong><br \/>\nDas 17h \u00e0s 19h \u2014 Secretariado<br \/>\n(Centro Cultural de Santa Cruz)<\/div>\n<\/div>\n<div class=\"tqf-card\">\n<p><img decoding=\"async\" src=\"\/wp-content\/uploads\/2026\/08\/ico-secretariado.png\" alt=\"\" \/><\/p>\n<div><strong>9 de outubro<\/strong><br \/>\nDas 17h \u00e0s 19h \u2014 Secretariado<br \/>\nRestaurante \u201cA Esplanada\u201d (Faj\u00e3 Grande)<\/div>\n<\/div>\n<div class=\"tqf-card\">\n<p><img decoding=\"async\" src=\"\/wp-content\/uploads\/2026\/08\/briefing.png\" alt=\"\" \/><\/p>\n<div><strong>9 de outubro \u2014 18h00<\/strong><br \/>\nRestaurante \u201cA Esplanada\u201d (Faj\u00e3 Grande)<\/div>\n<\/div>\n<\/div>\n<\/section>\n\n\t\t<\/div>\n\t<\/div>\n<div class=\"vc_empty_space\"   style=\"height: 77px\"><span class=\"vc_empty_space_inner\"><\/span><\/div><div class=\"mkdf-section-title-holder\" style=\" text-align: center\">\n\t<div class=\"mkdf-st-inner\" >\n\t\t\t\t\t<h2 class=\"mkdf-st-title\" >\n\t\t\t\tDia da Prova\t\t\t<\/h2>\n\t\t\t\t<div class=\"mkdf-separator-holder clearfix\" >\n\t\t<div class=\"mkdf-separator\" style=\"width: 80px\"><\/div>\n\t<\/div>\n\t<\/div>\n\t<\/div>\n\n\t<div class=\"wpb_text_column wpb_content_element\" >\n\t\t<div class=\"wpb_wrapper\">\n\t\t\t<h2 class=\"tqf-title\">DIA DA PROVA<\/h2>\n<div class=\"tqf-grid\">\n<div class=\"tqf-card\">\n<p><img decoding=\"async\" src=\"\/wp-content\/uploads\/2026\/08\/ico-secretariado.png\" alt=\"\" \/><\/p>\n<div><strong>05h30 \u2013 14h00<\/strong><br \/>\nSecretariado e bengaleiro<br \/>\n(Largo do Rossio \u2014 Faj\u00e3zinha)<\/div>\n<\/div>\n<div class=\"tqf-card\">\n<p><img decoding=\"async\" src=\"\/wp-content\/uploads\/2026\/08\/ico-bus.png\" alt=\"\" \/><\/p>\n<div><strong>06h30<\/strong><br \/>\nTransfer para o TQF42<br \/>\n(Largo do Rossio \u2014 Faj\u00e3zinha)<\/div>\n<\/div>\n<div class=\"tqf-card\">\n<p><img decoding=\"async\" src=\"\/wp-content\/uploads\/2026\/08\/ico-arch.png\" alt=\"\" \/><\/p>\n<div><strong>07h30<\/strong><br \/>\nPartida do TQF42<br \/>\n(Aeroporto das Flores)<\/div>\n<\/div>\n<div class=\"tqf-card\">\n<p><img decoding=\"async\" src=\"\/wp-content\/uploads\/2026\/08\/ico-bus.png\" alt=\"\" \/><\/p>\n<div><strong>08h00<\/strong><br \/>\nTransfer para o TQF21<br \/>\n(Largo do Rossio \u2014 Faj\u00e3zinha)<\/div>\n<\/div>\n<div class=\"tqf-card\">\n<p><img decoding=\"async\" src=\"\/wp-content\/uploads\/2026\/08\/ico-arch.png\" alt=\"\" \/><\/p>\n<div><strong>09h30<\/strong><br \/>\nPartida do TQF21<br \/>\n(Junta de Freguesia do Lajedo)<\/div>\n<\/div>\n<div class=\"tqf-card\">\n<p><img decoding=\"async\" src=\"\/wp-content\/uploads\/2026\/08\/ico-arch.png\" alt=\"\" \/><\/p>\n<div><strong>10h30<\/strong><br \/>\nPartida do TQF11<br \/>\n(Largo do Rossio \u2014 Faj\u00e3zinha)<\/div>\n<\/div>\n<div class=\"tqf-card\">\n<p><img decoding=\"async\" src=\"\/wp-content\/uploads\/2026\/08\/ico-arch.png\" alt=\"\" \/><\/p>\n<div><strong>10h40<\/strong><br \/>\nPartida do TQF1K<br \/>\n(Largo do Rossio \u2014 Faj\u00e3zinha)<\/div>\n<\/div>\n<div class=\"tqf-card\">\n<p><img decoding=\"async\" src=\"\/wp-content\/uploads\/2026\/08\/ico-arch.png\" alt=\"\" \/><\/p>\n<div><strong>11h00<\/strong><br \/>\nPartida do TQF6c<br \/>\n(Largo do Rossio \u2014 Faj\u00e3zinha)<\/div>\n<\/div>\n<div class=\"tqf-card\">\n<p><img decoding=\"async\" src=\"\/wp-content\/uploads\/2026\/08\/ponto-de-brincadeira.png\" alt=\"\" \/><\/p>\n<div><strong>09h00 \u00e0s 12h00<\/strong><br \/>\nPonto de brincadeira com a Pinch\u2019arte<br \/>\n(Faj\u00e3zinha)<\/div>\n<\/div>\n<div class=\"tqf-card\">\n<p><img decoding=\"async\" src=\"\/wp-content\/uploads\/2026\/08\/almoco.png\" alt=\"\" \/><\/p>\n<div><strong>13h00<\/strong><br \/>\nAlmo\u00e7o conv\u00edvio<\/div>\n<\/div>\n<div class=\"tqf-card\">\n<p><img decoding=\"async\" src=\"\/wp-content\/uploads\/2026\/08\/ico-trofeus.png\" alt=\"\" \/><\/p>\n<div><strong>14h00<\/strong><br \/>\nEntrega dos pr\u00e9mios<\/div>\n<\/div>\n<div class=\"tqf-card\">\n<p><img decoding=\"async\" src=\"\/wp-content\/uploads\/2026\/08\/ico-party.png\" alt=\"\" \/><\/p>\n<div><strong>15h00<\/strong><br \/>\nAfter party com DJ Slady<\/div>\n<\/div>\n<\/div>\n<p class=\"tqf-note\">Por motivos de for\u00e7a maior, os hor\u00e1rios e locais podem ser alterados.<\/p>\n\n\t\t<\/div>\n\t<\/div>\n<div class=\"vc_empty_space\"   style=\"height: 30px\"><span class=\"vc_empty_space_inner\"><\/span><\/div><div class=\"vc_empty_space\"   style=\"height: 59px\"><span class=\"vc_empty_space_inner\"><\/span><\/div><div class=\"vc_empty_space\"   style=\"height: 59px\"><span class=\"vc_empty_space_inner\"><\/span><\/div><\/div><\/div><\/div><div class=\"wpb_column vc_column_container vc_col-sm-12\"><div class=\"vc_column-inner\"><div class=\"wpb_wrapper\"><\/div><\/div><\/div><\/div><\/div><\/div><div class=\"mkdf-row-grid-section-wrapper mkdf-content-aligment-center\"  style=\"background-color:#fa471c\"><div class=\"mkdf-row-grid-section\"><div class=\"vc_row wpb_row vc_row-fluid mkdf-wpcf7-output vc_custom_1520501942827\" ><div class=\"wpb_column vc_column_container vc_col-sm-12 vc_col-lg-offset-3 vc_col-lg-6 vc_col-md-offset-1 vc_col-md-10 vc_col-sm-offset-0 vc_col-xs-12\"><div class=\"vc_column-inner\"><div class=\"wpb_wrapper\">\n\t<div class=\"wpb_text_column wpb_content_element\" >\n\t\t<div class=\"wpb_wrapper\">\n\t\t\t<h5><span style=\"color: #ffffff;\">Quero inscrever-me<\/span><\/h5>\n\n\t\t<\/div>\n\t<\/div>\n<div class=\"vc_empty_space\"   style=\"height: 25px\"><span class=\"vc_empty_space_inner\"><\/span><\/div><a itemprop=\"url\" href=\"http:\/\/www.acorrer.pt\/eventos\/4165\/info\" target=\"_blank\"  class=\"mkdf-btn mkdf-btn-medium mkdf-btn-solid mkdf-btn-separate-border\"  >\n\t\t\t<span class=\"mkdf-btn-sep-border\" ><\/span>\n\t    <span class=\"mkdf-btn-text\">Inscrever-me j\u00e1<\/span>\n\t<\/a><\/div><\/div><\/div><\/div><\/div><\/div>\n<\/section>","protected":false},"excerpt":{"rendered":"Programa Nesta 5\u00aa edi\u00e7\u00e3o o Trail do Queijo da Faj\u00e3zinha traz uma nova prova, que liga os dois concelhos da ilha. Entre as dist\u00e2ncias para corrida de 42km, 21km, 11km, a caminhada (6km) e o trail kids (1km), h\u00e1 provas [...]","protected":false},"author":1,"featured_media":0,"parent":0,"menu_order":0,"comment_status":"closed","ping_status":"closed","template":"full-width.php","meta":{"footnotes":""},"folder":[],"class_list":["post-3838","page","type-page","status-publish","hentry"],"_links":{"self":[{"href":"https:\/\/traildoqueijo.pt\/pt\/wp-json\/wp\/v2\/pages\/3838","targetHints":{"allow":["GET"]}}],"collection":[{"href":"https:\/\/traildoqueijo.pt\/pt\/wp-json\/wp\/v2\/pages"}],"about":[{"href":"https:\/\/traildoqueijo.pt\/pt\/wp-json\/wp\/v2\/types\/page"}],"author":[{"embeddable":true,"href":"https:\/\/traildoqueijo.pt\/pt\/wp-json\/wp\/v2\/users\/1"}],"replies":[{"embeddable":true,"href":"https:\/\/traildoqueijo.pt\/pt\/wp-json\/wp\/v2\/comments?post=3838"}],"version-history":[{"count":80,"href":"https:\/\/traildoqueijo.pt\/pt\/wp-json\/wp\/v2\/pages\/3838\/revisions"}],"predecessor-version":[{"id":5741,"href":"https:\/\/traildoqueijo.pt\/pt\/wp-json\/wp\/v2\/pages\/3838\/revisions\/5741"}],"wp:attachment":[{"href":"https:\/\/traildoqueijo.pt\/pt\/wp-json\/wp\/v2\/media?parent=3838"}],"wp:term":[{"taxonomy":"folder","embeddable":true,"href":"https:\/\/traildoqueijo.pt\/pt\/wp-json\/wp\/v2\/folder?post=3838"}],"curies":[{"name":"wp","href":"https:\/\/api.w.org\/{rel}","templated":true}]}}