{"id":4071,"date":"2026-08-05T12:50:19","date_gmt":"2026-08-05T12:50:19","guid":{"rendered":"https:\/\/traildoqueijo.pt\/?page_id=4071"},"modified":"2026-08-18T10:34:08","modified_gmt":"2026-08-18T10:34:08","slug":"tqf1k-by-purpled","status":"publish","type":"page","link":"https:\/\/traildoqueijo.pt\/pt\/tqf1k-by-purpled\/","title":{"rendered":"TQF1k Purpled Webconcepts"},"content":{"rendered":"<section class=\"wpb-content-wrapper\"><div class=\"mkdf-row-grid-section-wrapper\"  ><div class=\"mkdf-row-grid-section\"><div class=\"vc_row wpb_row vc_row-fluid vc_custom_1520253769990\" ><div class=\"wpb_column vc_column_container vc_col-sm-6\"><div class=\"vc_column-inner\"><div class=\"wpb_wrapper\"><div class=\"mkdf-section-title-holder\" style=\" text-align: center\">\n\t<div class=\"mkdf-st-inner\" >\n\t\t\t\t\t<h5 class=\"mkdf-st-title\" >\n\t\t\t\tPercurso\t\t\t<\/h5>\n\t\t\t\t<div class=\"mkdf-separator-holder clearfix\" >\n\t\t<div class=\"mkdf-separator\" style=\"border-color: #a8a8a8;width: 80px\"><\/div>\n\t<\/div>\n\t<\/div>\n\t<\/div>\n\n\t<div  class=\"wpb_single_image wpb_content_element vc_align_center  wpb_animate_when_almost_visible wpb_bounceInLeft bounceInLeft\">\n\t\t\n\t\t<figure class=\"wpb_wrapper vc_figure\">\n\t\t\t<div class=\"vc_single_image-wrapper vc_box_shadow_3d  vc_box_border_grey\"><img loading=\"lazy\" decoding=\"async\" data-vc-zoom=\"https:\/\/traildoqueijo.pt\/wp-content\/uploads\/2026\/08\/percurso-TQF1k-1.png\" width=\"300\" height=\"208\" src=\"https:\/\/traildoqueijo.pt\/wp-content\/uploads\/2026\/08\/percurso-TQF1k-1-300x208.png\" class=\"vc_single_image-img attachment-medium\" alt=\"\" title=\"percurso TQF1k\" srcset=\"https:\/\/traildoqueijo.pt\/wp-content\/uploads\/2026\/08\/percurso-TQF1k-1-300x208.png 300w, https:\/\/traildoqueijo.pt\/wp-content\/uploads\/2026\/08\/percurso-TQF1k-1-768x533.png 768w, https:\/\/traildoqueijo.pt\/wp-content\/uploads\/2026\/08\/percurso-TQF1k-1-600x417.png 600w, https:\/\/traildoqueijo.pt\/wp-content\/uploads\/2026\/08\/percurso-TQF1k-1.png 1024w\" sizes=\"auto, (max-width: 300px) 100vw, 300px\" \/><\/div>\n\t\t<\/figure>\n\t<\/div>\n<\/div><\/div><\/div><div class=\"wpb_column vc_column_container vc_col-sm-6\"><div class=\"vc_column-inner\"><div class=\"wpb_wrapper\"><div class=\"mkdf-section-title-holder\" >\n\t<div class=\"mkdf-st-inner\" >\n\t\t\t\t\t<h2 class=\"mkdf-st-title\" >\n\t\t\t\tDo que se trata?\t\t\t<\/h2>\n\t\t\t\t\t<\/div>\n\t<\/div>\n\n\t<div class=\"wpb_text_column wpb_content_element\" >\n\t\t<div class=\"wpb_wrapper\">\n\t\t\t<p>Depois da estreia desta prova na edi\u00e7\u00e3o anterior, voltamos a desafiar os mais novos, porque de pequenino \u00e9 que se torce o pepino. Ao longo deste quil\u00f3metro os pequenos atletas percorrer\u00e3o algumas das ruas da freguesia e uma extens\u00e3o de cerca de 400 metros em trilho.<\/p>\n<p>Nunca \u00e9 cedo demais para cultivar o gosto pela corrida e pela pr\u00e1tica de exerc\u00edcio f\u00edsico, por isso se tens crian\u00e7as na fam\u00edlia entre os 6 e os 12, inscreve-os, garantimos que n\u00e3o se ir\u00e3o arrepender.<\/p>\n\n\t\t<\/div>\n\t<\/div>\n<\/div><\/div><\/div><\/div><\/div><\/div><div class=\"vc_row wpb_row vc_row-fluid mkdf-content-aligment-center\" ><div class=\"wpb_column vc_column_container vc_col-sm-3\"><div class=\"vc_column-inner\"><div class=\"wpb_wrapper\"><div class=\"vc-hoverbox-wrapper  vc-hoverbox-shape--rounded vc-hoverbox-align--center vc-hoverbox-direction--default vc-hoverbox-width--100\"  ontouchstart=\"\">\n  <div class=\"vc-hoverbox\">\n    <div class=\"vc-hoverbox-inner\">\n      <div class=\"vc-hoverbox-block vc-hoverbox-front\" style=\"background-image: url(https:\/\/traildoqueijo.pt\/wp-content\/uploads\/2026\/08\/distancia_fundo.jpg);\">\n        <div class=\"vc-hoverbox-block-inner vc-hoverbox-front-inner\">\n            \n        <\/div>\n      <\/div>\n      <div class=\"vc-hoverbox-block vc-hoverbox-back\" style=\"background-color: #ebebeb;\">\n        <div class=\"vc-hoverbox-block-inner vc-hoverbox-back-inner\">\n            <h2 style=\"text-align:center\">Dist\u00e2ncia<\/h2>\n            <h4><strong>1,18 km<\/strong><\/h4>\n\n            \n        <\/div>\n      <\/div>\n    <\/div>\n  <\/div>\n<\/div><\/div><\/div><\/div><div class=\"wpb_column vc_column_container vc_col-sm-3\"><div class=\"vc_column-inner\"><div class=\"wpb_wrapper\"><div class=\"vc-hoverbox-wrapper  vc-hoverbox-shape--rounded vc-hoverbox-align--center vc-hoverbox-direction--default vc-hoverbox-width--100\"  ontouchstart=\"\">\n  <div class=\"vc-hoverbox\">\n    <div class=\"vc-hoverbox-inner\">\n      <div class=\"vc-hoverbox-block vc-hoverbox-front\" style=\"background-image: url(https:\/\/traildoqueijo.pt\/wp-content\/uploads\/2026\/08\/pontopartida_fundo.jpg);\">\n        <div class=\"vc-hoverbox-block-inner vc-hoverbox-front-inner\">\n            \n        <\/div>\n      <\/div>\n      <div class=\"vc-hoverbox-block vc-hoverbox-back\" style=\"background-color: #ebebeb;\">\n        <div class=\"vc-hoverbox-block-inner vc-hoverbox-back-inner\">\n            <h2 style=\"text-align:center\">Ponto de partida<\/h2>\n            <h4><strong>Largo do Rossio<\/strong><\/h4>\n\n            \n        <\/div>\n      <\/div>\n    <\/div>\n  <\/div>\n<\/div><\/div><\/div><\/div><div class=\"wpb_column vc_column_container vc_col-sm-3\"><div class=\"vc_column-inner\"><div class=\"wpb_wrapper\"><div class=\"vc-hoverbox-wrapper  vc-hoverbox-shape--rounded vc-hoverbox-align--center vc-hoverbox-direction--default vc-hoverbox-width--100\"  ontouchstart=\"\">\n  <div class=\"vc-hoverbox\">\n    <div class=\"vc-hoverbox-inner\">\n      <div class=\"vc-hoverbox-block vc-hoverbox-front\" style=\"background-image: url(https:\/\/traildoqueijo.pt\/wp-content\/uploads\/2026\/08\/hora_fundo.jpg);\">\n        <div class=\"vc-hoverbox-block-inner vc-hoverbox-front-inner\">\n            \n        <\/div>\n      <\/div>\n      <div class=\"vc-hoverbox-block vc-hoverbox-back\" style=\"background-color: #ebebeb;\">\n        <div class=\"vc-hoverbox-block-inner vc-hoverbox-back-inner\">\n            <h2 style=\"text-align:center\">Hora de partida<\/h2>\n            <h4><strong>10h40 (tempo limite 0h15)<\/strong><\/h4>\n\n            \n        <\/div>\n      <\/div>\n    <\/div>\n  <\/div>\n<\/div><\/div><\/div><\/div><div class=\"wpb_column vc_column_container vc_col-sm-3\"><div class=\"vc_column-inner\"><div class=\"wpb_wrapper\"><div class=\"vc-hoverbox-wrapper  vc-hoverbox-shape--rounded vc-hoverbox-align--center vc-hoverbox-direction--default vc-hoverbox-width--100\"  ontouchstart=\"\">\n  <div class=\"vc-hoverbox\">\n    <div class=\"vc-hoverbox-inner\">\n      <div class=\"vc-hoverbox-block vc-hoverbox-front\" style=\"background-image: url(https:\/\/traildoqueijo.pt\/wp-content\/uploads\/2026\/08\/pictograma-02_01-1.png);\">\n        <div class=\"vc-hoverbox-block-inner vc-hoverbox-front-inner\">\n            \n        <\/div>\n      <\/div>\n      <div class=\"vc-hoverbox-block vc-hoverbox-back\" style=\"background-color: #ebebeb;\">\n        <div class=\"vc-hoverbox-block-inner vc-hoverbox-back-inner\">\n            <h2 style=\"text-align:center\">Desn\u00edvel acumulado<\/h2>\n            <h4><strong>30d+\/30d-<\/strong><\/h4>\n\n            \n        <\/div>\n      <\/div>\n    <\/div>\n  <\/div>\n<\/div><\/div><\/div><\/div><\/div><div class=\"vc_row wpb_row vc_row-fluid wpb_animate_when_almost_visible wpb_bounceInRight bounceInRight vc_row-o-content-middle vc_row-flex\" ><div class=\"wpb_column vc_column_container vc_col-sm-6\"><div class=\"vc_column-inner vc_custom_1786100949497\"><div class=\"wpb_wrapper\"><div class=\"mkdf-elements-holder   mkdf-one-column  mkdf-responsive-mode-768 mkdf-one-column-alignment-right\" ><div class=\"mkdf-eh-item   mkdf-horizontal-alignment-center\"  data-item-class=\"mkdf-eh-custom-5243\">\n\t<div class=\"mkdf-eh-item-inner\">\n\t\t<div class=\"mkdf-eh-item-content mkdf-eh-custom-5243\" >\n\t\t\t<div class=\"vc_empty_space\"   style=\"height: 100px\"><span class=\"vc_empty_space_inner\"><\/span><\/div><div class=\"mkdf-single-image-holder\">\n\t<div class=\"mkdf-si-inner\" >\n\t\t\t\t\t\t\t\t\t<img loading=\"lazy\" decoding=\"async\" width=\"614\" height=\"406\" src=\"https:\/\/traildoqueijo.pt\/wp-content\/uploads\/2026\/08\/pictograma_06-removebg-preview.png\" class=\"attachment-large size-large\" alt=\"\" srcset=\"https:\/\/traildoqueijo.pt\/wp-content\/uploads\/2026\/08\/pictograma_06-removebg-preview.png 614w, https:\/\/traildoqueijo.pt\/wp-content\/uploads\/2026\/08\/pictograma_06-removebg-preview-300x198.png 300w, https:\/\/traildoqueijo.pt\/wp-content\/uploads\/2026\/08\/pictograma_06-removebg-preview-600x397.png 600w\" sizes=\"auto, (max-width: 614px) 100vw, 614px\" \/>\t\t\t\t\t\t<\/div>\n<\/div>\n\t\t<\/div>\n\t<\/div>\n<\/div><\/div><div class=\"mkdf-separator-holder clearfix  mkdf-separator-center\" >\n\t\t<div class=\"mkdf-separator\" ><\/div>\n\t\t\t<span class=\"mkdf-separator-icon\" >\n\t\t\t\t\t<\/span>\n\t\t\t\t\t<div class=\"mkdf-separator\" ><\/div>\n\t\t\t<\/div>\n<\/div><\/div><\/div><div class=\"wpb_column vc_column_container vc_col-sm-6\"><div class=\"vc_column-inner\"><div class=\"wpb_wrapper\"><div class=\"vc_empty_space\"   style=\"height: 100px\"><span class=\"vc_empty_space_inner\"><\/span><\/div><div class=\"mkdf-single-image-holder\">\n\t<div class=\"mkdf-si-inner\" >\n\t\t\t\t\t\t\t\t\t<img loading=\"lazy\" decoding=\"async\" width=\"814\" height=\"354\" src=\"https:\/\/traildoqueijo.pt\/wp-content\/uploads\/2026\/08\/perfil-TQF1km.jpg\" class=\"attachment-full size-full\" alt=\"\" srcset=\"https:\/\/traildoqueijo.pt\/wp-content\/uploads\/2026\/08\/perfil-TQF1km.jpg 814w, https:\/\/traildoqueijo.pt\/wp-content\/uploads\/2026\/08\/perfil-TQF1km-300x130.jpg 300w, https:\/\/traildoqueijo.pt\/wp-content\/uploads\/2026\/08\/perfil-TQF1km-768x334.jpg 768w, https:\/\/traildoqueijo.pt\/wp-content\/uploads\/2026\/08\/perfil-TQF1km-600x261.jpg 600w\" sizes=\"auto, (max-width: 814px) 100vw, 814px\" \/>\t\t\t\t\t\t<\/div>\n<\/div>\n<\/div><\/div><\/div><\/div><div class=\"vc_row wpb_row vc_row-fluid\" ><div class=\"wpb_column vc_column_container vc_col-sm-12\"><div class=\"vc_column-inner\"><div class=\"wpb_wrapper\"><div class=\"vc_empty_space\"   style=\"height: 100px\"><span class=\"vc_empty_space_inner\"><\/span><\/div><div class=\"mkdf-section-title-holder\" style=\" text-align: center\">\n\t<div class=\"mkdf-st-inner\" >\n\t\t\t\t\t<h2 class=\"mkdf-st-title\" >\n\t\t\t\tEsta \u00e9 a minha prova de elei\u00e7\u00e3o\t\t\t<\/h2>\n\t\t\t\t\t<\/div>\n\t<\/div>\n<div class=\"vc_empty_space\"   style=\"height: 40px\"><span class=\"vc_empty_space_inner\"><\/span><\/div><div class=\"vc_btn3-container  wpb_animate_when_almost_visible wpb_fadeInUp fadeInUp vc_btn3-center\" ><a class=\"vc_general vc_btn3 vc_btn3-size-lg vc_btn3-shape-rounded vc_btn3-style-3d vc_btn3-color-warning\" href=\"http:\/\/www.acorrer.pt\/eventos\/4165\/info\" title=\"\">Inscrever-me<\/a><\/div><\/div><\/div><\/div><div class=\"wpb_column vc_column_container vc_col-sm-12\"><div class=\"vc_column-inner\"><div class=\"wpb_wrapper\"><\/div><\/div><\/div><\/div><div class=\"vc_row wpb_row vc_row-fluid\" ><div class=\"wpb_column vc_column_container vc_col-sm-12\"><div class=\"vc_column-inner\"><div class=\"wpb_wrapper\"><\/div><\/div><\/div><\/div>\n<\/section>","protected":false},"excerpt":{"rendered":"Percurso Do que se trata? Depois da estreia desta prova na edi\u00e7\u00e3o anterior, voltamos a desafiar os mais novos, porque de pequenino \u00e9 que se torce o pepino. Ao longo deste quil\u00f3metro os pequenos atletas percorrer\u00e3o algumas das ruas da [...]","protected":false},"author":1,"featured_media":0,"parent":0,"menu_order":0,"comment_status":"closed","ping_status":"closed","template":"full-width.php","meta":{"footnotes":""},"folder":[],"class_list":["post-4071","page","type-page","status-publish","hentry"],"_links":{"self":[{"href":"https:\/\/traildoqueijo.pt\/pt\/wp-json\/wp\/v2\/pages\/4071","targetHints":{"allow":["GET"]}}],"collection":[{"href":"https:\/\/traildoqueijo.pt\/pt\/wp-json\/wp\/v2\/pages"}],"about":[{"href":"https:\/\/traildoqueijo.pt\/pt\/wp-json\/wp\/v2\/types\/page"}],"author":[{"embeddable":true,"href":"https:\/\/traildoqueijo.pt\/pt\/wp-json\/wp\/v2\/users\/1"}],"replies":[{"embeddable":true,"href":"https:\/\/traildoqueijo.pt\/pt\/wp-json\/wp\/v2\/comments?post=4071"}],"version-history":[{"count":120,"href":"https:\/\/traildoqueijo.pt\/pt\/wp-json\/wp\/v2\/pages\/4071\/revisions"}],"predecessor-version":[{"id":5731,"href":"https:\/\/traildoqueijo.pt\/pt\/wp-json\/wp\/v2\/pages\/4071\/revisions\/5731"}],"wp:attachment":[{"href":"https:\/\/traildoqueijo.pt\/pt\/wp-json\/wp\/v2\/media?parent=4071"}],"wp:term":[{"taxonomy":"folder","embeddable":true,"href":"https:\/\/traildoqueijo.pt\/pt\/wp-json\/wp\/v2\/folder?post=4071"}],"curies":[{"name":"wp","href":"https:\/\/api.w.org\/{rel}","templated":true}]}}