{"id":4158,"date":"2026-08-05T15:46:25","date_gmt":"2026-08-05T15:46:25","guid":{"rendered":"https:\/\/traildoqueijo.pt\/?page_id=4158"},"modified":"2026-08-18T10:35:20","modified_gmt":"2026-08-18T10:35:20","slug":"tqf21-by-agritratores","status":"publish","type":"page","link":"https:\/\/traildoqueijo.pt\/pt\/tqf21-by-agritratores\/","title":{"rendered":"TQF21 Agritratores"},"content":{"rendered":"<section class=\"wpb-content-wrapper\"><div class=\"mkdf-row-grid-section-wrapper\"  ><div class=\"mkdf-row-grid-section\"><div class=\"vc_row wpb_row vc_row-fluid vc_custom_1520253769990\" ><div class=\"wpb_column vc_column_container vc_col-sm-6\"><div class=\"vc_column-inner\"><div class=\"wpb_wrapper\"><div class=\"mkdf-section-title-holder\" style=\" text-align: center\">\n\t<div class=\"mkdf-st-inner\" >\n\t\t\t\t\t<h5 class=\"mkdf-st-title\" >\n\t\t\t\tPercurso\t\t\t<\/h5>\n\t\t\t\t<div class=\"mkdf-separator-holder clearfix\" >\n\t\t<div class=\"mkdf-separator\" style=\"border-color: #a8a8a8;width: 80px\"><\/div>\n\t<\/div>\n\t<\/div>\n\t<\/div>\n\n\t<div  class=\"wpb_single_image wpb_content_element vc_align_center  wpb_animate_when_almost_visible wpb_bounceInLeft bounceInLeft\">\n\t\t\n\t\t<figure class=\"wpb_wrapper vc_figure\">\n\t\t\t<div class=\"vc_single_image-wrapper vc_box_shadow_3d  vc_box_border_grey\"><img loading=\"lazy\" decoding=\"async\" data-vc-zoom=\"https:\/\/traildoqueijo.pt\/wp-content\/uploads\/2026\/08\/percurso-TQF21-2.png\" width=\"296\" height=\"300\" src=\"https:\/\/traildoqueijo.pt\/wp-content\/uploads\/2026\/08\/percurso-TQF21-2-296x300.png\" class=\"vc_single_image-img attachment-medium\" alt=\"\" title=\"percurso TQF21\" srcset=\"https:\/\/traildoqueijo.pt\/wp-content\/uploads\/2026\/08\/percurso-TQF21-2-296x300.png 296w, https:\/\/traildoqueijo.pt\/wp-content\/uploads\/2026\/08\/percurso-TQF21-2-600x609.png 600w, https:\/\/traildoqueijo.pt\/wp-content\/uploads\/2026\/08\/percurso-TQF21-2-100x100.png 100w, https:\/\/traildoqueijo.pt\/wp-content\/uploads\/2026\/08\/percurso-TQF21-2.png 760w\" sizes=\"auto, (max-width: 296px) 100vw, 296px\" \/><\/div>\n\t\t<\/figure>\n\t<\/div>\n<\/div><\/div><\/div><div class=\"wpb_column vc_column_container vc_col-sm-6\"><div class=\"vc_column-inner\"><div class=\"wpb_wrapper\"><div class=\"mkdf-section-title-holder\" >\n\t<div class=\"mkdf-st-inner\" >\n\t\t\t\t\t<h2 class=\"mkdf-st-title\" >\n\t\t\t\tDo que se trata?\t\t\t<\/h2>\n\t\t\t\t\t<\/div>\n\t<\/div>\n\n\t<div class=\"wpb_text_column wpb_content_element\" >\n\t\t<div class=\"wpb_wrapper\">\n\t\t\t<p>Com partida na freguesia do Lajedo e meta na freguesia da Faj\u00e3zinha, poder\u00e1s percorrer toda a costa sudoeste da ilha das Flores, por caminhos usados pelos locais antes da constru\u00e7\u00e3o da Estrada Regional, com a encosta de um lado e o mar do outro.<\/p>\n<p>A freguesia do Mosteiro, com o seu t\u00famulo do pirata, o lugar da Caldeira com as suas ru\u00ednas aninhadas na clareira, a Rocha dos Bord\u00f5es, ex-libris das paisagens geol\u00f3gicas dos A\u00e7ores, o Po\u00e7o da Alagoinha, escondido da maioria dos olhares, a freguesia da Faj\u00e3 Grande com a sua imponente cascata do Po\u00e7o do Bacalhau e a Aldeia da Cuada, com as suas casas e caminhos que nos remetem para um passado long\u00ednquo, s\u00e3o alguns dos locais por onde poder\u00e1s passar se te inscreveres nesta prova.<\/p>\n<p>Vem descobri-los!<\/p>\n\n\t\t<\/div>\n\t<\/div>\n<\/div><\/div><\/div><\/div><\/div><\/div><div class=\"vc_row wpb_row vc_row-fluid mkdf-content-aligment-center\" ><div class=\"wpb_column vc_column_container vc_col-sm-3\"><div class=\"vc_column-inner\"><div class=\"wpb_wrapper\"><div class=\"vc-hoverbox-wrapper  vc-hoverbox-shape--rounded vc-hoverbox-align--center vc-hoverbox-direction--default vc-hoverbox-width--100\"  ontouchstart=\"\">\n  <div class=\"vc-hoverbox\">\n    <div class=\"vc-hoverbox-inner\">\n      <div class=\"vc-hoverbox-block vc-hoverbox-front\" style=\"background-image: url(https:\/\/traildoqueijo.pt\/wp-content\/uploads\/2026\/08\/distancia_fundo.jpg);\">\n        <div class=\"vc-hoverbox-block-inner vc-hoverbox-front-inner\">\n            \n        <\/div>\n      <\/div>\n      <div class=\"vc-hoverbox-block vc-hoverbox-back\" style=\"background-color: #ebebeb;\">\n        <div class=\"vc-hoverbox-block-inner vc-hoverbox-back-inner\">\n            <h2 style=\"text-align:center\">Dist\u00e2ncia<\/h2>\n            <h4><strong>21,5 km<\/strong><\/h4>\n\n            \n        <\/div>\n      <\/div>\n    <\/div>\n  <\/div>\n<\/div><\/div><\/div><\/div><div class=\"wpb_column vc_column_container vc_col-sm-3\"><div class=\"vc_column-inner\"><div class=\"wpb_wrapper\"><div class=\"vc-hoverbox-wrapper  vc-hoverbox-shape--rounded vc-hoverbox-align--center vc-hoverbox-direction--default vc-hoverbox-width--100\"  ontouchstart=\"\">\n  <div class=\"vc-hoverbox\">\n    <div class=\"vc-hoverbox-inner\">\n      <div class=\"vc-hoverbox-block vc-hoverbox-front\" style=\"background-image: url(https:\/\/traildoqueijo.pt\/wp-content\/uploads\/2026\/08\/pontopartida_fundo.jpg);\">\n        <div class=\"vc-hoverbox-block-inner vc-hoverbox-front-inner\">\n            \n        <\/div>\n      <\/div>\n      <div class=\"vc-hoverbox-block vc-hoverbox-back\" style=\"background-color: #ebebeb;\">\n        <div class=\"vc-hoverbox-block-inner vc-hoverbox-back-inner\">\n            <h2 style=\"text-align:center\">Ponto de partida<\/h2>\n            <h4><strong>Junta de Freguesia do Lajedo<\/strong><\/h4>\n\n            \n        <\/div>\n      <\/div>\n    <\/div>\n  <\/div>\n<\/div><\/div><\/div><\/div><div class=\"wpb_column vc_column_container vc_col-sm-3\"><div class=\"vc_column-inner\"><div class=\"wpb_wrapper\"><div class=\"vc-hoverbox-wrapper  vc-hoverbox-shape--rounded vc-hoverbox-align--center vc-hoverbox-direction--default vc-hoverbox-width--100\"  ontouchstart=\"\">\n  <div class=\"vc-hoverbox\">\n    <div class=\"vc-hoverbox-inner\">\n      <div class=\"vc-hoverbox-block vc-hoverbox-front\" style=\"background-image: url(https:\/\/traildoqueijo.pt\/wp-content\/uploads\/2026\/08\/hora_fundo.jpg);\">\n        <div class=\"vc-hoverbox-block-inner vc-hoverbox-front-inner\">\n            \n        <\/div>\n      <\/div>\n      <div class=\"vc-hoverbox-block vc-hoverbox-back\" style=\"background-color: #ebebeb;\">\n        <div class=\"vc-hoverbox-block-inner vc-hoverbox-back-inner\">\n            <h2 style=\"text-align:center\">Hora de partida<\/h2>\n            <h4><strong>09h30 (tempo limite 4h30)<\/strong><\/h4>\n\n            \n        <\/div>\n      <\/div>\n    <\/div>\n  <\/div>\n<\/div><\/div><\/div><\/div><div class=\"wpb_column vc_column_container vc_col-sm-3\"><div class=\"vc_column-inner\"><div class=\"wpb_wrapper\"><div class=\"vc-hoverbox-wrapper  vc-hoverbox-shape--rounded vc-hoverbox-align--center vc-hoverbox-direction--default vc-hoverbox-width--100\"  ontouchstart=\"\">\n  <div class=\"vc-hoverbox\">\n    <div class=\"vc-hoverbox-inner\">\n      <div class=\"vc-hoverbox-block vc-hoverbox-front\" style=\"background-image: url(https:\/\/traildoqueijo.pt\/wp-content\/uploads\/2026\/08\/pictograma-02_01-1.png);\">\n        <div class=\"vc-hoverbox-block-inner vc-hoverbox-front-inner\">\n            \n        <\/div>\n      <\/div>\n      <div class=\"vc-hoverbox-block vc-hoverbox-back\" style=\"background-color: #ebebeb;\">\n        <div class=\"vc-hoverbox-block-inner vc-hoverbox-back-inner\">\n            <h2 style=\"text-align:center\">Desn\u00edvel acumulado<\/h2>\n            <h4><strong>810d+\/940d-<\/strong><\/h4>\n\n            \n        <\/div>\n      <\/div>\n    <\/div>\n  <\/div>\n<\/div><\/div><\/div><\/div><\/div><div class=\"vc_row wpb_row vc_row-fluid wpb_animate_when_almost_visible wpb_bounceInRight bounceInRight vc_row-o-content-middle vc_row-flex\" ><div class=\"wpb_column vc_column_container vc_col-sm-6\"><div class=\"vc_column-inner vc_custom_1786100949497\"><div class=\"wpb_wrapper\"><div class=\"mkdf-elements-holder   mkdf-one-column  mkdf-responsive-mode-768 mkdf-one-column-alignment-right\" ><div class=\"mkdf-eh-item   mkdf-horizontal-alignment-center\"  data-item-class=\"mkdf-eh-custom-8750\">\n\t<div class=\"mkdf-eh-item-inner\">\n\t\t<div class=\"mkdf-eh-item-content mkdf-eh-custom-8750\" >\n\t\t\t<div class=\"vc_empty_space\"   style=\"height: 100px\"><span class=\"vc_empty_space_inner\"><\/span><\/div><div class=\"mkdf-single-image-holder\">\n\t<div class=\"mkdf-si-inner\" >\n\t\t\t\t\t\t\t\t\t<img loading=\"lazy\" decoding=\"async\" width=\"614\" height=\"406\" src=\"https:\/\/traildoqueijo.pt\/wp-content\/uploads\/2026\/08\/pictograma_06-removebg-preview.png\" class=\"attachment-large size-large\" alt=\"\" srcset=\"https:\/\/traildoqueijo.pt\/wp-content\/uploads\/2026\/08\/pictograma_06-removebg-preview.png 614w, https:\/\/traildoqueijo.pt\/wp-content\/uploads\/2026\/08\/pictograma_06-removebg-preview-300x198.png 300w, https:\/\/traildoqueijo.pt\/wp-content\/uploads\/2026\/08\/pictograma_06-removebg-preview-600x397.png 600w\" sizes=\"auto, (max-width: 614px) 100vw, 614px\" \/>\t\t\t\t\t\t<\/div>\n<\/div>\n\t\t<\/div>\n\t<\/div>\n<\/div><\/div><div class=\"mkdf-separator-holder clearfix  mkdf-separator-center\" >\n\t\t<div class=\"mkdf-separator\" ><\/div>\n\t\t\t<span class=\"mkdf-separator-icon\" >\n\t\t\t\t\t<\/span>\n\t\t\t\t\t<div class=\"mkdf-separator\" ><\/div>\n\t\t\t<\/div>\n<\/div><\/div><\/div><div class=\"wpb_column vc_column_container vc_col-sm-6\"><div class=\"vc_column-inner\"><div class=\"wpb_wrapper\"><div class=\"vc_empty_space\"   style=\"height: 100px\"><span class=\"vc_empty_space_inner\"><\/span><\/div><div class=\"mkdf-single-image-holder\">\n\t<div class=\"mkdf-si-inner\" >\n\t\t\t\t\t\t\t\t\t<img loading=\"lazy\" decoding=\"async\" width=\"814\" height=\"372\" src=\"https:\/\/traildoqueijo.pt\/wp-content\/uploads\/2026\/08\/perfil-TQ21km.jpg\" class=\"attachment-full size-full\" alt=\"\" srcset=\"https:\/\/traildoqueijo.pt\/wp-content\/uploads\/2026\/08\/perfil-TQ21km.jpg 814w, https:\/\/traildoqueijo.pt\/wp-content\/uploads\/2026\/08\/perfil-TQ21km-300x137.jpg 300w, https:\/\/traildoqueijo.pt\/wp-content\/uploads\/2026\/08\/perfil-TQ21km-768x351.jpg 768w, https:\/\/traildoqueijo.pt\/wp-content\/uploads\/2026\/08\/perfil-TQ21km-600x274.jpg 600w\" sizes=\"auto, (max-width: 814px) 100vw, 814px\" \/>\t\t\t\t\t\t<\/div>\n<\/div>\n<\/div><\/div><\/div><\/div><div class=\"vc_row wpb_row vc_row-fluid\" ><div class=\"wpb_column vc_column_container vc_col-sm-12\"><div class=\"vc_column-inner\"><div class=\"wpb_wrapper\"><div class=\"vc_empty_space\"   style=\"height: 100px\"><span class=\"vc_empty_space_inner\"><\/span><\/div><div class=\"mkdf-section-title-holder\" style=\" text-align: center\">\n\t<div class=\"mkdf-st-inner\" >\n\t\t\t\t\t<h2 class=\"mkdf-st-title\" >\n\t\t\t\tEsta \u00e9 a minha prova de elei\u00e7\u00e3o\t\t\t<\/h2>\n\t\t\t\t\t<\/div>\n\t<\/div>\n<div class=\"vc_empty_space\"   style=\"height: 40px\"><span class=\"vc_empty_space_inner\"><\/span><\/div><div class=\"vc_btn3-container  wpb_animate_when_almost_visible wpb_fadeInUp fadeInUp vc_btn3-center\" ><a class=\"vc_general vc_btn3 vc_btn3-size-md vc_btn3-shape-rounded vc_btn3-style-modern vc_btn3-color-warning\" href=\"http:\/\/www.acorrer.pt\/eventos\/4165\/info\" title=\"\">Inscrever-me<\/a><\/div><\/div><\/div><\/div><\/div><div class=\"vc_row wpb_row vc_row-fluid\" ><div class=\"wpb_column vc_column_container vc_col-sm-12\"><div class=\"vc_column-inner\"><div class=\"wpb_wrapper\"><\/div><\/div><\/div><\/div>\n<\/section>","protected":false},"excerpt":{"rendered":"Percurso Do que se trata? Com partida na freguesia do Lajedo e meta na freguesia da Faj\u00e3zinha, poder\u00e1s percorrer toda a costa sudoeste da ilha das Flores, por caminhos usados pelos locais antes da constru\u00e7\u00e3o da Estrada Regional, com a [...]","protected":false},"author":2,"featured_media":0,"parent":0,"menu_order":0,"comment_status":"closed","ping_status":"closed","template":"full-width.php","meta":{"footnotes":""},"folder":[],"class_list":["post-4158","page","type-page","status-publish","hentry"],"_links":{"self":[{"href":"https:\/\/traildoqueijo.pt\/pt\/wp-json\/wp\/v2\/pages\/4158","targetHints":{"allow":["GET"]}}],"collection":[{"href":"https:\/\/traildoqueijo.pt\/pt\/wp-json\/wp\/v2\/pages"}],"about":[{"href":"https:\/\/traildoqueijo.pt\/pt\/wp-json\/wp\/v2\/types\/page"}],"author":[{"embeddable":true,"href":"https:\/\/traildoqueijo.pt\/pt\/wp-json\/wp\/v2\/users\/2"}],"replies":[{"embeddable":true,"href":"https:\/\/traildoqueijo.pt\/pt\/wp-json\/wp\/v2\/comments?post=4158"}],"version-history":[{"count":13,"href":"https:\/\/traildoqueijo.pt\/pt\/wp-json\/wp\/v2\/pages\/4158\/revisions"}],"predecessor-version":[{"id":5732,"href":"https:\/\/traildoqueijo.pt\/pt\/wp-json\/wp\/v2\/pages\/4158\/revisions\/5732"}],"wp:attachment":[{"href":"https:\/\/traildoqueijo.pt\/pt\/wp-json\/wp\/v2\/media?parent=4158"}],"wp:term":[{"taxonomy":"folder","embeddable":true,"href":"https:\/\/traildoqueijo.pt\/pt\/wp-json\/wp\/v2\/folder?post=4158"}],"curies":[{"name":"wp","href":"https:\/\/api.w.org\/{rel}","templated":true}]}}