{"id":4441,"date":"2026-08-10T11:08:39","date_gmt":"2026-08-10T11:08:39","guid":{"rendered":"https:\/\/traildoqueijo.pt\/?page_id=4441"},"modified":"2026-08-18T10:22:36","modified_gmt":"2026-08-18T10:22:36","slug":"onde-comer","status":"publish","type":"page","link":"https:\/\/traildoqueijo.pt\/pt\/onde-comer\/","title":{"rendered":"Onde comer"},"content":{"rendered":"<section class=\"wpb-content-wrapper\"><div class=\"mkdf-row-grid-section-wrapper\"  style=\"background-color:#f2f1f1\"><div class=\"mkdf-row-grid-section\"><div class=\"vc_row wpb_row vc_row-fluid vc_custom_1520325605842\" ><div class=\"wpb_column vc_column_container vc_col-sm-6\"><div class=\"vc_column-inner\"><div class=\"wpb_wrapper\"><div class=\"mkdf-elements-holder   mkdf-three-columns  mkdf-responsive-mode-1024\" ><div class=\"mkdf-eh-item\"  data-item-class=\"mkdf-eh-custom-9916\" data-1280-1600=\"0px 40px 0px 0px\" data-1024-1280=\"0px 40px 0px 0px\" data-768-1024=\"0px 375px 0px 0px\" data-680-768=\"0px 224px 0px 0px\" data-680=\"0px\">\n\t<div class=\"mkdf-eh-item-inner\">\n\t\t<div class=\"mkdf-eh-item-content mkdf-eh-custom-9916\" style=\"padding: 0px 70px 0px 0px\">\n\t\t\t<div class=\"mkdf-section-title-holder   mkdf-st-has-bckg-image\" >\n\t<div class=\"mkdf-st-inner\" style=\"background-image: url(&#039;https:\/\/traildoqueijo.pt\/wp-content\/uploads\/2018\/02\/p2-title-background-img-1.png&#039;)\">\n\t\t\t\t\t<h2 class=\"mkdf-st-title\" >\n\t\t\t\tOnde Comer<br \/>\t\t\t<\/h2>\n\t\t\t\t<div class=\"mkdf-separator-holder clearfix\" >\n\t\t<div class=\"mkdf-separator\" style=\"width: 80px\"><\/div>\n\t<\/div>\n\t<\/div>\n\t\t\t<p class=\"mkdf-st-text\" style=\"margin-top: -6px\">\n\t\t\tPara que tenhas a energia necess\u00e1ria nestes dias, \u00e9 importante escolher bem as refei\u00e7\u00f5es. Deixamos as nossas sugest\u00f5es, bem diversas e onde poder\u00e1s encontrar desde os pratos tradicionais aos mais contempor\u00e2neos.<br \/>\nIdentifica-te como atleta do TQF para teres acesso aos descontos que os nossos parceiros disponibilizam.\t\t<\/p>\n\t<\/div>\n<div class=\"vc_empty_space\"   style=\"height: 77px\"><span class=\"vc_empty_space_inner\"><\/span><\/div>\t\t<\/div>\n\t<\/div>\n<\/div><\/div><\/div><\/div><\/div><div class=\"wpb_column vc_column_container vc_col-sm-6\"><div class=\"vc_column-inner\"><div class=\"wpb_wrapper\"><div class=\"vc_empty_space\"   style=\"height: 30px\"><span class=\"vc_empty_space_inner\"><\/span><\/div><div class=\"mkdf-iwt clearfix  mkdf-iwt-icon-left mkdf-iwt-icon-medium mkdf-iwt-has-hover-icon\">\n\t<div class=\"mkdf-iwt-icon\">\n\t\t\t\t\t<a itemprop=\"url\" href=\"https:\/\/traildoqueijo.pt\/pt\/como-chegar\/\" target=\"_self\">\n\t\t\t\t\t\t\t\t\t<span class=\"mkdf-iwt-custom-icon\">\n\t\t\t\t\t<img loading=\"lazy\" decoding=\"async\" width=\"55\" height=\"45\" src=\"https:\/\/traildoqueijo.pt\/wp-content\/uploads\/2026\/07\/como_chegar-1.png\" class=\"attachment-full size-full\" alt=\"\" \/>\t\t\t\t\t\t\t\t\t\t\t<span class=\"mkdf-iwt-hover-icon\">\n\t\t\t\t\t\t\t<img loading=\"lazy\" decoding=\"async\" width=\"55\" height=\"45\" src=\"https:\/\/traildoqueijo.pt\/wp-content\/uploads\/2026\/07\/como_chegar-1.png\" class=\"attachment-full size-full\" alt=\"\" \/>\t\t\t\t\t\t<\/span>\n\t\t\t\t\t\t\t\t\t<\/span>\n\t\t\t\t\t\t\t\t<\/a>\n\t\t\t<\/div>\n\t<div class=\"mkdf-iwt-content\" >\n\t\t\t\t\t<h5 class=\"mkdf-iwt-title\" >\n\t\t\t\t\t\t\t\t\t<a itemprop=\"url\" href=\"https:\/\/traildoqueijo.pt\/pt\/como-chegar\/\" target=\"_self\">\n\t\t\t\t\t\t\t\t<span class=\"mkdf-iwt-title-text\">Como Chegar?<\/span>\n\t\t\t\t\t\t\t\t\t<\/a>\n\t\t\t\t\t\t\t<\/h5>\n\t\t\t\t\t<\/div>\n<\/div><div class=\"vc_empty_space\"   style=\"height: 30px\"><span class=\"vc_empty_space_inner\"><\/span><\/div><div class=\"mkdf-iwt clearfix  mkdf-iwt-icon-left mkdf-iwt-icon-medium mkdf-iwt-has-hover-icon\">\n\t<div class=\"mkdf-iwt-icon\">\n\t\t\t\t\t<a itemprop=\"url\" href=\"https:\/\/traildoqueijo.pt\/pt\/onde-dormir\/\" target=\"_self\">\n\t\t\t\t\t\t\t\t\t<span class=\"mkdf-iwt-custom-icon\">\n\t\t\t\t\t<img loading=\"lazy\" decoding=\"async\" width=\"55\" height=\"45\" src=\"https:\/\/traildoqueijo.pt\/wp-content\/uploads\/2026\/07\/onde_ficar.png\" class=\"attachment-full size-full\" alt=\"\" \/>\t\t\t\t\t\t\t\t\t\t\t<span class=\"mkdf-iwt-hover-icon\">\n\t\t\t\t\t\t\t<img loading=\"lazy\" decoding=\"async\" width=\"55\" height=\"45\" src=\"https:\/\/traildoqueijo.pt\/wp-content\/uploads\/2026\/07\/onde_ficar.png\" class=\"attachment-full size-full\" alt=\"\" \/>\t\t\t\t\t\t<\/span>\n\t\t\t\t\t\t\t\t\t<\/span>\n\t\t\t\t\t\t\t\t<\/a>\n\t\t\t<\/div>\n\t<div class=\"mkdf-iwt-content\" >\n\t\t\t\t\t<h5 class=\"mkdf-iwt-title\" >\n\t\t\t\t\t\t\t\t\t<a itemprop=\"url\" href=\"https:\/\/traildoqueijo.pt\/pt\/onde-dormir\/\" target=\"_self\">\n\t\t\t\t\t\t\t\t<span class=\"mkdf-iwt-title-text\">Onde dormir?<\/span>\n\t\t\t\t\t\t\t\t\t<\/a>\n\t\t\t\t\t\t\t<\/h5>\n\t\t\t\t\t<\/div>\n<\/div><div class=\"vc_empty_space\"   style=\"height: 30px\"><span class=\"vc_empty_space_inner\"><\/span><\/div><div class=\"mkdf-iwt clearfix  mkdf-iwt-icon-left mkdf-iwt-icon-medium mkdf-iwt-has-hover-icon\">\n\t<div class=\"mkdf-iwt-icon\">\n\t\t\t\t\t<a itemprop=\"url\" href=\"https:\/\/traildoqueijo.pt\/pt\/como-deslocar\/\" target=\"_self\">\n\t\t\t\t\t\t\t\t\t<span class=\"mkdf-iwt-custom-icon\">\n\t\t\t\t\t<img loading=\"lazy\" decoding=\"async\" width=\"55\" height=\"45\" src=\"https:\/\/traildoqueijo.pt\/wp-content\/uploads\/2026\/07\/transporte.png\" class=\"attachment-full size-full\" alt=\"\" \/>\t\t\t\t\t\t\t\t\t\t\t<span class=\"mkdf-iwt-hover-icon\">\n\t\t\t\t\t\t\t<img loading=\"lazy\" decoding=\"async\" width=\"55\" height=\"45\" src=\"https:\/\/traildoqueijo.pt\/wp-content\/uploads\/2026\/07\/transporte.png\" class=\"attachment-full size-full\" alt=\"\" \/>\t\t\t\t\t\t<\/span>\n\t\t\t\t\t\t\t\t\t<\/span>\n\t\t\t\t\t\t\t\t<\/a>\n\t\t\t<\/div>\n\t<div class=\"mkdf-iwt-content\" >\n\t\t\t\t\t<h5 class=\"mkdf-iwt-title\" >\n\t\t\t\t\t\t\t\t\t<a itemprop=\"url\" href=\"https:\/\/traildoqueijo.pt\/pt\/como-deslocar\/\" target=\"_self\">\n\t\t\t\t\t\t\t\t<span class=\"mkdf-iwt-title-text\">Como te deslocares?<\/span>\n\t\t\t\t\t\t\t\t\t<\/a>\n\t\t\t\t\t\t\t<\/h5>\n\t\t\t\t\t<\/div>\n<\/div><\/div><\/div><\/div><\/div><\/div><\/div><div class=\"mkdf-row-grid-section-wrapper\"  ><div class=\"mkdf-row-grid-section\"><div class=\"vc_row wpb_row vc_row-fluid vc_custom_1521027270016\" ><div class=\"wpb_column vc_column_container vc_col-sm-12 vc_col-lg-offset-0 vc_col-lg-12\"><div class=\"vc_column-inner\"><div class=\"wpb_wrapper\"><div class=\"mkdf-clients-carousel-holder mkdf-cc-hover-roll-over\">\n\t<div class=\"mkdf-cc-inner mkdf-owl-slider\" data-number-of-items=\"3\" data-enable-loop=\"yes\" data-enable-autoplay=\"yes\" data-slider-speed=\"5000\" data-slider-speed-animation=\"600\" data-enable-navigation=\"no\" data-enable-pagination=\"no\" data-number-of-rows=\"1\">\n\t\t<div class=\"mkdf-cc-item\">\n\t\t\t<a itemprop=\"url\" class=\"mkdf-cc-link mkdf-block-drag-link\" href=\"https:\/\/www.servi-flor.com\/\" target=\"_self\">\n\t\t\t\t\t\t<img decoding=\"async\" itemprop=\"image\" class=\"mkdf-cc-image\" src=\"https:\/\/traildoqueijo.pt\/wp-content\/uploads\/2026\/08\/8.-SERVI-FLOR-.jpg\" alt=\"\" \/>\n\t\t\t\t\t\t\t<img decoding=\"async\" itemprop=\"image\" class=\"mkdf-cc-hover-image\" src=\"https:\/\/traildoqueijo.pt\/wp-content\/uploads\/2026\/08\/8.-SERVI-FLOR-.jpg\" alt=\"\" \/>\n\t\t\t\t\t<\/a>\n\t<\/div><div class=\"mkdf-cc-item\">\n\t\t\t<a itemprop=\"url\" class=\"mkdf-cc-link mkdf-block-drag-link\" href=\"https:\/\/www.tripadvisor.pt\/Restaurant_Review-g1444462-d25440106-Reviews-Restaurante_O_Mergulhador-Santa_Cruz_das_Flores_Flores_Azores.html\" target=\"_self\">\n\t\t\t\t\t\t<img decoding=\"async\" itemprop=\"image\" class=\"mkdf-cc-image\" src=\"https:\/\/traildoqueijo.pt\/wp-content\/uploads\/2026\/08\/4.-Restaurante-o-Mergulhador.jpg\" alt=\"\" \/>\n\t\t\t\t\t\t\t<img decoding=\"async\" itemprop=\"image\" class=\"mkdf-cc-hover-image\" src=\"https:\/\/traildoqueijo.pt\/wp-content\/uploads\/2026\/08\/4.-Restaurante-o-Mergulhador.jpg\" alt=\"\" \/>\n\t\t\t\t\t<\/a>\n\t<\/div><div class=\"mkdf-cc-item\">\n\t\t\t<a itemprop=\"url\" class=\"mkdf-cc-link mkdf-block-drag-link\" href=\"https:\/\/aldeiadacuada.com\/\" target=\"_self\">\n\t\t\t\t\t\t<img decoding=\"async\" itemprop=\"image\" class=\"mkdf-cc-image\" src=\"https:\/\/traildoqueijo.pt\/wp-content\/uploads\/2026\/08\/1.-aldeia-da-cuada.jpg\" alt=\"\" \/>\n\t\t\t\t\t\t\t<img decoding=\"async\" itemprop=\"image\" class=\"mkdf-cc-hover-image\" src=\"https:\/\/traildoqueijo.pt\/wp-content\/uploads\/2026\/08\/1.-aldeia-da-cuada.jpg\" alt=\"\" \/>\n\t\t\t\t\t<\/a>\n\t<\/div>\t<\/div>\n<\/div><div class=\"vc_empty_space\"   style=\"height: 59px\"><span class=\"vc_empty_space_inner\"><\/span><\/div><div class=\"mkdf-clients-carousel-holder mkdf-cc-hover-roll-over\">\n\t<div class=\"mkdf-cc-inner mkdf-owl-slider\" data-number-of-items=\"4\" data-enable-loop=\"yes\" data-enable-autoplay=\"yes\" data-slider-speed=\"5000\" data-slider-speed-animation=\"600\" data-enable-navigation=\"no\" data-enable-pagination=\"no\" data-number-of-rows=\"1\">\n\t\t<div class=\"mkdf-cc-item\">\n\t\t\t<a itemprop=\"url\" class=\"mkdf-cc-link mkdf-block-drag-link\" href=\"https:\/\/pt.restaurantguru.com\/Bar-do-Aeroporto-Santa-Cruz-Das-Flores\" target=\"_self\">\n\t\t\t\t\t\t<img decoding=\"async\" itemprop=\"image\" class=\"mkdf-cc-image\" src=\"https:\/\/traildoqueijo.pt\/wp-content\/uploads\/2026\/08\/5.-aero-bar.jpg\" alt=\"\" \/>\n\t\t\t\t\t\t\t<img decoding=\"async\" itemprop=\"image\" class=\"mkdf-cc-hover-image\" src=\"https:\/\/traildoqueijo.pt\/wp-content\/uploads\/2026\/08\/5.-aero-bar.jpg\" alt=\"\" \/>\n\t\t\t\t\t<\/a>\n\t<\/div><div class=\"mkdf-cc-item\">\n\t\t\t<a itemprop=\"url\" class=\"mkdf-cc-link mkdf-block-drag-link\" href=\"https:\/\/www.tripadvisor.pt\/Restaurant_Review-g1190884-d33111917-Reviews-A_Esplanada-Faja_Grande_Flores_Azores.html\" target=\"_self\">\n\t\t\t\t\t\t<img decoding=\"async\" itemprop=\"image\" class=\"mkdf-cc-image\" src=\"https:\/\/traildoqueijo.pt\/wp-content\/uploads\/2026\/08\/a_esplanada.jpg\" alt=\"\" \/>\n\t\t\t\t\t\t\t<img decoding=\"async\" itemprop=\"image\" class=\"mkdf-cc-hover-image\" src=\"https:\/\/traildoqueijo.pt\/wp-content\/uploads\/2026\/08\/a_esplanada.jpg\" alt=\"\" \/>\n\t\t\t\t\t<\/a>\n\t<\/div><div class=\"mkdf-cc-item\">\n\t\t\t<a itemprop=\"url\" class=\"mkdf-cc-link mkdf-block-drag-link\" href=\"https:\/\/www.tripadvisor.pt\/Restaurant_Review-g1190884-d14976757-Reviews-Barraca_Q_abana-Faja_Grande_Flores_Azores.html\" target=\"_self\">\n\t\t\t\t\t\t<img decoding=\"async\" itemprop=\"image\" class=\"mkdf-cc-image\" src=\"https:\/\/traildoqueijo.pt\/wp-content\/uploads\/2026\/08\/7.-Barraca-Qabana.jpg\" alt=\"\" \/>\n\t\t\t\t\t\t\t<img decoding=\"async\" itemprop=\"image\" class=\"mkdf-cc-hover-image\" src=\"https:\/\/traildoqueijo.pt\/wp-content\/uploads\/2026\/08\/7.-Barraca-Qabana.jpg\" alt=\"\" \/>\n\t\t\t\t\t<\/a>\n\t<\/div><div class=\"mkdf-cc-item\">\n\t\t\t<a itemprop=\"url\" class=\"mkdf-cc-link mkdf-block-drag-link\" href=\"https:\/\/www.tripadvisor.pt\/Restaurant_Review-g2368776-d2363068-Reviews-Por_do_Sol-Lajes_das_Flores_Flores_Azores.html\" target=\"_self\">\n\t\t\t\t\t\t<img decoding=\"async\" itemprop=\"image\" class=\"mkdf-cc-image\" src=\"https:\/\/traildoqueijo.pt\/wp-content\/uploads\/2026\/08\/6.-RESTAURANTE-POR-DO-SOL.jpg\" alt=\"\" \/>\n\t\t\t\t\t\t\t<img decoding=\"async\" itemprop=\"image\" class=\"mkdf-cc-hover-image\" src=\"https:\/\/traildoqueijo.pt\/wp-content\/uploads\/2026\/08\/6.-RESTAURANTE-POR-DO-SOL.jpg\" alt=\"\" \/>\n\t\t\t\t\t<\/a>\n\t<\/div>\t<\/div>\n<\/div><\/div><\/div><\/div><div class=\"wpb_column vc_column_container vc_col-sm-12\"><div class=\"vc_column-inner\"><div class=\"wpb_wrapper\"><div class=\"vc_empty_space\"   style=\"height: 59px\"><span class=\"vc_empty_space_inner\"><\/span><\/div><\/div><\/div><\/div><\/div><\/div><\/div><div class=\"mkdf-row-grid-section-wrapper mkdf-content-aligment-center\"  style=\"background-color:#fa471c\"><div class=\"mkdf-row-grid-section\"><div class=\"vc_row wpb_row vc_row-fluid mkdf-wpcf7-output vc_custom_1520501942827\" ><div class=\"wpb_column vc_column_container vc_col-sm-12 vc_col-lg-offset-3 vc_col-lg-6 vc_col-md-offset-1 vc_col-md-10 vc_col-sm-offset-0 vc_col-xs-12\"><div class=\"vc_column-inner\"><div class=\"wpb_wrapper\"><div class=\"mkdf-section-title-holder\" style=\" text-align: center\">\n\t<div class=\"mkdf-st-inner\" >\n\t\t\t\t\t<h2 class=\"mkdf-st-title\" >\n\t\t\t\tEstamos c\u00e1 para vos orientar com tudo!\t\t\t<\/h2>\n\t\t\t\t<div class=\"mkdf-separator-holder clearfix\" >\n\t\t<div class=\"mkdf-separator\" style=\"width: 80px\"><\/div>\n\t<\/div>\n\t<\/div>\n\t<\/div>\n\n\t<div class=\"wpb_text_column wpb_content_element\" >\n\t\t<div class=\"wpb_wrapper\">\n\t\t\t<h5><span style=\"color: #ffffff;\">N\u00e3o me digas que ainda est\u00e1s a pensar em inscrever-te!<\/span><\/h5>\n\n\t\t<\/div>\n\t<\/div>\n<div class=\"vc_empty_space\"   style=\"height: 25px\"><span class=\"vc_empty_space_inner\"><\/span><\/div><a itemprop=\"url\" href=\"https:\/\/acorrer.pt\/eventos\/4165\/info\" target=\"_self\"  class=\"mkdf-btn mkdf-btn-medium mkdf-btn-solid mkdf-btn-separate-border\"  >\n\t\t\t<span class=\"mkdf-btn-sep-border\" ><\/span>\n\t    <span class=\"mkdf-btn-text\">Deixa-te de loucuras e inscreve-te j\u00e1!<\/span>\n\t<\/a><\/div><\/div><\/div><\/div><\/div><\/div>\n<\/section>","protected":false},"excerpt":{"rendered":"Onde Comer Para que tenhas a energia necess\u00e1ria nestes dias, \u00e9 importante escolher bem as refei\u00e7\u00f5es. Deixamos as nossas sugest\u00f5es, bem diversas e onde poder\u00e1s encontrar desde os pratos tradicionais aos mais contempor\u00e2neos. Identifica-te como atleta do TQF para teres [...]","protected":false},"author":2,"featured_media":0,"parent":0,"menu_order":0,"comment_status":"closed","ping_status":"closed","template":"full-width.php","meta":{"footnotes":""},"folder":[],"class_list":["post-4441","page","type-page","status-publish","hentry"],"_links":{"self":[{"href":"https:\/\/traildoqueijo.pt\/pt\/wp-json\/wp\/v2\/pages\/4441","targetHints":{"allow":["GET"]}}],"collection":[{"href":"https:\/\/traildoqueijo.pt\/pt\/wp-json\/wp\/v2\/pages"}],"about":[{"href":"https:\/\/traildoqueijo.pt\/pt\/wp-json\/wp\/v2\/types\/page"}],"author":[{"embeddable":true,"href":"https:\/\/traildoqueijo.pt\/pt\/wp-json\/wp\/v2\/users\/2"}],"replies":[{"embeddable":true,"href":"https:\/\/traildoqueijo.pt\/pt\/wp-json\/wp\/v2\/comments?post=4441"}],"version-history":[{"count":11,"href":"https:\/\/traildoqueijo.pt\/pt\/wp-json\/wp\/v2\/pages\/4441\/revisions"}],"predecessor-version":[{"id":5729,"href":"https:\/\/traildoqueijo.pt\/pt\/wp-json\/wp\/v2\/pages\/4441\/revisions\/5729"}],"wp:attachment":[{"href":"https:\/\/traildoqueijo.pt\/pt\/wp-json\/wp\/v2\/media?parent=4441"}],"wp:term":[{"taxonomy":"folder","embeddable":true,"href":"https:\/\/traildoqueijo.pt\/pt\/wp-json\/wp\/v2\/folder?post=4441"}],"curies":[{"name":"wp","href":"https:\/\/api.w.org\/{rel}","templated":true}]}}