{"id":5593,"date":"2026-08-14T12:18:47","date_gmt":"2026-08-14T12:18:47","guid":{"rendered":"https:\/\/traildoqueijo.pt\/?page_id=5593"},"modified":"2026-08-18T10:45:55","modified_gmt":"2026-08-18T10:45:55","slug":"fotos-tqf1k","status":"publish","type":"page","link":"https:\/\/traildoqueijo.pt\/pt\/fotos-tqf1k\/","title":{"rendered":"Fotos TQF1K"},"content":{"rendered":"<section class=\"wpb-content-wrapper\"><div class=\"mkdf-row-grid-section-wrapper\"  ><div class=\"mkdf-row-grid-section\"><div class=\"vc_row wpb_row vc_row-fluid vc_custom_1520587499062\" ><div class=\"wpb_column vc_column_container vc_col-sm-12\"><div class=\"vc_column-inner\"><div class=\"wpb_wrapper\"><div class=\"mkdf-section-title-holder\" style=\" text-align: center\">\n\t<div class=\"mkdf-st-inner\" >\n\t\t\t\t\t<h2 class=\"mkdf-st-title\" >\n\t\t\t\tIV edi\u00e7\u00e3o - TQF1K\t\t\t<\/h2>\n\t\t\t\t<div class=\"mkdf-separator-holder clearfix\" >\n\t\t<div class=\"mkdf-separator\" style=\"border-color: #fee101;width: 80px\"><\/div>\n\t<\/div>\n\t<\/div>\n\t<\/div>\n<div class=\"vc_empty_space\"   style=\"height: 32px\"><span class=\"vc_empty_space_inner\"><\/span><\/div><div class=\"mkdf-iwt clearfix  mkdf-iwt-icon-top mkdf-iwt-icon-medium\">\n\t<div class=\"mkdf-iwt-icon\">\n\t\t\t\t\t    <span class=\"mkdf-icon-shortcode mkdf-normal    mkdf-icon-medium\"  data-color=\"#fec200\">\n        <span class=\"mkdf-icon-bckg-holder\" ><\/span>\n                    <i class=\"mkdf-icon-font-awesome fa fa-info mkdf-icon-element\" style=\"color: #fec200\" ><\/i>                    <\/span>\n\t\t\t<\/div>\n\t<div class=\"mkdf-iwt-content\" >\n\t\t\t\t\t<h5 class=\"mkdf-iwt-title\" >\n\t\t\t\t\t\t\t\t<span class=\"mkdf-iwt-title-text\">Para descarregar, clica com o bot\u00e3o direito na imagem e escolhe \u201cGuardar imagem como\u201d.<\/span>\n\t\t\t\t\t\t\t<\/h5>\n\t\t\t\t\t<\/div>\n<\/div>\n\t<div class=\"wpb_text_column wpb_content_element\" >\n\t\t<div class=\"wpb_wrapper\">\n\t\t\t<p style=\"text-align: center;\"><strong>Fotos por: Adriana Viveiros, Helvio Teixeira, Jo\u00e3o Gon\u00e7alves, Lucas Lombardi e Silvia Freitas<\/strong><\/p>\n\n\t\t<\/div>\n\t<\/div>\n<div class=\"vc_empty_space\"   style=\"height: 32px\"><span class=\"vc_empty_space_inner\"><\/span><\/div><div class=\"mkdf-image-gallery  mkdf-ig-grid-type mkdf-small-space   mkdf-image-hover-shader\">\n\t<div class=\"mkdf-ig-inner mkdf-outer-space mkdf-ig-grid mkdf-ig-three-columns\">\n\t\t\t\t\t<div class=\"mkdf-ig-image mkdf-item-space\">\n\t\t\t\t<div class=\"mkdf-ig-image-inner\">\n\t\t\t\t\t\t\t\t\t\t\t<img loading=\"lazy\" decoding=\"async\" width=\"1024\" height=\"683\" src=\"https:\/\/traildoqueijo.pt\/wp-content\/uploads\/2026\/08\/partida-silvia-11-1024x683.jpg\" class=\"attachment-large size-large\" alt=\"\" srcset=\"https:\/\/traildoqueijo.pt\/wp-content\/uploads\/2026\/08\/partida-silvia-11-1024x683.jpg 1024w, https:\/\/traildoqueijo.pt\/wp-content\/uploads\/2026\/08\/partida-silvia-11-300x200.jpg 300w, https:\/\/traildoqueijo.pt\/wp-content\/uploads\/2026\/08\/partida-silvia-11-768x512.jpg 768w, https:\/\/traildoqueijo.pt\/wp-content\/uploads\/2026\/08\/partida-silvia-11-1536x1024.jpg 1536w\" sizes=\"auto, (max-width: 1024px) 100vw, 1024px\" \/>\t\t\t\t\t\t\t\t\t<\/div>\n\t\t\t<\/div>\n\t\t\t\t\t<div class=\"mkdf-ig-image mkdf-item-space\">\n\t\t\t\t<div class=\"mkdf-ig-image-inner\">\n\t\t\t\t\t\t\t\t\t\t\t<img loading=\"lazy\" decoding=\"async\" width=\"1024\" height=\"783\" src=\"https:\/\/traildoqueijo.pt\/wp-content\/uploads\/2026\/08\/partida-silvia-10-1024x783.jpg\" class=\"attachment-large size-large\" alt=\"\" srcset=\"https:\/\/traildoqueijo.pt\/wp-content\/uploads\/2026\/08\/partida-silvia-10-1024x783.jpg 1024w, https:\/\/traildoqueijo.pt\/wp-content\/uploads\/2026\/08\/partida-silvia-10-300x229.jpg 300w, https:\/\/traildoqueijo.pt\/wp-content\/uploads\/2026\/08\/partida-silvia-10-768x587.jpg 768w, https:\/\/traildoqueijo.pt\/wp-content\/uploads\/2026\/08\/partida-silvia-10-1536x1174.jpg 1536w\" sizes=\"auto, (max-width: 1024px) 100vw, 1024px\" \/>\t\t\t\t\t\t\t\t\t<\/div>\n\t\t\t<\/div>\n\t\t\t\t\t<div class=\"mkdf-ig-image mkdf-item-space\">\n\t\t\t\t<div class=\"mkdf-ig-image-inner\">\n\t\t\t\t\t\t\t\t\t\t\t<img loading=\"lazy\" decoding=\"async\" width=\"1024\" height=\"683\" src=\"https:\/\/traildoqueijo.pt\/wp-content\/uploads\/2026\/08\/partida-silvia-9-1024x683.jpg\" class=\"attachment-large size-large\" alt=\"\" srcset=\"https:\/\/traildoqueijo.pt\/wp-content\/uploads\/2026\/08\/partida-silvia-9-1024x683.jpg 1024w, https:\/\/traildoqueijo.pt\/wp-content\/uploads\/2026\/08\/partida-silvia-9-300x200.jpg 300w, https:\/\/traildoqueijo.pt\/wp-content\/uploads\/2026\/08\/partida-silvia-9-768x512.jpg 768w, https:\/\/traildoqueijo.pt\/wp-content\/uploads\/2026\/08\/partida-silvia-9-1536x1024.jpg 1536w\" sizes=\"auto, (max-width: 1024px) 100vw, 1024px\" \/>\t\t\t\t\t\t\t\t\t<\/div>\n\t\t\t<\/div>\n\t\t\t\t\t<div class=\"mkdf-ig-image mkdf-item-space\">\n\t\t\t\t<div class=\"mkdf-ig-image-inner\">\n\t\t\t\t\t\t\t\t\t\t\t<img loading=\"lazy\" decoding=\"async\" width=\"1024\" height=\"683\" src=\"https:\/\/traildoqueijo.pt\/wp-content\/uploads\/2026\/08\/partida-silvia-2-1024x683.jpg\" class=\"attachment-large size-large\" alt=\"\" srcset=\"https:\/\/traildoqueijo.pt\/wp-content\/uploads\/2026\/08\/partida-silvia-2-1024x683.jpg 1024w, https:\/\/traildoqueijo.pt\/wp-content\/uploads\/2026\/08\/partida-silvia-2-300x200.jpg 300w, https:\/\/traildoqueijo.pt\/wp-content\/uploads\/2026\/08\/partida-silvia-2-768x512.jpg 768w, https:\/\/traildoqueijo.pt\/wp-content\/uploads\/2026\/08\/partida-silvia-2-1536x1024.jpg 1536w\" sizes=\"auto, (max-width: 1024px) 100vw, 1024px\" \/>\t\t\t\t\t\t\t\t\t<\/div>\n\t\t\t<\/div>\n\t\t\t\t\t<div class=\"mkdf-ig-image mkdf-item-space\">\n\t\t\t\t<div class=\"mkdf-ig-image-inner\">\n\t\t\t\t\t\t\t\t\t\t\t<img loading=\"lazy\" decoding=\"async\" width=\"1024\" height=\"683\" src=\"https:\/\/traildoqueijo.pt\/wp-content\/uploads\/2026\/08\/ADRIANA-218-1024x683.jpg\" class=\"attachment-large size-large\" alt=\"\" srcset=\"https:\/\/traildoqueijo.pt\/wp-content\/uploads\/2026\/08\/ADRIANA-218-1024x683.jpg 1024w, https:\/\/traildoqueijo.pt\/wp-content\/uploads\/2026\/08\/ADRIANA-218-300x200.jpg 300w, https:\/\/traildoqueijo.pt\/wp-content\/uploads\/2026\/08\/ADRIANA-218-768x512.jpg 768w, https:\/\/traildoqueijo.pt\/wp-content\/uploads\/2026\/08\/ADRIANA-218-1536x1024.jpg 1536w\" sizes=\"auto, (max-width: 1024px) 100vw, 1024px\" \/>\t\t\t\t\t\t\t\t\t<\/div>\n\t\t\t<\/div>\n\t\t\t\t\t<div class=\"mkdf-ig-image mkdf-item-space\">\n\t\t\t\t<div class=\"mkdf-ig-image-inner\">\n\t\t\t\t\t\t\t\t\t\t\t<img loading=\"lazy\" decoding=\"async\" width=\"1024\" height=\"683\" src=\"https:\/\/traildoqueijo.pt\/wp-content\/uploads\/2026\/08\/ADRIANA-217-1024x683.jpg\" class=\"attachment-large size-large\" alt=\"\" srcset=\"https:\/\/traildoqueijo.pt\/wp-content\/uploads\/2026\/08\/ADRIANA-217-1024x683.jpg 1024w, https:\/\/traildoqueijo.pt\/wp-content\/uploads\/2026\/08\/ADRIANA-217-300x200.jpg 300w, https:\/\/traildoqueijo.pt\/wp-content\/uploads\/2026\/08\/ADRIANA-217-768x512.jpg 768w, https:\/\/traildoqueijo.pt\/wp-content\/uploads\/2026\/08\/ADRIANA-217-1536x1024.jpg 1536w\" sizes=\"auto, (max-width: 1024px) 100vw, 1024px\" \/>\t\t\t\t\t\t\t\t\t<\/div>\n\t\t\t<\/div>\n\t\t\t<\/div>\n<\/div>\n<\/div><\/div><\/div><\/div><\/div><\/div>\n<\/section>","protected":false},"excerpt":{"rendered":"IV edi\u00e7\u00e3o - TQF1K Para descarregar, clica com o bot\u00e3o direito na imagem e escolhe \u201cGuardar imagem como\u201d. Fotos por: Adriana Viveiros, Helvio Teixeira, Jo\u00e3o Gon\u00e7alves, Lucas Lombardi e Silvia Freitas","protected":false},"author":1,"featured_media":0,"parent":0,"menu_order":0,"comment_status":"closed","ping_status":"closed","template":"","meta":{"footnotes":""},"folder":[],"class_list":["post-5593","page","type-page","status-publish","hentry"],"_links":{"self":[{"href":"https:\/\/traildoqueijo.pt\/pt\/wp-json\/wp\/v2\/pages\/5593","targetHints":{"allow":["GET"]}}],"collection":[{"href":"https:\/\/traildoqueijo.pt\/pt\/wp-json\/wp\/v2\/pages"}],"about":[{"href":"https:\/\/traildoqueijo.pt\/pt\/wp-json\/wp\/v2\/types\/page"}],"author":[{"embeddable":true,"href":"https:\/\/traildoqueijo.pt\/pt\/wp-json\/wp\/v2\/users\/1"}],"replies":[{"embeddable":true,"href":"https:\/\/traildoqueijo.pt\/pt\/wp-json\/wp\/v2\/comments?post=5593"}],"version-history":[{"count":3,"href":"https:\/\/traildoqueijo.pt\/pt\/wp-json\/wp\/v2\/pages\/5593\/revisions"}],"predecessor-version":[{"id":5709,"href":"https:\/\/traildoqueijo.pt\/pt\/wp-json\/wp\/v2\/pages\/5593\/revisions\/5709"}],"wp:attachment":[{"href":"https:\/\/traildoqueijo.pt\/pt\/wp-json\/wp\/v2\/media?parent=5593"}],"wp:term":[{"taxonomy":"folder","embeddable":true,"href":"https:\/\/traildoqueijo.pt\/pt\/wp-json\/wp\/v2\/folder?post=5593"}],"curies":[{"name":"wp","href":"https:\/\/api.w.org\/{rel}","templated":true}]}}