{"id":687,"date":"2018-02-26T14:57:17","date_gmt":"2018-02-26T14:57:17","guid":{"rendered":"https:\/\/endurer.qodeinteractive.com\/?page_id=687"},"modified":"2026-08-18T10:29:00","modified_gmt":"2026-08-18T10:29:00","slug":"quem-somos","status":"publish","type":"page","link":"https:\/\/traildoqueijo.pt\/pt\/quem-somos\/","title":{"rendered":"A nossa historia"},"content":{"rendered":"<section class=\"wpb-content-wrapper\"><div class=\"mkdf-row-grid-section-wrapper\"  style=\"background-color:#f2f1f1\"><div class=\"mkdf-row-grid-section\"><div class=\"vc_row wpb_row vc_row-fluid vc_custom_1520325605842\" ><div class=\"wpb_column vc_column_container vc_col-sm-12 vc_col-has-fill\"><div class=\"vc_column-inner vc_custom_1785863449122\"><div class=\"wpb_wrapper\"><div class=\"mkdf-section-title-holder\" >\n\t<div class=\"mkdf-st-inner\" >\n\t\t\t\t\t<h2 class=\"mkdf-st-title\" >\n\t\t\t\tQuem somos?<br \/>\t\t\t<\/h2>\n\t\t\t\t<div class=\"mkdf-separator-holder clearfix\" >\n\t\t<div class=\"mkdf-separator\" style=\"width: 80px\"><\/div>\n\t<\/div>\n\t<\/div>\n\t<\/div>\n\n\t<div class=\"wpb_text_column wpb_content_element\" >\n\t\t<div class=\"wpb_wrapper\">\n\t\t\t<p>Este \u00e9 o <em>trail<\/em> mais ocidental da Europa e a primeira prova de <em>trail run<\/em> organizada na ilha das Flores.<\/p>\n<p>\u00c9 um evento para amantes do <em>trail <\/em>\u00a0e da caminhada, do contacto com a natureza e da partilha de momentos \u00fanicos com amigos, fam\u00edlia e a comunidade local.<\/p>\n<p>Tirando partido de uma das paisagens mais bonitas do arquip\u00e9lago, nesta que \u00e9 uma Reserva da Biosfera, os atletas percorrem parte da costa oeste da ilha,\u00a0 atravessam o planalto central, passam por caminhos antigos e povoados, geoss\u00edtios de consider\u00e1vel import\u00e2ncia, lagoas, ribeiras e quedas de \u00e1gua.<\/p>\n<p>Organizado em parceria pela Queijaria Pico Redondo, Atl\u00e9tico Clube Faj\u00e3 Grande e Junta de Freguesia da Faj\u00e3zinha.<\/p>\n<p>Desde a sua primeira edi\u00e7\u00e3o, a prova tem vindo a crescer, em n\u00famero de participantes e n\u00famero de percursos, procurando uma constante inova\u00e7\u00e3o, enquanto cumpre o seu objetivo primordial de promover a pr\u00e1tica regular do atletismo e, por iner\u00eancia, da atividade f\u00edsica, incentivando, a ado\u00e7\u00e3o de h\u00e1bitos de vida saud\u00e1vel, independentemente da idade, g\u00e9nero, contexto social ou n\u00edvel de aptid\u00e3o f\u00edsica.<\/p>\n\n\t\t<\/div>\n\t<\/div>\n<div class=\"vc_empty_space\"   style=\"height: 77px\"><span class=\"vc_empty_space_inner\"><\/span><\/div><div class=\"mkdf-section-title-holder\" >\n\t<div class=\"mkdf-st-inner\" >\n\t\t\t\t\t<h2 class=\"mkdf-st-title\" >\n\t\t\t\tDe onde viemos?\t\t\t<\/h2>\n\t\t\t\t<div class=\"mkdf-separator-holder clearfix\" >\n\t\t<div class=\"mkdf-separator\" style=\"width: 80px\"><\/div>\n\t<\/div>\n\t<\/div>\n\t<\/div>\n<div class=\"vc_empty_space\"   style=\"height: 77px\"><span class=\"vc_empty_space_inner\"><\/span><\/div><div class=\"vc_row wpb_row vc_inner vc_row-fluid mkdf-content-aligment-center\" ><div class=\"wpb_column vc_column_container vc_col-sm-3\"><div class=\"vc_column-inner\"><div class=\"wpb_wrapper\">\n\t<div  class=\"wpb_single_image wpb_content_element vc_align_center  wpb_animate_when_almost_visible wpb_fadeInLeft fadeInLeft\">\n\t\t\n\t\t<figure class=\"wpb_wrapper vc_figure\">\n\t\t\t<div class=\"vc_single_image-wrapper vc_box_shadow_3d  vc_box_border_grey\"><img loading=\"lazy\" decoding=\"async\" data-vc-zoom=\"https:\/\/traildoqueijo.pt\/wp-content\/uploads\/2026\/08\/trail_2022-cartaz.jpg\" width=\"238\" height=\"336\" src=\"https:\/\/traildoqueijo.pt\/wp-content\/uploads\/2026\/08\/trail_2022-cartaz.jpg\" class=\"vc_single_image-img attachment-large\" alt=\"\" title=\"trail_2022 cartaz\" srcset=\"https:\/\/traildoqueijo.pt\/wp-content\/uploads\/2026\/08\/trail_2022-cartaz.jpg 238w, https:\/\/traildoqueijo.pt\/wp-content\/uploads\/2026\/08\/trail_2022-cartaz-213x300.jpg 213w\" sizes=\"auto, (max-width: 238px) 100vw, 238px\" \/><\/div>\n\t\t<\/figure>\n\t<\/div>\n<div class=\"mkdf-iwt clearfix  mkdf-iwt-icon-left mkdf-iwt-icon-medium\">\n\t<div class=\"mkdf-iwt-icon\">\n\t\t\t\t\t<a itemprop=\"url\" href=\"#\" target=\"_self\">\n\t\t\t\t\t\t\t\t\t<span class=\"mkdf-iwt-custom-icon\">\n\t\t\t\t\t<img loading=\"lazy\" decoding=\"async\" width=\"100\" height=\"82\" src=\"https:\/\/traildoqueijo.pt\/wp-content\/uploads\/2026\/07\/run.png\" class=\"attachment-full size-full\" alt=\"\" \/>\t\t\t\t\t\t\t\t\t<\/span>\n\t\t\t\t\t\t\t\t<\/a>\n\t\t\t<\/div>\n\t<div class=\"mkdf-iwt-content\" >\n\t\t\t\t\t<h5 class=\"mkdf-iwt-title\" style=\"margin-top: 12px\">\n\t\t\t\t\t\t\t\t\t<a itemprop=\"url\" href=\"#\" target=\"_self\">\n\t\t\t\t\t\t\t\t<span class=\"mkdf-iwt-title-text\">Resultados 2022<\/span>\n\t\t\t\t\t\t\t\t\t<\/a>\n\t\t\t\t\t\t\t<\/h5>\n\t\t\t\t\t<\/div>\n<\/div>\n\t<div class=\"wpb_text_column wpb_content_element\" >\n\t\t<div class=\"wpb_wrapper\">\n\t\t\t<p><strong>30 inscri\u00e7\u00f5es | 1 Prova<\/strong><\/p>\n\n\t\t<\/div>\n\t<\/div>\n<\/div><\/div><\/div><div class=\"wpb_column vc_column_container vc_col-sm-3\"><div class=\"vc_column-inner\"><div class=\"wpb_wrapper\">\n\t<div  class=\"wpb_single_image wpb_content_element vc_align_center  wpb_animate_when_almost_visible wpb_fadeInLeft fadeInLeft\">\n\t\t\n\t\t<figure class=\"wpb_wrapper vc_figure\">\n\t\t\t<div class=\"vc_single_image-wrapper vc_box_shadow_3d  vc_box_border_grey\"><img loading=\"lazy\" decoding=\"async\" data-vc-zoom=\"https:\/\/traildoqueijo.pt\/wp-content\/uploads\/2026\/08\/2023-Cartaz-1.png\" width=\"238\" height=\"336\" src=\"https:\/\/traildoqueijo.pt\/wp-content\/uploads\/2026\/08\/2023-Cartaz-1.png\" class=\"vc_single_image-img attachment-large\" alt=\"\" title=\"2023 Cartaz\" srcset=\"https:\/\/traildoqueijo.pt\/wp-content\/uploads\/2026\/08\/2023-Cartaz-1.png 238w, https:\/\/traildoqueijo.pt\/wp-content\/uploads\/2026\/08\/2023-Cartaz-1-213x300.png 213w\" sizes=\"auto, (max-width: 238px) 100vw, 238px\" \/><\/div>\n\t\t<\/figure>\n\t<\/div>\n<div class=\"mkdf-iwt clearfix  mkdf-iwt-icon-left mkdf-iwt-icon-medium\">\n\t<div class=\"mkdf-iwt-icon\">\n\t\t\t\t\t<a itemprop=\"url\" href=\"#\" target=\"_self\">\n\t\t\t\t\t\t\t\t\t<span class=\"mkdf-iwt-custom-icon\">\n\t\t\t\t\t<img loading=\"lazy\" decoding=\"async\" width=\"100\" height=\"82\" src=\"https:\/\/traildoqueijo.pt\/wp-content\/uploads\/2026\/07\/run.png\" class=\"attachment-full size-full\" alt=\"\" \/>\t\t\t\t\t\t\t\t\t<\/span>\n\t\t\t\t\t\t\t\t<\/a>\n\t\t\t<\/div>\n\t<div class=\"mkdf-iwt-content\" >\n\t\t\t\t\t<h5 class=\"mkdf-iwt-title\" style=\"margin-top: 12px\">\n\t\t\t\t\t\t\t\t\t<a itemprop=\"url\" href=\"#\" target=\"_self\">\n\t\t\t\t\t\t\t\t<span class=\"mkdf-iwt-title-text\">Resultados 2023<\/span>\n\t\t\t\t\t\t\t\t\t<\/a>\n\t\t\t\t\t\t\t<\/h5>\n\t\t\t\t\t<\/div>\n<\/div>\n\t<div class=\"wpb_text_column wpb_content_element\" >\n\t\t<div class=\"wpb_wrapper\">\n\t\t\t<p><strong>75 inscri\u00e7\u00f5es | 3 Provas<\/strong><\/p>\n\n\t\t<\/div>\n\t<\/div>\n<\/div><\/div><\/div><div class=\"wpb_column vc_column_container vc_col-sm-3\"><div class=\"vc_column-inner\"><div class=\"wpb_wrapper\">\n\t<div  class=\"wpb_single_image wpb_content_element vc_align_center  wpb_animate_when_almost_visible wpb_fadeInLeft fadeInLeft\">\n\t\t\n\t\t<figure class=\"wpb_wrapper vc_figure\">\n\t\t\t<div class=\"vc_single_image-wrapper vc_box_shadow_3d  vc_box_border_grey\"><img loading=\"lazy\" decoding=\"async\" data-vc-zoom=\"https:\/\/traildoqueijo.pt\/wp-content\/uploads\/2026\/08\/2024-Cartaz.jpg\" width=\"240\" height=\"335\" src=\"https:\/\/traildoqueijo.pt\/wp-content\/uploads\/2026\/08\/2024-Cartaz.jpg\" class=\"vc_single_image-img attachment-large\" alt=\"\" title=\"2024 Cartaz\" srcset=\"https:\/\/traildoqueijo.pt\/wp-content\/uploads\/2026\/08\/2024-Cartaz.jpg 240w, https:\/\/traildoqueijo.pt\/wp-content\/uploads\/2026\/08\/2024-Cartaz-215x300.jpg 215w\" sizes=\"auto, (max-width: 240px) 100vw, 240px\" \/><\/div>\n\t\t<\/figure>\n\t<\/div>\n<div class=\"mkdf-iwt clearfix  mkdf-iwt-icon-left mkdf-iwt-icon-medium\">\n\t<div class=\"mkdf-iwt-icon\">\n\t\t\t\t\t<a itemprop=\"url\" href=\"https:\/\/acorrer.pt\/eventos\/3548\/resultados\" target=\"_self\">\n\t\t\t\t\t\t\t\t\t<span class=\"mkdf-iwt-custom-icon\">\n\t\t\t\t\t<img loading=\"lazy\" decoding=\"async\" width=\"100\" height=\"82\" src=\"https:\/\/traildoqueijo.pt\/wp-content\/uploads\/2026\/07\/run.png\" class=\"attachment-full size-full\" alt=\"\" \/>\t\t\t\t\t\t\t\t\t<\/span>\n\t\t\t\t\t\t\t\t<\/a>\n\t\t\t<\/div>\n\t<div class=\"mkdf-iwt-content\" >\n\t\t\t\t\t<h5 class=\"mkdf-iwt-title\" style=\"margin-top: 12px\">\n\t\t\t\t\t\t\t\t\t<a itemprop=\"url\" href=\"https:\/\/acorrer.pt\/eventos\/3548\/resultados\" target=\"_self\">\n\t\t\t\t\t\t\t\t<span class=\"mkdf-iwt-title-text\">Resultados 2024<\/span>\n\t\t\t\t\t\t\t\t\t<\/a>\n\t\t\t\t\t\t\t<\/h5>\n\t\t\t\t\t<\/div>\n<\/div>\n\t<div class=\"wpb_text_column wpb_content_element\" >\n\t\t<div class=\"wpb_wrapper\">\n\t\t\t<p><strong>127 inscri\u00e7\u00f5es | 3 Provas<\/strong><\/p>\n\n\t\t<\/div>\n\t<\/div>\n<\/div><\/div><\/div><div class=\"wpb_column vc_column_container vc_col-sm-3\"><div class=\"vc_column-inner\"><div class=\"wpb_wrapper\">\n\t<div  class=\"wpb_single_image wpb_content_element vc_align_center  wpb_animate_when_almost_visible wpb_fadeInLeft fadeInLeft\">\n\t\t\n\t\t<figure class=\"wpb_wrapper vc_figure\">\n\t\t\t<div class=\"vc_single_image-wrapper vc_box_shadow_3d  vc_box_border_grey\"><img loading=\"lazy\" decoding=\"async\" data-vc-zoom=\"https:\/\/traildoqueijo.pt\/wp-content\/uploads\/2026\/08\/2025-Cartaz.jpg\" width=\"249\" height=\"352\" src=\"https:\/\/traildoqueijo.pt\/wp-content\/uploads\/2026\/08\/2025-Cartaz.jpg\" class=\"vc_single_image-img attachment-large\" alt=\"\" title=\"2025 Cartaz\" srcset=\"https:\/\/traildoqueijo.pt\/wp-content\/uploads\/2026\/08\/2025-Cartaz.jpg 249w, https:\/\/traildoqueijo.pt\/wp-content\/uploads\/2026\/08\/2025-Cartaz-212x300.jpg 212w\" sizes=\"auto, (max-width: 249px) 100vw, 249px\" \/><\/div>\n\t\t<\/figure>\n\t<\/div>\n<div class=\"mkdf-iwt clearfix  mkdf-iwt-icon-left mkdf-iwt-icon-medium\">\n\t<div class=\"mkdf-iwt-icon\">\n\t\t\t\t\t<a itemprop=\"url\" href=\"https:\/\/acorrer.pt\/eventos\/3863\/resultados\" target=\"_self\">\n\t\t\t\t\t\t\t\t\t<span class=\"mkdf-iwt-custom-icon\">\n\t\t\t\t\t<img loading=\"lazy\" decoding=\"async\" width=\"100\" height=\"82\" src=\"https:\/\/traildoqueijo.pt\/wp-content\/uploads\/2026\/07\/run.png\" class=\"attachment-full size-full\" alt=\"\" \/>\t\t\t\t\t\t\t\t\t<\/span>\n\t\t\t\t\t\t\t\t<\/a>\n\t\t\t<\/div>\n\t<div class=\"mkdf-iwt-content\" >\n\t\t\t\t\t<h5 class=\"mkdf-iwt-title\" style=\"margin-top: 12px\">\n\t\t\t\t\t\t\t\t\t<a itemprop=\"url\" href=\"https:\/\/acorrer.pt\/eventos\/3863\/resultados\" target=\"_self\">\n\t\t\t\t\t\t\t\t<span class=\"mkdf-iwt-title-text\">Resultados 2025<\/span>\n\t\t\t\t\t\t\t\t\t<\/a>\n\t\t\t\t\t\t\t<\/h5>\n\t\t\t\t\t<\/div>\n<\/div>\n\t<div class=\"wpb_text_column wpb_content_element\" >\n\t\t<div class=\"wpb_wrapper\">\n\t\t\t<p><strong>250 inscri\u00e7\u00f5es | 4 Provas<\/strong><\/p>\n\n\t\t<\/div>\n\t<\/div>\n<\/div><\/div><\/div><\/div><\/div><\/div><\/div><\/div><\/div><\/div><div class=\"mkdf-row-grid-section-wrapper\"  ><div class=\"mkdf-row-grid-section\"><div class=\"vc_row wpb_row vc_row-fluid vc_custom_1521027270016\" ><div class=\"wpb_column vc_column_container vc_col-sm-3 vc_col-lg-offset-0 vc_col-lg-12\"><div class=\"vc_column-inner\"><div class=\"wpb_wrapper\"><div class=\"mkdf-section-title-holder\" style=\" text-align: center\">\n\t<div class=\"mkdf-st-inner\" >\n\t\t\t\t\t<h2 class=\"mkdf-st-title\" >\n\t\t\t\tStaff\t\t\t<\/h2>\n\t\t\t\t<div class=\"mkdf-separator-holder clearfix\" >\n\t\t<div class=\"mkdf-separator\" style=\"width: 80px\"><\/div>\n\t<\/div>\n\t<\/div>\n\t<\/div>\n<div class=\"vc_empty_space\"   style=\"height: 59px\"><span class=\"vc_empty_space_inner\"><\/span><\/div>\n\t<div class=\"wpb_text_column wpb_content_element\" >\n\t\t<div class=\"wpb_wrapper\">\n\t\t\t<p>A equipa do TQF \u00e9 composta por mais de 60 volunt\u00e1rios, de todas as idades, que contribuem ao longo do ano, de diversas formas, para tornar poss\u00edvel esta prova e para garantir que os atletas podem disfrutar de um dia em grande. Boa disposi\u00e7\u00e3o e espirito de equipa \u00e9 o que nos caracteriza. Se queres ser um de n\u00f3s, \u00e9 f\u00e1cil, utiliza o formul\u00e1rio abaixo, h\u00e1 tarefas para todos os gostos e toda a ajuda \u00e9 bem vinda.<\/p>\n\n\t\t<\/div>\n\t<\/div>\n<div class=\"vc_empty_space\"   style=\"height: 59px\"><span class=\"vc_empty_space_inner\"><\/span><\/div><div class=\"vc_btn3-container  wpb_animate_when_almost_visible wpb_rollIn rollIn vc_btn3-center\" ><a class=\"vc_general vc_btn3 vc_btn3-size-lg vc_btn3-shape-rounded vc_btn3-style-3d vc_btn3-icon-left vc_btn3-color-orange\" href=\"https:\/\/forms.gle\/ahFsA3HTJUU8Xph77\" title=\"\"><i class=\"vc_btn3-icon fas fa-user-plus\"><\/i> Torna-te um de n\u00f3s<\/a><\/div><div class=\"mkdf-row-grid-section-wrapper mkdf-content-aligment-center\" ><div class=\"mkdf-row-grid-section\"><div class=\"vc_row wpb_row vc_inner vc_row-fluid\" ><div class=\"wpb_column vc_column_container vc_col-sm-10 vc_col-lg-offset-0 vc_col-lg-6 vc_col-md-offset-1 vc_col-md-10 vc_col-sm-offset-1 vc_col-xs-12\"><div class=\"vc_column-inner\"><div class=\"wpb_wrapper\"><div class=\"mkdf-single-image-holder\">\n\t<div class=\"mkdf-si-inner\" >\n\t\t\t\t\t\t\t\t\t<img loading=\"lazy\" decoding=\"async\" width=\"1365\" height=\"2048\" src=\"https:\/\/traildoqueijo.pt\/wp-content\/uploads\/2026\/08\/ADRIANA-364-1.jpg\" class=\"attachment-full size-full\" alt=\"\" srcset=\"https:\/\/traildoqueijo.pt\/wp-content\/uploads\/2026\/08\/ADRIANA-364-1.jpg 1365w, https:\/\/traildoqueijo.pt\/wp-content\/uploads\/2026\/08\/ADRIANA-364-1-200x300.jpg 200w, https:\/\/traildoqueijo.pt\/wp-content\/uploads\/2026\/08\/ADRIANA-364-1-683x1024.jpg 683w, https:\/\/traildoqueijo.pt\/wp-content\/uploads\/2026\/08\/ADRIANA-364-1-768x1152.jpg 768w, https:\/\/traildoqueijo.pt\/wp-content\/uploads\/2026\/08\/ADRIANA-364-1-1024x1536.jpg 1024w, https:\/\/traildoqueijo.pt\/wp-content\/uploads\/2026\/08\/ADRIANA-364-1-600x900.jpg 600w\" sizes=\"auto, (max-width: 1365px) 100vw, 1365px\" \/>\t\t\t\t\t\t<\/div>\n<\/div>\n<div class=\"vc_empty_space\"   style=\"height: 62px\"><span class=\"vc_empty_space_inner\"><\/span><\/div><div class=\"mkdf-single-image-holder\">\n\t<div class=\"mkdf-si-inner\" >\n\t\t\t\t\t\t\t\t\t<img loading=\"lazy\" decoding=\"async\" width=\"1365\" height=\"2048\" src=\"https:\/\/traildoqueijo.pt\/wp-content\/uploads\/2026\/08\/ADRIANA-393.jpg\" class=\"attachment-full size-full\" alt=\"\" srcset=\"https:\/\/traildoqueijo.pt\/wp-content\/uploads\/2026\/08\/ADRIANA-393.jpg 1365w, https:\/\/traildoqueijo.pt\/wp-content\/uploads\/2026\/08\/ADRIANA-393-200x300.jpg 200w, https:\/\/traildoqueijo.pt\/wp-content\/uploads\/2026\/08\/ADRIANA-393-683x1024.jpg 683w, https:\/\/traildoqueijo.pt\/wp-content\/uploads\/2026\/08\/ADRIANA-393-768x1152.jpg 768w, https:\/\/traildoqueijo.pt\/wp-content\/uploads\/2026\/08\/ADRIANA-393-1024x1536.jpg 1024w, https:\/\/traildoqueijo.pt\/wp-content\/uploads\/2026\/08\/ADRIANA-393-600x900.jpg 600w\" sizes=\"auto, (max-width: 1365px) 100vw, 1365px\" \/>\t\t\t\t\t\t<\/div>\n<\/div>\n<div class=\"vc_empty_space\"   style=\"height: 62px\"><span class=\"vc_empty_space_inner\"><\/span><\/div><div class=\"mkdf-single-image-holder\">\n\t<div class=\"mkdf-si-inner\" >\n\t\t\t\t\t\t\t\t\t<img loading=\"lazy\" decoding=\"async\" width=\"2048\" height=\"1365\" src=\"https:\/\/traildoqueijo.pt\/wp-content\/uploads\/2026\/08\/ADRIANA-1.jpg\" class=\"attachment-full size-full\" alt=\"\" srcset=\"https:\/\/traildoqueijo.pt\/wp-content\/uploads\/2026\/08\/ADRIANA-1.jpg 2048w, https:\/\/traildoqueijo.pt\/wp-content\/uploads\/2026\/08\/ADRIANA-1-300x200.jpg 300w, https:\/\/traildoqueijo.pt\/wp-content\/uploads\/2026\/08\/ADRIANA-1-1024x683.jpg 1024w, https:\/\/traildoqueijo.pt\/wp-content\/uploads\/2026\/08\/ADRIANA-1-768x512.jpg 768w, https:\/\/traildoqueijo.pt\/wp-content\/uploads\/2026\/08\/ADRIANA-1-1536x1024.jpg 1536w, https:\/\/traildoqueijo.pt\/wp-content\/uploads\/2026\/08\/ADRIANA-1-600x400.jpg 600w\" sizes=\"auto, (max-width: 2048px) 100vw, 2048px\" \/>\t\t\t\t\t\t<\/div>\n<\/div>\n<div class=\"vc_empty_space\"   style=\"height: 95px\"><span class=\"vc_empty_space_inner\"><\/span><\/div><div class=\"mkdf-single-image-holder\">\n\t<div class=\"mkdf-si-inner\" >\n\t\t\t\t\t\t\t\t\t<img loading=\"lazy\" decoding=\"async\" width=\"2048\" height=\"1365\" src=\"https:\/\/traildoqueijo.pt\/wp-content\/uploads\/2026\/08\/ADRIANA-391.jpg\" class=\"attachment-full size-full\" alt=\"\" srcset=\"https:\/\/traildoqueijo.pt\/wp-content\/uploads\/2026\/08\/ADRIANA-391.jpg 2048w, https:\/\/traildoqueijo.pt\/wp-content\/uploads\/2026\/08\/ADRIANA-391-300x200.jpg 300w, https:\/\/traildoqueijo.pt\/wp-content\/uploads\/2026\/08\/ADRIANA-391-1024x683.jpg 1024w, https:\/\/traildoqueijo.pt\/wp-content\/uploads\/2026\/08\/ADRIANA-391-768x512.jpg 768w, https:\/\/traildoqueijo.pt\/wp-content\/uploads\/2026\/08\/ADRIANA-391-1536x1024.jpg 1536w, https:\/\/traildoqueijo.pt\/wp-content\/uploads\/2026\/08\/ADRIANA-391-600x400.jpg 600w\" sizes=\"auto, (max-width: 2048px) 100vw, 2048px\" \/>\t\t\t\t\t\t<\/div>\n<\/div>\n<div class=\"vc_empty_space\"   style=\"height: 95px\"><span class=\"vc_empty_space_inner\"><\/span><\/div><div class=\"mkdf-single-image-holder\">\n\t<div class=\"mkdf-si-inner\" >\n\t\t\t\t\t\t\t\t\t<img loading=\"lazy\" decoding=\"async\" width=\"2048\" height=\"1365\" src=\"https:\/\/traildoqueijo.pt\/wp-content\/uploads\/2026\/08\/ADRIANA-438.jpg\" class=\"attachment-full size-full\" alt=\"\" srcset=\"https:\/\/traildoqueijo.pt\/wp-content\/uploads\/2026\/08\/ADRIANA-438.jpg 2048w, https:\/\/traildoqueijo.pt\/wp-content\/uploads\/2026\/08\/ADRIANA-438-300x200.jpg 300w, https:\/\/traildoqueijo.pt\/wp-content\/uploads\/2026\/08\/ADRIANA-438-1024x683.jpg 1024w, https:\/\/traildoqueijo.pt\/wp-content\/uploads\/2026\/08\/ADRIANA-438-768x512.jpg 768w, https:\/\/traildoqueijo.pt\/wp-content\/uploads\/2026\/08\/ADRIANA-438-1536x1024.jpg 1536w, https:\/\/traildoqueijo.pt\/wp-content\/uploads\/2026\/08\/ADRIANA-438-600x400.jpg 600w\" sizes=\"auto, (max-width: 2048px) 100vw, 2048px\" \/>\t\t\t\t\t\t<\/div>\n<\/div>\n<div class=\"vc_empty_space\"   style=\"height: 95px\"><span class=\"vc_empty_space_inner\"><\/span><\/div><div class=\"mkdf-single-image-holder\">\n\t<div class=\"mkdf-si-inner\" >\n\t\t\t\t\t\t\t\t\t<img loading=\"lazy\" decoding=\"async\" width=\"2048\" height=\"1365\" src=\"https:\/\/traildoqueijo.pt\/wp-content\/uploads\/2026\/08\/ADRIANA-454.jpg\" class=\"attachment-full size-full\" alt=\"\" srcset=\"https:\/\/traildoqueijo.pt\/wp-content\/uploads\/2026\/08\/ADRIANA-454.jpg 2048w, https:\/\/traildoqueijo.pt\/wp-content\/uploads\/2026\/08\/ADRIANA-454-300x200.jpg 300w, https:\/\/traildoqueijo.pt\/wp-content\/uploads\/2026\/08\/ADRIANA-454-1024x683.jpg 1024w, https:\/\/traildoqueijo.pt\/wp-content\/uploads\/2026\/08\/ADRIANA-454-768x512.jpg 768w, https:\/\/traildoqueijo.pt\/wp-content\/uploads\/2026\/08\/ADRIANA-454-1536x1024.jpg 1536w, https:\/\/traildoqueijo.pt\/wp-content\/uploads\/2026\/08\/ADRIANA-454-600x400.jpg 600w\" sizes=\"auto, (max-width: 2048px) 100vw, 2048px\" \/>\t\t\t\t\t\t<\/div>\n<\/div>\n<\/div><\/div><\/div><div class=\"wpb_column vc_column_container vc_col-sm-10 vc_col-lg-offset-0 vc_col-lg-6 vc_col-md-offset-1 vc_col-md-10 vc_col-sm-offset-1 vc_col-xs-12\"><div class=\"vc_column-inner\"><div class=\"wpb_wrapper\"><div class=\"mkdf-single-image-holder\">\n\t<div class=\"mkdf-si-inner\" >\n\t\t\t\t\t\t\t\t\t<img loading=\"lazy\" decoding=\"async\" width=\"1365\" height=\"2048\" src=\"https:\/\/traildoqueijo.pt\/wp-content\/uploads\/2026\/08\/ADRIANA-380.jpg\" class=\"attachment-full size-full\" alt=\"\" srcset=\"https:\/\/traildoqueijo.pt\/wp-content\/uploads\/2026\/08\/ADRIANA-380.jpg 1365w, https:\/\/traildoqueijo.pt\/wp-content\/uploads\/2026\/08\/ADRIANA-380-200x300.jpg 200w, https:\/\/traildoqueijo.pt\/wp-content\/uploads\/2026\/08\/ADRIANA-380-683x1024.jpg 683w, https:\/\/traildoqueijo.pt\/wp-content\/uploads\/2026\/08\/ADRIANA-380-768x1152.jpg 768w, https:\/\/traildoqueijo.pt\/wp-content\/uploads\/2026\/08\/ADRIANA-380-1024x1536.jpg 1024w, https:\/\/traildoqueijo.pt\/wp-content\/uploads\/2026\/08\/ADRIANA-380-600x900.jpg 600w\" sizes=\"auto, (max-width: 1365px) 100vw, 1365px\" \/>\t\t\t\t\t\t<\/div>\n<\/div>\n<div class=\"vc_empty_space\"   style=\"height: 62px\"><span class=\"vc_empty_space_inner\"><\/span><\/div><div class=\"mkdf-single-image-holder\">\n\t<div class=\"mkdf-si-inner\" >\n\t\t\t\t\t\t\t\t\t<img loading=\"lazy\" decoding=\"async\" width=\"1441\" height=\"2560\" src=\"https:\/\/traildoqueijo.pt\/wp-content\/uploads\/2026\/08\/JOAO-259-scaled.jpg\" class=\"attachment-full size-full\" alt=\"\" srcset=\"https:\/\/traildoqueijo.pt\/wp-content\/uploads\/2026\/08\/JOAO-259-scaled.jpg 1441w, https:\/\/traildoqueijo.pt\/wp-content\/uploads\/2026\/08\/JOAO-259-169x300.jpg 169w, https:\/\/traildoqueijo.pt\/wp-content\/uploads\/2026\/08\/JOAO-259-576x1024.jpg 576w, https:\/\/traildoqueijo.pt\/wp-content\/uploads\/2026\/08\/JOAO-259-768x1365.jpg 768w, https:\/\/traildoqueijo.pt\/wp-content\/uploads\/2026\/08\/JOAO-259-864x1536.jpg 864w, https:\/\/traildoqueijo.pt\/wp-content\/uploads\/2026\/08\/JOAO-259-1153x2048.jpg 1153w, https:\/\/traildoqueijo.pt\/wp-content\/uploads\/2026\/08\/JOAO-259-600x1066.jpg 600w\" sizes=\"auto, (max-width: 1441px) 100vw, 1441px\" \/>\t\t\t\t\t\t<\/div>\n<\/div>\n<div class=\"vc_empty_space\"   style=\"height: 62px\"><span class=\"vc_empty_space_inner\"><\/span><\/div><div class=\"mkdf-single-image-holder\">\n\t<div class=\"mkdf-si-inner\" >\n\t\t\t\t\t\t\t\t\t<img loading=\"lazy\" decoding=\"async\" width=\"2048\" height=\"1365\" src=\"https:\/\/traildoqueijo.pt\/wp-content\/uploads\/2026\/08\/ADRIANA-388.jpg\" class=\"attachment-full size-full\" alt=\"\" srcset=\"https:\/\/traildoqueijo.pt\/wp-content\/uploads\/2026\/08\/ADRIANA-388.jpg 2048w, https:\/\/traildoqueijo.pt\/wp-content\/uploads\/2026\/08\/ADRIANA-388-300x200.jpg 300w, https:\/\/traildoqueijo.pt\/wp-content\/uploads\/2026\/08\/ADRIANA-388-1024x683.jpg 1024w, https:\/\/traildoqueijo.pt\/wp-content\/uploads\/2026\/08\/ADRIANA-388-768x512.jpg 768w, https:\/\/traildoqueijo.pt\/wp-content\/uploads\/2026\/08\/ADRIANA-388-1536x1024.jpg 1536w, https:\/\/traildoqueijo.pt\/wp-content\/uploads\/2026\/08\/ADRIANA-388-600x400.jpg 600w\" sizes=\"auto, (max-width: 2048px) 100vw, 2048px\" \/>\t\t\t\t\t\t<\/div>\n<\/div>\n<div class=\"vc_empty_space\"   style=\"height: 16px\"><span class=\"vc_empty_space_inner\"><\/span><\/div><div class=\"mkdf-single-image-holder\">\n\t<div class=\"mkdf-si-inner\" >\n\t\t\t\t\t\t\t\t\t<img loading=\"lazy\" decoding=\"async\" width=\"2048\" height=\"1365\" src=\"https:\/\/traildoqueijo.pt\/wp-content\/uploads\/2026\/08\/ADRIANA-429.jpg\" class=\"attachment-full size-full\" alt=\"\" srcset=\"https:\/\/traildoqueijo.pt\/wp-content\/uploads\/2026\/08\/ADRIANA-429.jpg 2048w, https:\/\/traildoqueijo.pt\/wp-content\/uploads\/2026\/08\/ADRIANA-429-300x200.jpg 300w, https:\/\/traildoqueijo.pt\/wp-content\/uploads\/2026\/08\/ADRIANA-429-1024x683.jpg 1024w, https:\/\/traildoqueijo.pt\/wp-content\/uploads\/2026\/08\/ADRIANA-429-768x512.jpg 768w, https:\/\/traildoqueijo.pt\/wp-content\/uploads\/2026\/08\/ADRIANA-429-1536x1024.jpg 1536w, https:\/\/traildoqueijo.pt\/wp-content\/uploads\/2026\/08\/ADRIANA-429-600x400.jpg 600w\" sizes=\"auto, (max-width: 2048px) 100vw, 2048px\" \/>\t\t\t\t\t\t<\/div>\n<\/div>\n<div class=\"vc_empty_space\"   style=\"height: 95px\"><span class=\"vc_empty_space_inner\"><\/span><\/div><div class=\"mkdf-single-image-holder\">\n\t<div class=\"mkdf-si-inner\" >\n\t\t\t\t\t\t\t\t\t<img loading=\"lazy\" decoding=\"async\" width=\"2048\" height=\"1365\" src=\"https:\/\/traildoqueijo.pt\/wp-content\/uploads\/2026\/08\/ADRIANA-448.jpg\" class=\"attachment-full size-full\" alt=\"\" srcset=\"https:\/\/traildoqueijo.pt\/wp-content\/uploads\/2026\/08\/ADRIANA-448.jpg 2048w, https:\/\/traildoqueijo.pt\/wp-content\/uploads\/2026\/08\/ADRIANA-448-300x200.jpg 300w, https:\/\/traildoqueijo.pt\/wp-content\/uploads\/2026\/08\/ADRIANA-448-1024x683.jpg 1024w, https:\/\/traildoqueijo.pt\/wp-content\/uploads\/2026\/08\/ADRIANA-448-768x512.jpg 768w, https:\/\/traildoqueijo.pt\/wp-content\/uploads\/2026\/08\/ADRIANA-448-1536x1024.jpg 1536w, https:\/\/traildoqueijo.pt\/wp-content\/uploads\/2026\/08\/ADRIANA-448-600x400.jpg 600w\" sizes=\"auto, (max-width: 2048px) 100vw, 2048px\" \/>\t\t\t\t\t\t<\/div>\n<\/div>\n<div class=\"vc_empty_space\"   style=\"height: 95px\"><span class=\"vc_empty_space_inner\"><\/span><\/div><div class=\"mkdf-single-image-holder\">\n\t<div class=\"mkdf-si-inner\" >\n\t\t\t\t\t\t\t\t\t<img loading=\"lazy\" decoding=\"async\" width=\"2048\" height=\"1365\" src=\"https:\/\/traildoqueijo.pt\/wp-content\/uploads\/2026\/08\/ultima-ADRIANA-433.jpg\" class=\"attachment-full size-full\" alt=\"\" srcset=\"https:\/\/traildoqueijo.pt\/wp-content\/uploads\/2026\/08\/ultima-ADRIANA-433.jpg 2048w, https:\/\/traildoqueijo.pt\/wp-content\/uploads\/2026\/08\/ultima-ADRIANA-433-300x200.jpg 300w, https:\/\/traildoqueijo.pt\/wp-content\/uploads\/2026\/08\/ultima-ADRIANA-433-1024x683.jpg 1024w, https:\/\/traildoqueijo.pt\/wp-content\/uploads\/2026\/08\/ultima-ADRIANA-433-768x512.jpg 768w, https:\/\/traildoqueijo.pt\/wp-content\/uploads\/2026\/08\/ultima-ADRIANA-433-1536x1024.jpg 1536w, https:\/\/traildoqueijo.pt\/wp-content\/uploads\/2026\/08\/ultima-ADRIANA-433-600x400.jpg 600w\" sizes=\"auto, (max-width: 2048px) 100vw, 2048px\" \/>\t\t\t\t\t\t<\/div>\n<\/div>\n<div class=\"vc_empty_space\"   style=\"height: 95px\"><span class=\"vc_empty_space_inner\"><\/span><\/div><\/div><\/div><\/div><\/div><\/div><\/div><\/div><\/div><\/div><\/div><\/div><\/div><div class=\"mkdf-row-grid-section-wrapper mkdf-content-aligment-center\"  style=\"background-color:#fa471c\"><div class=\"mkdf-row-grid-section\"><div class=\"vc_row wpb_row vc_row-fluid mkdf-wpcf7-output vc_custom_1520501942827\" ><div class=\"wpb_column vc_column_container vc_col-sm-12 vc_col-lg-offset-3 vc_col-lg-6 vc_col-md-offset-1 vc_col-md-10 vc_col-sm-offset-0 vc_col-xs-12\"><div class=\"vc_column-inner\"><div class=\"wpb_wrapper\">\n\t<div class=\"wpb_text_column wpb_content_element\" >\n\t\t<div class=\"wpb_wrapper\">\n\t\t\t<h5><span style=\"color: #ffffff;\">Com esta equipa fant\u00e1stica quero inscrever-me!<\/span><\/h5>\n\n\t\t<\/div>\n\t<\/div>\n<div class=\"vc_empty_space\"   style=\"height: 25px\"><span class=\"vc_empty_space_inner\"><\/span><\/div><a itemprop=\"url\" href=\"https:\/\/acorrer.pt\/eventos\/4165\/info\" target=\"_self\"  class=\"mkdf-btn mkdf-btn-medium mkdf-btn-solid mkdf-btn-separate-border\"  >\n\t\t\t<span class=\"mkdf-btn-sep-border\" ><\/span>\n\t    <span class=\"mkdf-btn-text\">Inscrever-me!<\/span>\n\t<\/a><\/div><\/div><\/div><\/div><\/div><\/div>\n<\/section>","protected":false},"excerpt":{"rendered":"Quem somos? Este \u00e9 o trail mais ocidental da Europa e a primeira prova de trail run organizada na ilha das Flores. \u00c9 um evento para amantes do trail \u00a0e da caminhada, do contacto com a natureza e da partilha [...]","protected":false},"author":1,"featured_media":3872,"parent":0,"menu_order":0,"comment_status":"closed","ping_status":"closed","template":"full-width.php","meta":{"footnotes":""},"folder":[],"class_list":["post-687","page","type-page","status-publish","has-post-thumbnail","hentry"],"_links":{"self":[{"href":"https:\/\/traildoqueijo.pt\/pt\/wp-json\/wp\/v2\/pages\/687","targetHints":{"allow":["GET"]}}],"collection":[{"href":"https:\/\/traildoqueijo.pt\/pt\/wp-json\/wp\/v2\/pages"}],"about":[{"href":"https:\/\/traildoqueijo.pt\/pt\/wp-json\/wp\/v2\/types\/page"}],"author":[{"embeddable":true,"href":"https:\/\/traildoqueijo.pt\/pt\/wp-json\/wp\/v2\/users\/1"}],"replies":[{"embeddable":true,"href":"https:\/\/traildoqueijo.pt\/pt\/wp-json\/wp\/v2\/comments?post=687"}],"version-history":[{"count":105,"href":"https:\/\/traildoqueijo.pt\/pt\/wp-json\/wp\/v2\/pages\/687\/revisions"}],"predecessor-version":[{"id":5681,"href":"https:\/\/traildoqueijo.pt\/pt\/wp-json\/wp\/v2\/pages\/687\/revisions\/5681"}],"wp:featuredmedia":[{"embeddable":true,"href":"https:\/\/traildoqueijo.pt\/pt\/wp-json\/wp\/v2\/media\/3872"}],"wp:attachment":[{"href":"https:\/\/traildoqueijo.pt\/pt\/wp-json\/wp\/v2\/media?parent=687"}],"wp:term":[{"taxonomy":"folder","embeddable":true,"href":"https:\/\/traildoqueijo.pt\/pt\/wp-json\/wp\/v2\/folder?post=687"}],"curies":[{"name":"wp","href":"https:\/\/api.w.org\/{rel}","templated":true}]}}